{"id":940,"date":"2021-04-16T10:57:18","date_gmt":"2021-04-16T08:57:18","guid":{"rendered":"http:\/\/beethoven.org.pl\/recenzje\/?page_id=940"},"modified":"2021-04-16T10:57:18","modified_gmt":"2021-04-16T08:57:18","slug":"lukasz-krupinski-poezja-i-dramat-sfera-sacrum-w-warszawie","status":"publish","type":"page","link":"https:\/\/beethoven.org.pl\/recenzje\/lukasz-krupinski-espressione-from-bolzano-to-san-marino-haydn-chopin-skrabin-dux\/lukasz-krupinski-poezja-i-dramat-sfera-sacrum-w-warszawie\/","title":{"rendered":"\u0141ukasz Krupi\u0144ski. Poezja i dramat. Sfera sacrum w Warszawie"},"content":{"rendered":"<p>Christopher Axworthy<\/p>\n<p>&nbsp;<\/p>\n<p>Marzec 2021 roku jest czasem szczeg\u00f3lnym z uwagi na 25. jubileuszow\u0105 edycj\u0119 Wielkanocnego Festiwalu Ludwiga van Beethovena, podczas kt\u00f3rej uczczona zostanie r\u00f3wnie\u017c pami\u0119\u0107 wielkiego polskiego kompozytora, Krzysztofa Pendereckiego. Wiod\u0105ce instytucje kulturalne, mi\u0119dzynarodowi arty\u015bci, bliscy przyjaciele Maestro i El\u017cbiety Pendereckiej, arty\u015bci zwi\u0105zani z Impresariatem, wszyscy pracownicy Stowarzyszenia im. Ludwiga van Beethovena pragn\u0105 z\u0142o\u017cy\u0107 ho\u0142d temu niezwyk\u0142emu kompozytorowi, dyrygentowi, wielkiemu cz\u0142owiekowi.<\/p>\n<p>W otwieraj\u0105cym recital Preludium b-moll Bacha, \u0141ukasz Krupi\u0144ski zaprezentowa\u0142 znakomit\u0105 gr\u0119, pi\u0119kne, klarowne brzmienie, wywo\u0142uj\u0105ce poczucie t\u0119sknoty. Wspania\u0142y utw\u00f3r wyr\u00f3\u017cnia\u0142 si\u0119 p\u0142ynno\u015bci\u0105, architektonicznym kszta\u0142tem i zjawiskowo pi\u0119kn\u0105 kod\u0105, przechodz\u0105c w r\u00f3wnie pi\u0119kn\u0105 pi\u0119ciocz\u0119\u015bciow\u0105 fug\u0119, w kt\u00f3rej po\u0142\u0105czone g\u0142osy z zapieraj\u0105cymi dech niskimi tonami doprowadzi\u0142y ten niezr\u00f3wnany, dramatyczny kontrapunkt do stosownego zako\u0144czenia, dedykowanego pami\u0119ci Krzysztofa Pendereckiego.<\/p>\n<p>\u015awietnego wykonania doczeka\u0142a si\u0119 Sonata op. 57 Beethovena (\u201eAppassionata\u201d), kt\u00f3rej poszarpane kraw\u0119dzie zosta\u0142y wyg\u0142adzone wykonaniem pe\u0142nym poezji i dramatu. Dawno nie s\u0142ysza\u0142em tak pi\u0119knego wykonania, znakomicie kontrastuj\u0105cego z dramatycznymi przyp\u0142ywami wirtuozerii, lecz zawsze mieszcz\u0105cego si\u0119 w architektonicznym kszta\u0142cie utworu. Skrupulatnie przestrzegaj\u0105c wskaz\u00f3wek kompozytora, artysta znalaz\u0142 miejsce, by pokaza\u0107 swoj\u0105 w\u0142asn\u0105 osobowo\u015b\u0107, kt\u00f3ra wnios\u0142a nowe \u017cycie do tego tak ogranego utworu. Pi\u0119knie p\u0142yn\u0105ce Andante con moto o wspania\u0142ych barwach w bardziej potoczystych wariacjach, a\u017c po ko\u0144cowy akord pianissimo, b\u0119d\u0105cy osza\u0142amiaj\u0105c\u0105 zapowiedzi\u0105 Allegro ma non troppo. Ostatnia cz\u0119\u015b\u0107 zagrana z odpowiedni\u0105 dawk\u0105 mroczno\u015bci, jednak nawet tutaj wida\u0107 by\u0142o pi\u0119kno w poetyckich r\u0119kach m\u0142odego artysty. Je\u017celi czasami interpretowa\u0142 pauzy kompozytora zbyt dos\u0142ownie, zawsze s\u0142u\u017cy\u0142o to jakiemu\u015b muzycznemu argumentowi, np. po otwieraj\u0105cym trylu w pierwszej cz\u0119\u015bci czy \u00f3semkach w pierwszej wariacji Andante, lub w ostatniej cz\u0119\u015bci, gdzie, co dziwne, nie trzyma\u0142 si\u0119 wskaz\u00f3wek Beethovena dotycz\u0105cych peda\u0142owania. To drobne szczeg\u00f3\u0142y tego inspiruj\u0105cego wykonania, podczas kt\u00f3rego prawdziwy poeta wydobywa\u0142 z fortepianu pi\u0119kne brzmienia.<\/p>\n<p>Arystokratyczny smak Poloneza-fantazji Chopina, w kt\u00f3rym polonez wyp\u0142ywa\u0142 z fantazji rozpromienionych d\u017awi\u0119k\u00f3w, kt\u00f3re pianista wydobywa\u0142 od pocz\u0105tkowych akord\u00f3w, tak cudownie roz\u0142o\u017conych przez Chopina niczym wibrowanie po ca\u0142ej klawiaturze. Da\u0142o si\u0119 wyczu\u0107 cudown\u0105 r\u00f3wnowag\u0119 cz\u0119\u015bci \u015brodkowej, gdzie linia melodyczna unosi\u0142a si\u0119 nad basowymi kontrapunktami. G\u0142\u0119bokie nuty basowe uwalnia\u0142y magi\u0119 g\u00f3rnych rejestr\u00f3w. Ozdobniki, kt\u00f3re wyp\u0142ywa\u0142y tak naturalnie z linii melodycznej na jednym oddechu, zupe\u0142nie jak u najwi\u0119kszych \u015bpiewak\u00f3w bel canto. Ko\u0144cowe triumfalne uniesienia wydawa\u0142y si\u0119 troch\u0119 za wolne i po tak niezwykle pi\u0119knej grze s\u0105dz\u0119, \u017ce pianista powinien by\u0142 jednak ca\u0142kowicie zauroczy\u0107 nas swoim \u017carliwym wykonaniem.<\/p>\n<p>Co powiedzie\u0107 o demonicznej III Sonacie Prokofiewa, zagranej z tak\u0105 bieg\u0142o\u015bci\u0105? Kalejdoskop d\u017awi\u0119k\u00f3w, od najdelikatniejszych po najbardziej obezw\u0142adniaj\u0105ce, r\u00f3wnie\u017c tutaj pianista da\u0142 si\u0119 ponie\u015b\u0107 swojemu temperamentowi, racz\u0105c nas urzekaj\u0105cymi emocjami ostatnich kilku takt\u00f3w.<\/p>\n<p>&nbsp;<\/p>\n<p>https:\/\/christopheraxworthymusiccommentary.wordpress.com\/2019\/03\/15\/lukasz-krupinski-at-st-marys\/<\/p>","protected":false},"excerpt":{"rendered":"<p>Christopher Axworthy &nbsp; Marzec 2021 roku jest czasem szczeg\u00f3lnym z uwagi na 25. jubileuszow\u0105 edycj\u0119 Wielkanocnego Festiwalu Ludwiga van Beethovena, podczas kt\u00f3rej uczczona zostanie r\u00f3wnie\u017c pami\u0119\u0107 wielkiego polskiego kompozytora, Krzysztofa Pendereckiego. Wiod\u0105ce instytucje kulturalne, mi\u0119dzynarodowi arty\u015bci, bliscy przyjaciele Maestro i El\u017cbiety Pendereckiej, arty\u015bci zwi\u0105zani z Impresariatem, wszyscy pracownicy Stowarzyszenia im. Ludwiga van Beethovena pragn\u0105 z\u0142o\u017cy\u0107 [&hellip;]<\/p>\n","protected":false},"author":2,"featured_media":0,"parent":547,"menu_order":0,"comment_status":"closed","ping_status":"closed","template":"","meta":{"footnotes":""},"class_list":["post-940","page","type-page","status-publish","hentry"],"_links":{"self":[{"href":"https:\/\/beethoven.org.pl\/recenzje\/wp-json\/wp\/v2\/pages\/940","targetHints":{"allow":["GET"]}}],"collection":[{"href":"https:\/\/beethoven.org.pl\/recenzje\/wp-json\/wp\/v2\/pages"}],"about":[{"href":"https:\/\/beethoven.org.pl\/recenzje\/wp-json\/wp\/v2\/types\/page"}],"author":[{"embeddable":true,"href":"https:\/\/beethoven.org.pl\/recenzje\/wp-json\/wp\/v2\/users\/2"}],"replies":[{"embeddable":true,"href":"https:\/\/beethoven.org.pl\/recenzje\/wp-json\/wp\/v2\/comments?post=940"}],"version-history":[{"count":1,"href":"https:\/\/beethoven.org.pl\/recenzje\/wp-json\/wp\/v2\/pages\/940\/revisions"}],"predecessor-version":[{"id":941,"href":"https:\/\/beethoven.org.pl\/recenzje\/wp-json\/wp\/v2\/pages\/940\/revisions\/941"}],"up":[{"embeddable":true,"href":"https:\/\/beethoven.org.pl\/recenzje\/wp-json\/wp\/v2\/pages\/547"}],"wp:attachment":[{"href":"https:\/\/beethoven.org.pl\/recenzje\/wp-json\/wp\/v2\/media?parent=940"}],"curies":[{"name":"wp","href":"https:\/\/api.w.org\/{rel}","templated":true}]}}