{"id":92,"date":"2016-12-01T11:27:16","date_gmt":"2016-12-01T10:27:16","guid":{"rendered":"http:\/\/dev.yoho.pl\/beethoven\/recenzje\/?page_id=92"},"modified":"2016-12-02T12:50:28","modified_gmt":"2016-12-02T11:50:28","slug":"raul-pino-ichazo-terrazas-el-diario-16-maja-2011-la-paz-boliwia","status":"publish","type":"page","link":"https:\/\/beethoven.org.pl\/recenzje\/raul-pino-ichazo-terrazas-el-diario-16-maja-2011-la-paz-boliwia\/","title":{"rendered":"Ra\u00fal Pino-Ichazo Terrazas &#8222;El Diario&#8221;, 16 maja 2011, La Paz, Boliwia"},"content":{"rendered":"<p>Circulo de la Union, klub dla elit La Paz, w kt\u00f3rym mia\u0142 miejsce koncert, patronowa\u0142 recitalowi na skrzypce solo polskiej skrzypaczki\u00a0 Patrycji Piekutowskiej.<\/p>\n<p>Artystka rozpocz\u0119\u0142a sw\u00f3j ambitny pod wzgl\u0119dem doboru programu wyst\u0119p od Capriccio Polacco G. Bacewicz, nast\u0119pnie wykona\u0142a Chaccone J. S. Bacha, po kt\u00f3rych publiczno\u015b\u0107 zareagowa\u0142a gor\u0105cymi brawami nagradzaj\u0105c wirtuozeri\u0119 artystki.<\/p>\n<p><strong>Znakomita Patrycja potrafi wydoby\u0107 z instrumentu wszystko.<\/strong> Skrzypaczka ukazywa\u0142a niezwyk\u0142\u0105 gam\u0119 r\u00f3\u017cnorodnych d\u017awi\u0119k\u00f3w, \u00a0zw\u0142aszcza przy wykonaniu szalonego Images II Mariana Borowskiego zapisanego na papierze milimetrowym oraz Adi\u00f3s No\u00f1ino \u00a0Astora Piazzolla.<\/p>\n<p>Piekutowska \u015bwietnie czuje sw\u00f3j instrument i <strong>ca\u0142kowicie podporz\u0105dkowuje go sobie graj\u0105c perfekcyjnie pod wzgl\u0119dem intonacyjnym<\/strong>. \u015arodki techniczne i wykonawcze tej wybitnej skrzypaczki by\u0142y niezwykle wszechstronne, a na dzisiejszym s\u0142uchaczy zachwyca\u0142a r\u00f3wnie\u017c jej wielka dojrza\u0142o\u015b\u0107 artystyczna.<\/p>\n<p><strong>Wybitna artystka przekona\u0142a do siebie blisko 300. osobow\u0105 widowni\u0119 sali koncertowej do \u015brodk\u00f3w przekazu, kt\u00f3rymi dysponuje, prezentuj\u0105c\u00a0 nieskazitelny wyst\u0119p.<\/strong><\/p>\n<p>Podczas ca\u0142ego koncertu polska skrzypaczka precyzyjnie pobudza\u0142a wibracje strun skrzypiec, kt\u00f3re porusza\u0142y z harmoni\u0105 powietrze, docieraj\u0105c do naszego s\u0142uchu z \u0142agodn\u0105 harmoni\u0105. <strong>Piekutowska doskonale potrafi kszta\u0142towa\u0107 d\u017awi\u0119k, zmienia\u0107 jego intensywno\u015b\u0107 i barw\u0119. <\/strong><\/p>\n<p>Owacjom nie by\u0142o ko\u0144ca, a po wys\u0142uchaniu dw\u00f3ch bis\u00f3w w kuluarach m\u00f3wi\u0142o si\u0119 o ponownym zaproszeniu tej niezwyk\u0142ej Artystki do La Paz, tym razem na koncerty z nasza orkiestr\u0105 symfoniczn\u0105.<\/p>","protected":false},"excerpt":{"rendered":"<p>Circulo de la Union, klub dla elit La Paz, w kt\u00f3rym mia\u0142 miejsce koncert, patronowa\u0142 recitalowi na skrzypce solo polskiej skrzypaczki\u00a0 Patrycji Piekutowskiej. Artystka rozpocz\u0119\u0142a sw\u00f3j ambitny pod wzgl\u0119dem doboru programu wyst\u0119p od Capriccio Polacco G. Bacewicz, nast\u0119pnie wykona\u0142a Chaccone J. S. Bacha, po kt\u00f3rych publiczno\u015b\u0107 zareagowa\u0142a gor\u0105cymi brawami nagradzaj\u0105c wirtuozeri\u0119 artystki. Znakomita Patrycja potrafi [&hellip;]<\/p>\n","protected":false},"author":2,"featured_media":0,"parent":0,"menu_order":0,"comment_status":"closed","ping_status":"closed","template":"","meta":{"footnotes":""},"class_list":["post-92","page","type-page","status-publish","hentry"],"_links":{"self":[{"href":"https:\/\/beethoven.org.pl\/recenzje\/wp-json\/wp\/v2\/pages\/92","targetHints":{"allow":["GET"]}}],"collection":[{"href":"https:\/\/beethoven.org.pl\/recenzje\/wp-json\/wp\/v2\/pages"}],"about":[{"href":"https:\/\/beethoven.org.pl\/recenzje\/wp-json\/wp\/v2\/types\/page"}],"author":[{"embeddable":true,"href":"https:\/\/beethoven.org.pl\/recenzje\/wp-json\/wp\/v2\/users\/2"}],"replies":[{"embeddable":true,"href":"https:\/\/beethoven.org.pl\/recenzje\/wp-json\/wp\/v2\/comments?post=92"}],"version-history":[{"count":1,"href":"https:\/\/beethoven.org.pl\/recenzje\/wp-json\/wp\/v2\/pages\/92\/revisions"}],"predecessor-version":[{"id":93,"href":"https:\/\/beethoven.org.pl\/recenzje\/wp-json\/wp\/v2\/pages\/92\/revisions\/93"}],"wp:attachment":[{"href":"https:\/\/beethoven.org.pl\/recenzje\/wp-json\/wp\/v2\/media?parent=92"}],"curies":[{"name":"wp","href":"https:\/\/api.w.org\/{rel}","templated":true}]}}