{"id":783,"date":"2019-04-13T10:10:14","date_gmt":"2019-04-13T08:10:14","guid":{"rendered":"http:\/\/beethoven.org.pl\/recenzje\/?page_id=783"},"modified":"2019-04-17T22:54:10","modified_gmt":"2019-04-17T20:54:10","slug":"nordyckie-cuda","status":"publish","type":"page","link":"https:\/\/beethoven.org.pl\/recenzje\/nordyckie-cuda\/","title":{"rendered":"Nordyckie cuda"},"content":{"rendered":"<p><img loading=\"lazy\" decoding=\"async\" class=\"alignnone  wp-image-814\" src=\"http:\/\/beethoven.org.pl\/recenzje\/wp-content\/uploads\/sites\/9\/2019\/04\/BF190412_7623-300x200.jpg\" alt=\"\" width=\"810\" height=\"540\" srcset=\"https:\/\/beethoven.org.pl\/recenzje\/wp-content\/uploads\/sites\/9\/2019\/04\/BF190412_7623-300x200.jpg 300w, https:\/\/beethoven.org.pl\/recenzje\/wp-content\/uploads\/sites\/9\/2019\/04\/BF190412_7623-768x512.jpg 768w, https:\/\/beethoven.org.pl\/recenzje\/wp-content\/uploads\/sites\/9\/2019\/04\/BF190412_7623-1024x683.jpg 1024w, https:\/\/beethoven.org.pl\/recenzje\/wp-content\/uploads\/sites\/9\/2019\/04\/BF190412_7623.jpg 1443w\" sizes=\"auto, (max-width: 810px) 100vw, 810px\" \/><\/p>\n<p>Susanna M\u00e4lkki i\u00a0Pekka Kuusisto, fot. Bruno Fidrych<\/p>\n<p>&nbsp;<\/p>\n<p>&nbsp;<\/p>\n<p>1.<\/p>\n<p>Helsi\u0144ska Orkiestra Filharmoniczna by\u0142a pierwsz\u0105 zawodow\u0105 orkiestr\u0105 kraj\u00f3w nordyckich. To w\u0142a\u015bnie ona by\u0142a pierwsz\u0105 wykonawczyni\u0105 wi\u0119kszo\u015bci dzie\u0142 Jeana Sibeliusa, zapocz\u0105tkowuj\u0105c ich wielk\u0105 karier\u0119, trwaj\u0105c\u0105 do dzi\u015b, i promuj\u0105c talent kompozytora. Poemat symfoniczny <i>Finlandia<\/i>, <i>Koncert skrzypcowy<\/i>, symfonie, liczne miniatury fortepianowe \u2013 to utwory Sibeliusa, kt\u00f3re wpisa\u0142y si\u0119 w g\u0142\u00f3wny nurt repertuar\u00f3w filharmonicznych i ciesz\u0105 si\u0119 nies\u0142abn\u0105cym zainteresowaniem meloman\u00f3w. Rzadziej pojawia si\u0119 na estradach poemat symfoniczny\u00a0 <i>En saga<\/i>. Po premierze tego dzie\u0142a (oraz nied\u0142ugo p\u00f3\u017aniej suity i uwertury <i>Karelia<\/i>) Sibelius osi\u0105gn\u0105\u0142 status czo\u0142owego fi\u0144skiego kompozytora. Pierwszego wykonania dokona\u0142a oczywi\u015bcie Helsi\u0144ska Orkiestra Filharmoniczna. Teraz wi\u0119c, na Wielkanocnym Festiwalu Ludwiga van Beethovena, mogli\u015bmy si\u0119 wi\u0119c spodziewa\u0107, \u017ce <i>Saga<\/i> zabrzmi zadowalaj\u0105co.<\/p>\n<p>2.<\/p>\n<p>Ale \u017ceby a\u017c tak? Tak przepi\u0119knie malowa\u0107 surowe skandynawskie krajobrazy i a\u017c tak ujmowa\u0107 perfekcj\u0105 interpretacyjn\u0105 dopracowan\u0105 w ka\u017cdym calu? Takie wieczory, jak ten, zapami\u0119tuje si\u0119 na d\u0142ugo. Orkiestra wiele zawdzi\u0119cza wspania\u0142ej dyrygentce. Susanna M\u00e4lkki pokaza\u0142a tego wieczoru prawdziw\u0105 maestri\u0119 w kszta\u0142towaniu dramatycznego toku utwor\u00f3w. W <i>En saga<\/i> pod jej batut\u0105 orkiestra gra\u0142a z niespotykan\u0105 intensywno\u015bci\u0105, a jednocze\u015bnie oddawa\u0142a si\u0119 brzmieniom w piano najcichszym z mo\u017cliwych, posiadaj\u0105cym zarazem ogromne wewn\u0119trzne napi\u0119cie. Surowy obraz skandynawskiej przyrody, ba\u015bniowe opowie\u015bci o ilustracyjnej narracji (kompozytor inspirowa\u0142 si\u0119 nordyck\u0105 mitologi\u0105) \u2013 mogli\u015bmy to wr\u0119cz \u201ezobaczy\u0107\u201d jak w barwnym filmie. Ta muzyka o quasi-ludowym kolorycie dostarczy\u0142a wielu wspania\u0142ych emocji, mo\u017cna by\u0142o poczu\u0107 to nieoczywiste, ch\u0142odne pi\u0119kno, by\u0107 cz\u0119\u015bci\u0105 ba\u015bniowej opowie\u015bci \u201ewy\u015bpiewanej\u201d brzmieniami dawnej ludowej tradycji. Tak odleg\u0142ej w czasie i przestrzeni, a tak autentycznej i uniwersalnej.<\/p>\n<p>3.<\/p>\n<p>Drugim punktem wieczoru by\u0142 utw\u00f3r z \u017celaznego repertuaru skrzypcowego \u2013 <i>Koncert D-dur<\/i> Piotra Czajkowskiego. Estrad\u0105 zaw\u0142adn\u0105\u0142 fi\u0144ski skrzypek m\u0142odego pokolenia Pekka Kuusisto, posta\u0107 oryginalna i frapuj\u0105ca. Z du\u017cym dystansem odni\u00f3s\u0142 si\u0119 do dzie\u0142a wielkiego romantyka. Gra\u0142 niby od niechcenia, jakby improwizowa\u0142, ale z lekko\u015bci\u0105 i wyrafinowaniem. <i>Koncert<\/i> wydawa\u0142 si\u0119 igraszk\u0105 w jego r\u0119kach. M\u0142ody blondyn w czarnym T-shircie i zwiewnej marynarce-kardiganie m\u00f3g\u0142 si\u0119 publiczno\u015bci bardzo podoba\u0107. To inteligentny artysta, do tego charyzmatyczny. Kuusisto postawi\u0142 na pokazanie raczej nie wielkiego dzie\u0142a wirtuozowskiego, ale samego siebie, swoich prze\u017cy\u0107 i autorskiego \u2013 niestandardowego \u2013 podej\u015bcia do grania mistrzowskiego arcydzie\u0142a. W ko\u0144cu mamy XXI wiek i chyba powinni\u015bmy od\u015bwie\u017ca\u0107 koturnowe wzory interpretacji, czy\u017c nie?<\/p>\n<p>4.<\/p>\n<p>Skrzypek kolejne my\u015bli muzyczne pokazywa\u0142 czasem niby rozproszone, nietypowo scala\u0142 motywy i frazy, jakby partytura by\u0142a tylko pretekstem do czego\u015b ponad to, co jest jej tre\u015bci\u0105. Lotny d\u017awi\u0119k, mi\u0119kki, czasem lekko wibruj\u0105cy od poruszanego wertykalnie smyczka oraz niedba\u0142y d\u017awi\u0119k mia\u0142y w sobie jednak co\u015b uroczego. Swoj\u0105 prawdziwo\u015bci\u0105 ponad konwenansami zdoby\u0142 serca publiczno\u015bci zgromadzonej w Filharmonii Narodowej. Po d\u0142ugich owacjach nie oby\u0142o si\u0119 bez bisu, a z\u0142o\u017cy\u0142 si\u0119 na niego \u2013 zagrany i gwizdany! \u2013 szwedzki utw\u00f3r ludowy <i>Vi s\u00e5lde v\u00e5ra hemman<\/i>, czyli <i>Sprzedali\u015bmy nasz dom<\/i>, odnosz\u0105cy si\u0119 do kryzysu w krajach nordyckich w II po\u0142. XVIII wieku, kiedy nieurodzaj wyp\u0119dzi\u0142 ludno\u015b\u0107 na zachodnie tereny Europy. Skrzypek zadedykowa\u0142 to wykonanie emigrantom. By\u0142a to urocza muzyka ludowo-klezmerska. W po\u0142owie utworu Kuusisto z\u0142apa\u0142 skrzypce jak gitar\u0119 i do akordowego akompaniamentu gwizda\u0142 melodi\u0119. Taki wszechstronny artysta m\u00f3g\u0142by z powodzeniem prowadzi\u0107 karier\u0119 r\u00f3wnie\u017c na estradach muzyki popularnej.<\/p>\n<p>5.<\/p>\n<p>Interpretacja s\u0142ynnej <i>V Symfonii<\/i> Beethovena w wykonaniu muzyk\u00f3w z Helsinek by\u0142a do\u015bwiadczeniem jedynym w swoim rodzaju. S\u0142ucha\u0142am z zachwytem od pierwszego do ostatniego d\u017awi\u0119ku. Dyrygentka nada\u0142a dzie\u0142u bardzo konkretne, wyraziste rysy, prowadzi\u0142a narracj\u0119 niezwykle potoczy\u015bcie. Prowadzi\u0142a zdecydowanym gestem, wspaniale niuansowa\u0142a nastroje, malowa\u0142a dynamik\u0105. Zesp\u00f3\u0142 pod\u0105\u017ca\u0142 za ni\u0105 jak w zapomnieniu, gra\u0142 perfekcyjnie technicznie, z r\u00f3wnowag\u0105, bez cienia przerysowania czy w pot\u0119\u017cnym forte, czy w niemal szmerowym piano. Ma\u0142o kt\u00f3ra orkiestra posiada tak szeroki i wielobarwny wachlarz mo\u017cliwo\u015bci wyrazowych.<\/p>\n<p>Filharmonicy z Finlandii nie pozostawili nas bez bisu, na kt\u00f3ry wybrali swoj\u0105 wizyt\u00f3wk\u0119, czyli muzyk\u0119 Sibeliusa. Interpretacja <i>Valse triste<\/i>, zagrana z ogromn\u0105 lekko\u015bci\u0105, wewn\u0119trznym napi\u0119ciem, wr\u0119cz zwala\u0142a z n\u00f3g. Takiego subtelnego i jednocze\u015bnie intensywnego piano, na granicy ciszy, w sali FN jeszcze nie s\u0142ysza\u0142am. Ch\u0142odno brzmi\u0105ce frazy jakby z oddali powoli wy\u0142ania\u0142y si\u0119, by z pot\u0119g\u0105 brzmienia rozwirowa\u0107 si\u0119 do rozta\u0144czonego jak w zapomnieniu walca. Publiczno\u015bci pozosta\u0142o nagrodzi\u0107 muzyk\u00f3w, dla kt\u00f3rych by\u0142 to ostatni przystanek przed powrotem z trasy koncertowej do dom\u00f3w, owacjami na stoj\u0105co.<\/p>\n<p><b>Marta Januszkiewicz<\/b><\/p>\n<p><i>Pi\u0105tek, 12 kwietnia, godz. 19.30, Filharmonia Narodowa<\/i><\/p>","protected":false},"excerpt":{"rendered":"<p>Susanna M\u00e4lkki i\u00a0Pekka Kuusisto, fot. Bruno Fidrych &nbsp; &nbsp; 1. Helsi\u0144ska Orkiestra Filharmoniczna by\u0142a pierwsz\u0105 zawodow\u0105 orkiestr\u0105 kraj\u00f3w nordyckich. To w\u0142a\u015bnie ona by\u0142a pierwsz\u0105 wykonawczyni\u0105 wi\u0119kszo\u015bci dzie\u0142 Jeana Sibeliusa, zapocz\u0105tkowuj\u0105c ich wielk\u0105 karier\u0119, trwaj\u0105c\u0105 do dzi\u015b, i promuj\u0105c talent kompozytora. Poemat symfoniczny Finlandia, Koncert skrzypcowy, symfonie, liczne miniatury fortepianowe \u2013 to utwory Sibeliusa, kt\u00f3re wpisa\u0142y [&hellip;]<\/p>\n","protected":false},"author":8,"featured_media":0,"parent":0,"menu_order":0,"comment_status":"closed","ping_status":"closed","template":"","meta":{"footnotes":""},"class_list":["post-783","page","type-page","status-publish","hentry"],"_links":{"self":[{"href":"https:\/\/beethoven.org.pl\/recenzje\/wp-json\/wp\/v2\/pages\/783","targetHints":{"allow":["GET"]}}],"collection":[{"href":"https:\/\/beethoven.org.pl\/recenzje\/wp-json\/wp\/v2\/pages"}],"about":[{"href":"https:\/\/beethoven.org.pl\/recenzje\/wp-json\/wp\/v2\/types\/page"}],"author":[{"embeddable":true,"href":"https:\/\/beethoven.org.pl\/recenzje\/wp-json\/wp\/v2\/users\/8"}],"replies":[{"embeddable":true,"href":"https:\/\/beethoven.org.pl\/recenzje\/wp-json\/wp\/v2\/comments?post=783"}],"version-history":[{"count":2,"href":"https:\/\/beethoven.org.pl\/recenzje\/wp-json\/wp\/v2\/pages\/783\/revisions"}],"predecessor-version":[{"id":815,"href":"https:\/\/beethoven.org.pl\/recenzje\/wp-json\/wp\/v2\/pages\/783\/revisions\/815"}],"wp:attachment":[{"href":"https:\/\/beethoven.org.pl\/recenzje\/wp-json\/wp\/v2\/media?parent=783"}],"curies":[{"name":"wp","href":"https:\/\/api.w.org\/{rel}","templated":true}]}}