{"id":759,"date":"2019-04-10T14:57:24","date_gmt":"2019-04-10T12:57:24","guid":{"rendered":"http:\/\/beethoven.org.pl\/recenzje\/?page_id=759"},"modified":"2019-04-10T15:34:45","modified_gmt":"2019-04-10T13:34:45","slug":"koreanczycy-zagrali-moniuszke","status":"publish","type":"page","link":"https:\/\/beethoven.org.pl\/recenzje\/koreanczycy-zagrali-moniuszke\/","title":{"rendered":"Korea\u0144czycy zagrali Moniuszk\u0119"},"content":{"rendered":"<p>Na 23. Wielkanocnym Festiwalu Ludwiga van Beethovena pod dyrekcj\u0105 Yoela Levi wyst\u0105pi\u0142a Orkiestra Symfoniczna Korea\u0144skiego Radia i Telewizji. Duma rozpiera\u0142a serce, gdy muzycy z Seulu grali uwertur\u0119 do <i>Halki<\/i>.<\/p>\n<p>1.<\/p>\n<p>By\u0142 to elegancki uk\u0142on w stron\u0119 kultury gospodarzy. W\u0142a\u015bnie mija dwusetna rocznica urodzin Stanis\u0142awa Moniuszki, Korean Broadcasting System Symphony Orchestra postanowi\u0142a wi\u0119c przygotowa\u0107 uwertur\u0119 do narodowej polskiej opery. By\u0142a to interpretacja monumentalna, uroczysta, ale tak\u017ce \u017cywio\u0142owa, \u015bwietny wst\u0119p do wieczornego koncertu.<\/p>\n<p>2.<\/p>\n<p>Po niej nast\u0105pi\u0142a prezentacja nieznanego w Polsce, cho\u0107 niedawno nagranego przez Orkiestr\u0119 Sinfonia Varsovia Koncertu fortepianowego korea\u0144skiego kompozytora \u015bredniego pokolenia Jeajoona Ryu. Kszta\u0142ci\u0142 si\u0119 on pod kierunkiem Krzysztofa Pendereckiego na Akademii Muzycznej w Krakowie, dzia\u0142a w Europie jako dyrygent. Jego <i>Koncert fortepianowy<\/i> (<i>Concerto for Piano and Orchestra<\/i>) to dzie\u0142o eklektyczne (pierwsza cz\u0119\u015b\u0107 brzmia\u0142a niczym <i>Koncert fortepianowy G-dur <\/i>Maurice\u2019a Ravela), w kt\u00f3rym fortepian prawie nie milknie, tworzy rozmaite nastroje, pos\u0142uguj\u0105c si\u0119 kr\u00f3tkimi motywami i licznymi figuracjami i pasa\u017cami przez ca\u0142\u0105 klawiatur\u0119. Dzi\u0119ki soli\u015bcie MacKenzie Melemedowi, utw\u00f3r brzmia\u0142 momentami intryguj\u0105co, cho\u0107 nie jest to dzie\u0142o, kt\u00f3re mo\u017ce z miejsca podbi\u0107 serce publiczno\u015bci. Melemed jest jednak jego oddanym wykonawc\u0105. To bardzo ciekawa posta\u0107 \u2013 ma 24 lata i za sob\u0105 ju\u017c 800 recitali (!). Uczy si\u0119 pod kierunkiem najlepszych fachowc\u00f3w \u2013 na Juilliard School of Music studiuje u s\u0142ynnego wirtuoza Emanuela Axa i Roberta McDonalda, wybitnego pianisty kameralisty. Szkoda, \u017ce nie zdecydowa\u0142 si\u0119 na bis i nie mogli\u015bmy us\u0142ysze\u0107, jak gra Beethovena, Chopina lub Schumanna.<\/p>\n<p>3.<\/p>\n<p>G\u0142\u00f3wnym daniem, kt\u00f3rym Korea\u0144czycy uraczyli festiwalow\u0105 publiczno\u015b\u0107, by\u0142a wykonana w drugiej cz\u0119\u015bci wieczoru <i>I Symfonia D-dur<\/i> Gustava Mahlera. Orkiestry spoza zachodniego kr\u0119gu kulturowego, graj\u0105c w Europie, staj\u0105 przed wyj\u0105tkowym wyzwaniem, poniewa\u017c graj\u0105 przed os\u0142uchan\u0105 publiczno\u015bci\u0105, przyzwyczajon\u0105 do wyrafinowanych interpretacji najlepszych europejskich i ameryka\u0144skich orkiestr. Zbyt dobrze jeszcze pami\u0119tam rewelacyjne wykonanie I Symfonii Mahlera przez London Symphony Orchestra pod dyrekcj\u0105 Daniel Hardinga w Operze Narodowej w Warszawie w maju 2014 roku, aby propozycja Yoela Levi i jego korea\u0144skiej orkiestry (jest jej szefem od ponad czterech lat) mog\u0142a mi przynie\u015b\u0107 pe\u0142n\u0105 satysfakcj\u0119. Mimo \u017ce orkiestra gra\u0142a ten utw\u00f3r dosadnie i w statecznych tempach, s\u0142ucha\u0142am symfonii z nies\u0142abn\u0105c\u0105 uwag\u0105. Tak jak w przypadku <i>I Symfonii<\/i> Dymitra Szostakowicza, jest to niew\u0105tpliwie dzie\u0142o m\u0142odego geniusza (cho\u0107 Mahler by\u0142 o dziewi\u0119\u0107 lat starszy od Szostakowicza, gdy w wieku 28 lat uko\u0144czy\u0142 swoj\u0105 pierwsz\u0105 symfoni\u0119), w kt\u00f3rym s\u0105 ju\u017c obecne wszystkie zal\u0105\u017cki wyj\u0105tkowego stylu tego kompozytora. Yoel Levi jest wytrawnym dyrygentem (wczoraj dyrygowa\u0142 t\u0105 symfoni\u0105 z pami\u0119ci!). Dzi\u0119ki niemu Korea\u0144czycy mogli przybli\u017cy\u0107 si\u0119 do tego niesamowitego stopu artystycznych pr\u0105d\u00f3w i tradycji, jak\u0105 jest styl Mahlera, w kt\u00f3rym melodie orkiestr wojskowych, klezmerskich muzykant\u00f3w i niemiecki lendler i wiede\u0144ski walc tworz\u0105 zadziwiaj\u0105cy konglomerat d\u017awi\u0119kowy, obraz \u015brodkowoeuropejskiej kultury przed I wojn\u0105 \u015bwiatow\u0105. Do tego podsk\u00f3rnie obecne w symfoniach Mahlera przeczucie ko\u0144ca i fatalizmu losu s\u0105siaduj\u0105ce z euforycznymi nastrojami. Jak w fanfarowym wizjonerskim finale \u2013 IV cz\u0119\u015b\u0107 zabrzmia\u0142a w wykonaniu KBSSO najlepiej \u2013 z mocnym tutti, \u0142adnie przeprowadzonym w smyczkach drugim, lirycznym tematem ewokuj\u0105cym p\u00f3\u017aniejsze Mahlerowskie adagietta, i dobr\u0105 blach\u0105, szczeg\u00f3lnie tr\u0105bkami.<\/p>\n<p>Zach\u0119ceni przez publiczno\u015b\u0107 korea\u0144scy muzycy zagrali na bis <i>I Taniec w\u0119gierski g-moll <\/i>Johannesa Brahmsa.<\/p>\n<p><b>Anna S. D\u0119bowska<\/b><\/p>\n<p><i>Wtorek, 9 kwietnia, godz. 19.30, Filharmonia Narodowa<\/i><\/p>","protected":false},"excerpt":{"rendered":"<p>Na 23. Wielkanocnym Festiwalu Ludwiga van Beethovena pod dyrekcj\u0105 Yoela Levi wyst\u0105pi\u0142a Orkiestra Symfoniczna Korea\u0144skiego Radia i Telewizji. Duma rozpiera\u0142a serce, gdy muzycy z Seulu grali uwertur\u0119 do Halki. 1. By\u0142 to elegancki uk\u0142on w stron\u0119 kultury gospodarzy. W\u0142a\u015bnie mija dwusetna rocznica urodzin Stanis\u0142awa Moniuszki, Korean Broadcasting System Symphony Orchestra postanowi\u0142a wi\u0119c przygotowa\u0107 uwertur\u0119 do [&hellip;]<\/p>\n","protected":false},"author":8,"featured_media":0,"parent":0,"menu_order":0,"comment_status":"closed","ping_status":"closed","template":"","meta":{"footnotes":""},"class_list":["post-759","page","type-page","status-publish","hentry"],"_links":{"self":[{"href":"https:\/\/beethoven.org.pl\/recenzje\/wp-json\/wp\/v2\/pages\/759","targetHints":{"allow":["GET"]}}],"collection":[{"href":"https:\/\/beethoven.org.pl\/recenzje\/wp-json\/wp\/v2\/pages"}],"about":[{"href":"https:\/\/beethoven.org.pl\/recenzje\/wp-json\/wp\/v2\/types\/page"}],"author":[{"embeddable":true,"href":"https:\/\/beethoven.org.pl\/recenzje\/wp-json\/wp\/v2\/users\/8"}],"replies":[{"embeddable":true,"href":"https:\/\/beethoven.org.pl\/recenzje\/wp-json\/wp\/v2\/comments?post=759"}],"version-history":[{"count":2,"href":"https:\/\/beethoven.org.pl\/recenzje\/wp-json\/wp\/v2\/pages\/759\/revisions"}],"predecessor-version":[{"id":765,"href":"https:\/\/beethoven.org.pl\/recenzje\/wp-json\/wp\/v2\/pages\/759\/revisions\/765"}],"wp:attachment":[{"href":"https:\/\/beethoven.org.pl\/recenzje\/wp-json\/wp\/v2\/media?parent=759"}],"curies":[{"name":"wp","href":"https:\/\/api.w.org\/{rel}","templated":true}]}}