{"id":73,"date":"2015-03-22T12:20:50","date_gmt":"2015-03-22T11:20:50","guid":{"rendered":"http:\/\/dev.yoho.pl\/beethoven\/recenzje\/?page_id=73"},"modified":"2016-12-15T10:24:46","modified_gmt":"2016-12-15T09:24:46","slug":"beethovenowski-najwiekszy-w-polsce","status":"publish","type":"page","link":"https:\/\/beethoven.org.pl\/recenzje\/beethovenowski-najwiekszy-w-polsce\/","title":{"rendered":"Beethovenowski &#8211; najwi\u0119kszy w Polsce 22 marca"},"content":{"rendered":"<p>Wyrazami wielkiego podziwu i uznania z\u0142o\u017conymi na r\u0119ce El\u017cbiety Pendereckiej przez Minister Kultury i Dziedzictwa Narodowego Ma\u0142gorzat\u0119 Omilanowsk\u0105, a w programie artystycznym arcydzie\u0142ami Beethovena, Brahmsa i Mahlera zainaugurowany zosta\u0142 19. Wielkanocny Festiwal Ludwiga van Beethovena w Warszawie.<\/p>\n<p>\u201eKiedy 19. lat temu El\u017cbieta Penderecka rozpoczyna\u0142a to przedsi\u0119wzi\u0119cie w Polsce by\u0142o tylko kilkana\u015bcie tak du\u017cych festiwali. Przez te 19 lat wydarzy\u0142o si\u0119 bardzo du\u017co. W wi\u0119kszych i mniejszych miastach powsta\u0142y sale koncertowe, na czele z ich prawdziwym Stradivariusem, jakim jest nowa siedziba Narodowej Orkiestry Symfonicznej Polskiego Radia w Katowicach. Dziesi\u0105tki tych sal koncertowych maj\u0105 ambicje prezentowania wielkiej muzyki, a festiwale s\u0105 najlepsz\u0105 ku temu okazj\u0105. El\u017cbiecie Pendereckiej wyros\u0142a wi\u0119c olbrzymia konkurencja. Z tym wi\u0119ksz\u0105 jednak satysfakcj\u0105 rozmawiam o tera\u017aniejszo\u015bci i przysz\u0142o\u015bci tego festiwalu, bo wci\u0105\u017c mo\u017ce si\u0119 on cieszy\u0107 mianem najwi\u0119kszego festiwalu w Polsce\u201d &#8211; powiedzia\u0142a podczas uroczystej inauguracji 19. Wielkanocnego Festiwalu Ludwiga van Beethovena w Filharmonii Narodowej w Warszawie Minister Kultury i Dziedzictwa Narodowego Ma\u0142gorzata Omilanowska.<br \/>\nPrzypiecz\u0119towaniem tych s\u0142\u00f3w by\u0142 koncert inauguracyjny, kt\u00f3rego program nawi\u0105zywa\u0142 do idei przewodniej tegorocznej edycji: \u201eBeethoven &#8211; nast\u0119pcy i kontynuatorzy: Brahms, Mahler\u201d. W mistrzowskim wykonaniu zabrzmia\u0142y bowiem uwertura \u201eCoriolan\u201d op. 62 Ludwiga van Beethovena, Koncert podw\u00f3jny a-moll op. 102 Johannesa Brahmsa oraz IV Symfonia G-dur Gustava Mahlera.<br \/>\nNajpi\u0119kniejszy by\u0142 bodaj Koncert podw\u00f3jny, cho\u0107 z drugiej strony trudno tworzy\u0107 jak\u0105kolwiek hierarchi\u0119 wa\u017cno\u015bci. Wra\u017cenie takie spot\u0119gowa\u0142 jednak wspania\u0142y popis duetu Sayaka Shoji (skrzypce) i Danjulo Ishizaka (wiolonczela) &#8211; solist\u00f3w w tym w\u0142a\u015bnie utworze.<br \/>\n\u201eO Koncercie podw\u00f3jnym mawia si\u0119 czasem, \u017ce nawi\u0105zuje do barokowego gatunku concerto grosso, co rzekomo ma by\u0107 wyrazem konserwatywnej postawy Brahmsa. Je\u015bli jednak kompozytor mia\u0142 przed oczyma jaki\u015b wz\u00f3r, to m\u00f3g\u0142 by\u0107 nim jedynie Koncert potr\u00f3jny Beethovena, w kt\u00f3rym ka\u017cdy z solist\u00f3w ma sposobno\u015b\u0107 poczu\u0107 si\u0119 przez chwil\u0119 koryfeuszem, by za moment odda\u0107 si\u0119 muzykowaniu w duecie, b\u0105d\u017a triu. Lecz w Koncercie Brahmsa daje o sobie zna\u0107 r\u00f3wnie\u017c czynnik wirtuozowski, i to w znacznie wi\u0119kszym stopniu ni\u017c w jakimkolwiek innym utworze kompozytora\u201d &#8211; podkre\u015bla w katalogu programowym Maciej Negrey.<br \/>\nI wirtuozeri\u0105 w\u0142a\u015bnie, cho\u0107 r\u00f3wnie\u017c wspania\u0142\u0105 nici\u0105 porozumienia zab\u0142ysn\u0119li Shoji i Ishizaka.<br \/>\nW ich grze by\u0142a mistrzowska perfekcja, drapie\u017cno\u015b\u0107, jak te\u017c barwa ciep\u0142a i poetyckiej liryki.<br \/>\nLeonard Slatkin kapitalnie prowadzi\u0142 Narodow\u0105 Orkiestr\u0119 Symfoniczn\u0105 Polskiego Radia w Katowicach. Zw\u0142aszcza w fina\u0142owej IV Symfonii G-dur Mahlera, cho\u0107 i otwieraj\u0105ca wiecz\u00f3r uwertura Coriolan mia\u0142a w sobie wiele ekspresji. W Symfonii jednak arty\u015bci koncertowali jak marzenie, jakby ameryka\u0144ski dyrygent pracowa\u0142 z nimi nie tylko przy okazji festiwalu, ale regularnie, niemal\u017ce na co dzie\u0144. Wspaniale odmalowali jej \u201eb\u0142aze\u0144skie\u201d, groteskowe i idylliczne tematy, czy melodi\u0119 \u201ekostuchy graj\u0105cej do ta\u0144ca\u201d, jak te\u017c kantylen\u0119 cytuj\u0105cej pie\u015b\u0144 \u201eNiebia\u0144skie \u017cycie\u201d cz\u0119\u015bci IV. Tu pi\u0119knym i poruszaj\u0105cym sopranem zab\u0142ysn\u0119\u0142a r\u00f3wnie\u017c szwedzka sopranistka Camilla Tilling.<br \/>\nTu\u017c po inauguracji El\u017cbieta Penderecka pogratulowa\u0142a znakomitej orkiestry Joannie Wnuk-Nazarowej, dyrektor generalnej NOSPR. Gratulacje w pe\u0142ni zas\u0142u\u017cone, bo katowicka orkiestra stan\u0119\u0142a na prawdziwych wy\u017cynach symfonicznego brzmienia.<br \/>\nTomasz Handzlik<\/p>","protected":false},"excerpt":{"rendered":"<p>Wyrazami wielkiego podziwu i uznania z\u0142o\u017conymi na r\u0119ce El\u017cbiety Pendereckiej przez Minister Kultury i Dziedzictwa Narodowego Ma\u0142gorzat\u0119 Omilanowsk\u0105, a w programie artystycznym arcydzie\u0142ami Beethovena, Brahmsa i Mahlera zainaugurowany zosta\u0142 19. Wielkanocny Festiwal Ludwiga van Beethovena w Warszawie. \u201eKiedy 19. lat temu El\u017cbieta Penderecka rozpoczyna\u0142a to przedsi\u0119wzi\u0119cie w Polsce by\u0142o tylko kilkana\u015bcie tak du\u017cych festiwali. Przez [&hellip;]<\/p>\n","protected":false},"author":2,"featured_media":0,"parent":0,"menu_order":0,"comment_status":"closed","ping_status":"closed","template":"","meta":{"footnotes":""},"class_list":["post-73","page","type-page","status-publish","hentry"],"_links":{"self":[{"href":"https:\/\/beethoven.org.pl\/recenzje\/wp-json\/wp\/v2\/pages\/73","targetHints":{"allow":["GET"]}}],"collection":[{"href":"https:\/\/beethoven.org.pl\/recenzje\/wp-json\/wp\/v2\/pages"}],"about":[{"href":"https:\/\/beethoven.org.pl\/recenzje\/wp-json\/wp\/v2\/types\/page"}],"author":[{"embeddable":true,"href":"https:\/\/beethoven.org.pl\/recenzje\/wp-json\/wp\/v2\/users\/2"}],"replies":[{"embeddable":true,"href":"https:\/\/beethoven.org.pl\/recenzje\/wp-json\/wp\/v2\/comments?post=73"}],"version-history":[{"count":2,"href":"https:\/\/beethoven.org.pl\/recenzje\/wp-json\/wp\/v2\/pages\/73\/revisions"}],"predecessor-version":[{"id":145,"href":"https:\/\/beethoven.org.pl\/recenzje\/wp-json\/wp\/v2\/pages\/73\/revisions\/145"}],"wp:attachment":[{"href":"https:\/\/beethoven.org.pl\/recenzje\/wp-json\/wp\/v2\/media?parent=73"}],"curies":[{"name":"wp","href":"https:\/\/api.w.org\/{rel}","templated":true}]}}