{"id":723,"date":"2018-11-22T23:30:41","date_gmt":"2018-11-22T22:30:41","guid":{"rendered":"http:\/\/beethoven.org.pl\/recenzje\/?page_id=723"},"modified":"2018-11-25T16:51:47","modified_gmt":"2018-11-25T15:51:47","slug":"ten-charyzmatyczny-payare","status":"publish","type":"page","link":"https:\/\/beethoven.org.pl\/recenzje\/ten-charyzmatyczny-payare\/","title":{"rendered":"Ten charyzmatyczny Payare"},"content":{"rendered":"<p><\/p>\n<p class=\"p1\">Wyj\u0105tkowo na monograficznym festiwalu urodzinowym Krzysztofa Pendereckiego zabrzmia\u0142 utw\u00f3r innego kompozytora.<\/p>\n<p>&nbsp;<\/p>\n<p class=\"p1\">1.<\/p>\n<p class=\"p1\">By\u0142 to skomponowany z my\u015bl\u0105 o jubilacie okoliczno\u015bciowy utw\u00f3r Davida Chesky\u2019ego <i>Letter to a Composer <\/i>na sopran (Natalia Rubi\u015b) i orkiestr\u0119 rozpoczynaj\u0105cy si\u0119 od s\u0142owa \u201eMaestro\u2026\u201d. Zanim jednak zabrzmia\u0142 on pod dyrekcj\u0105 Yaniva Segala, us\u0142yszeli\u015bmy <i>Sinfoniett\u0119 nr 3 <\/i>(transkrypcj\u0119 <i>III Kwartetu smyczkowego<\/i> na orkiestr\u0119 smyczkow\u0105) w wykonaniu Sinfonietty Cracovii. Jej dyrektor artystyczny Jurek Dyba\u0142, kt\u00f3ry swoj\u0105 karier\u0119 jako muzyk s\u0142ynnej orkiestry Filharmonik\u00f3w Wiede\u0144skich, jest dyrygentem o wielkim temperamencie i umiej\u0119tno\u015bci egzekwowania swoich pomys\u0142\u00f3w interpretacyjnych, a trzeba wiedzie\u0107,\u00a0\u017ce doskonale wie, czego chce. Tote\u017c <i>Sinfonietta <\/i>zabrzmia\u0142a ogni\u015bcie, iskry sz\u0142y spod smyczk\u00f3w orkiestry, kt\u00f3ra drapie\u017cnie podawa\u0142a lapidarnie zbudowany, ale niezwykle sugestywny temat g\u0142\u00f3wny utworu, aby rozkr\u0119ci\u0107 si\u0119 w przypominaj\u0105cej scherzo narracji.<\/p>\n<p class=\"p1\">2.<\/p>\n<p class=\"p1\">Chwil\u0119 oddechu po tym emocjonalnym wykonaniu przynios\u0142o <i>Adagio<\/i> z <i>III Symfonii<\/i>, kt\u00f3rym dyrygowa\u0142 Yaniv Segal. A p\u00f3\u017aniej drugi raz tego dnia us\u0142yszeli\u015bmy urugwajsko-peruwia\u0144skiego wiolonczelist\u0119 Claudio Bohorqueza, tym razem jako solist\u0119 w <i>Largo <\/i>na wiolonczel\u0119 i orkiestr\u0119 pod dyrekcj\u0105 Jurka Dyba\u0142a. Wychowanek Borisa Pergamenschikowa, jednego z najwa\u017cniejszych wiolonczelist\u00f3w dla tw\u00f3rczo\u015bci Pendereckiego, zawsze zachwyca d\u017awi\u0119kiem \u2013 \u015bpiewnym, nosowym i szlachetnie brzmi\u0105cym, uwodz\u0105cym ucho niezwyk\u0142\u0105 r\u00f3\u017cnorodno\u015bci\u0105 barw brzmienia. Zanim zabrzmia\u0142a <i>IV Symfonia<\/i>, jeszcze jeden znakomity solista wyszed\u0142 na estrad\u0119. Wychodzi\u0142 zreszt\u0105 poma\u0142u i stopniowo. Pierwsze takty <i>Concertina<\/i> na tr\u0105bk\u0119 i orkiestr\u0119 zabrzmia\u0142y bowiem zza estrady. Dopiero p\u00f3\u017aniej Gabor Boldoczki pojawi\u0142 si\u0119 na niej, jeszcze z pocz\u0105tku w g\u0142\u0119bi tak, aby podtrzyma\u0107 wra\u017cenie narastania d\u017awi\u0119ku tr\u0105bki, w ko\u0144cu znalaz\u0142 si\u0119 na proscenium, zmieniaj\u0105c zreszt\u0105 instrument na tr\u0105bk\u0119 skrzyd\u0142\u00f3wk\u0119.<\/p>\n<p class=\"p1\">4.<\/p>\n<p class=\"p1\">Wykonanie <i>IV Symfonii <\/i>(1989)<i> <\/i>pod batut\u0105 Rafaela Payare dostarczy\u0142o zapieraj\u0105cych dech w piersi prze\u017cy\u0107 na koniec tego d\u0142ugiego koncertowego wieczoru. Czwarta powsta\u0142a z okazji 200. rocznicy wybuchu rewolucji francuskiej i zosta\u0142a wykonana w 1989 roku w Pary\u017cu pod dyrekcj\u0105 Lorina Maazela. Ma wspania\u0142y symfoniczny potencja\u0142 i niezwykle mroczn\u0105 wymow\u0119, \u0142agodzon\u0105 z rzadka t\u0119sknym epizodem waltorni, kt\u00f3ry przynosi chwilowe roz\u0142adowanie gro\u017anych, niekiedy militarnie brzmi\u0105cych nawa\u0142nic\u00a0<i>tutti<\/i>. Wenezuelczyk Rafael Payare, zwyci\u0119zca Mi\u0119dzynarodowego Konkursu Dyrygenckiego im. Nikolaia Malko w 2012 roku, nabra\u0142 jako dyrygent dojrza\u0142o\u015bci warsztatowej, a przy tym fantastycznej swobody przy pulpicie dyrygenckim, ods\u0142oni\u0142 w sobie pok\u0142ady charyzmy i wizjonerstwa. Pod jego batut\u0105 Sinfonietta Cracovia zabrzmia\u0142a jak rasowa wielka orkiestra symfoniczna (<i>Czwarta <\/i>ma podw\u00f3jn\u0105 obsad\u0119, ponadto nieprzeci\u0119tnie rozszerzony sk\u0142ad instrument\u00f3w perkusyjnych). Warto doda\u0107, \u017ce Rafael Payare w sezonie 2019\/2020 obejmie funkcj\u0119 dyrektora muzycznego San Diego Symphony, pozostanie wci\u0105\u017c jednak dyrygentem honorowym Sinfonietty Cracovii.<\/p>\n<p class=\"p1\">Anna S. D\u0119bowska<\/p>\n<p class=\"p1\"><i>Czwartek, 22 listopada 2018 roku, godz. 19.30, Filharmonia Narodowa w Warszawie<\/i><\/p>\n<p><\/p>","protected":false},"excerpt":{"rendered":"<p>Wyj\u0105tkowo na monograficznym festiwalu urodzinowym Krzysztofa Pendereckiego zabrzmia\u0142 utw\u00f3r innego kompozytora. &nbsp; 1. By\u0142 to skomponowany z my\u015bl\u0105 o jubilacie okoliczno\u015bciowy utw\u00f3r Davida Chesky\u2019ego Letter to a Composer na sopran (Natalia Rubi\u015b) i orkiestr\u0119 rozpoczynaj\u0105cy si\u0119 od s\u0142owa \u201eMaestro\u2026\u201d. Zanim jednak zabrzmia\u0142 on pod dyrekcj\u0105 Yaniva Segala, us\u0142yszeli\u015bmy Sinfoniett\u0119 nr 3 (transkrypcj\u0119 III Kwartetu smyczkowego [&hellip;]<\/p>\n","protected":false},"author":8,"featured_media":0,"parent":0,"menu_order":0,"comment_status":"closed","ping_status":"closed","template":"","meta":{"footnotes":""},"class_list":["post-723","page","type-page","status-publish","hentry"],"_links":{"self":[{"href":"https:\/\/beethoven.org.pl\/recenzje\/wp-json\/wp\/v2\/pages\/723","targetHints":{"allow":["GET"]}}],"collection":[{"href":"https:\/\/beethoven.org.pl\/recenzje\/wp-json\/wp\/v2\/pages"}],"about":[{"href":"https:\/\/beethoven.org.pl\/recenzje\/wp-json\/wp\/v2\/types\/page"}],"author":[{"embeddable":true,"href":"https:\/\/beethoven.org.pl\/recenzje\/wp-json\/wp\/v2\/users\/8"}],"replies":[{"embeddable":true,"href":"https:\/\/beethoven.org.pl\/recenzje\/wp-json\/wp\/v2\/comments?post=723"}],"version-history":[{"count":2,"href":"https:\/\/beethoven.org.pl\/recenzje\/wp-json\/wp\/v2\/pages\/723\/revisions"}],"predecessor-version":[{"id":725,"href":"https:\/\/beethoven.org.pl\/recenzje\/wp-json\/wp\/v2\/pages\/723\/revisions\/725"}],"wp:attachment":[{"href":"https:\/\/beethoven.org.pl\/recenzje\/wp-json\/wp\/v2\/media?parent=723"}],"curies":[{"name":"wp","href":"https:\/\/api.w.org\/{rel}","templated":true}]}}