{"id":668,"date":"2018-03-17T16:17:02","date_gmt":"2018-03-17T15:17:02","guid":{"rendered":"http:\/\/beethoven.org.pl\/recenzje\/?page_id=668"},"modified":"2018-05-14T16:17:20","modified_gmt":"2018-05-14T14:17:20","slug":"krystian-zimerman-i-kotly-beethovenowskie","status":"publish","type":"page","link":"https:\/\/beethoven.org.pl\/recenzje\/krystian-zimerman-i-kotly-beethovenowskie\/","title":{"rendered":"Krystian Zimerman i kot\u0142y beethovenowskie"},"content":{"rendered":"<p>Mimo wielkiej zamieci na warszawskich ulicach koncert inauguracyjny 22. Wielkanocnego Festiwalu Ludwiga van Beethovena zgromadzi\u0142 w Filharmonii Narodowej komplet publiczno\u015bci. Oczywi\u015bcie magnesem by\u0142 wyst\u0119p Krystiana Zimermana. Przed laty artysta, pragn\u0105c uczci\u0107 pami\u0119\u0107 wybitnej polskiej kompozytorki Gra\u017cyny Bacewicz, zagra\u0142 autorski cykl koncertowy z jej utworami w najwa\u017cniejszych aulach akademickich w Polsce. Jeden z koncert\u00f3w odby\u0142 si\u0119 6 lutego 2008 roku na Uniwersytecie Warszawskim. Potem w 2013 roku ramach Mi\u0119dzynarodowego Festiwalu Muzyki Wsp\u00f3\u0142czesnej \u201eWarszawska Jesie\u0144\u201d swoim wyst\u0119pem Zimerman upami\u0119tni\u0142 100. rocznic\u0119 urodzin Lutos\u0142awskiego, swojego przyjaciela i mentora. Na Festiwalu Wielkanocnym wyst\u0105pi\u0142 po raz pierwszy, mimo \u017ce El\u017cbieta Penderecka zaprasza\u0142a wielkiego wirtuoza rokrocznie. Tym razem \u2013 chc\u0105c uczci\u0107 100. rocznic\u0119 urodzin swojego ameryka\u0144skiego przyjaciela Leonarda Bernsteina \u2013 polski pianista wyst\u0105pi w kilku europejskich miastach, w tym w Warszawie, aby przypomnie\u0107 jego II Symfoni\u0119.<\/p>\n<p>W pierwszej cz\u0119\u015bci koncertu Orkiestra Filharmonii Narodowej pod batut\u0105 Maestro Jacka Kaspszyka zagra\u0142a III Symfoni\u0119 Es-dur \u201eEroica\u201d op. 55 patrona festiwalu \u2013 Ludwiga van Beethovena. Uko\u0144czone w 1803 roku dzie\u0142o to pierwsza wielka symfonia romantyczna, b\u0119d\u0105ca muzycznym symbolem bohaterstwa, kt\u00f3ra idealnie nadawa\u0142a si\u0119 na inauguracj\u0119 dwutygodniowego \u015bwi\u0119ta muzyki, poprzedzaj\u0105cego uroczy\u015bcie obchodzon\u0105 w Polsce Wielkanoc. Po\u015bwi\u0119cona by\u0142a Pierwszemu Konsulowi, ale gdy ten obwo\u0142a\u0142 si\u0119 cesarzem, Beethoven upiera\u0142 si\u0119, aby wydanie nosi\u0142o tytu\u0142 \u201eBonaparte\u201d. \u017bywio\u0142owa apoteoza zawiera szereg my\u015bli muzycznych zako\u0144czonych rz\u0119dem synkopowanych akord\u00f3w. W Orkiestrze FN, kt\u00f3ra niezwykle pi\u0119knie zagra\u0142a ten ponadczasowy utw\u00f3r, na szczeg\u00f3lne wyr\u00f3\u017cnienie zas\u0142ugiwa\u0142y trzy waltornie (Maciej Kostrzewa, Robert Duda i Aleksander Sebesczyk), ale elementem \u0142\u0105cz\u0105cym wykonanie Eroiki i Symfonii Bernsteina by\u0142a gra Daniela Kami\u0144skiego na kot\u0142ach. Instrument ten, tak wa\u017cny w ca\u0142ym dorobku Beethovena, zosta\u0142 zauwa\u017cony przez wybitnego polskiego pisarza Micha\u0142a Choroma\u0144skiego w powie\u015bci \u201eKot\u0142y beethovenowskie\u201d i okre\u015blony jako wyra\u017any wska\u017anik stanu uczu\u0107 ka\u017cdego cz\u0142owieka. Doskonale rozumia\u0142 to ameryka\u0144ski kompozytor Leonard Bernstein, znany ze swojej gigantycznej pracy na polu popularyzacji muzyki klasycznej, i w swojej kompozycji, opartej na utworze Wystana H. Audena \u201eThe Age of Anxiety\u201d (Wiek niepokoju), dzi\u0119ki silnie rozbudowanej perkusyjnej cz\u0119\u015bci orkiestry uzyska\u0142 j\u0119zykow\u0105 wirtuozeri\u0119 tej poezji.<\/p>\n<p>Pojawienie si\u0119 na estradzie Krystiana Zimermana wywo\u0142a\u0142o wielki entuzjazm w\u015br\u00f3d publiczno\u015bci. Nic dziwnego, bo media okre\u015bli\u0142y jego wyst\u0119p jako wydarzenie muzyczne dnia w ca\u0142ej Europie. Pianista, w znakomitym humorze, przywita\u0142 si\u0119 z publiczno\u015bci\u0105 i zagra\u0142 z orkiestr\u0105 dzie\u0142o, kt\u00f3rego wsp\u00f3lne wykonanie w Europie zaproponowa\u0142 najbli\u017cszym sobie dyrygentom. S\u0105 nimi Jacek Kaspszyk, Grzegorz Nowak, Simon Rattle i Esa-Pekka Salonen. Wszyscy si\u0119 zgodzili, a siedz\u0105cy na widowni Grzegorz Nowak z wielkim entuzjazmem przys\u0142uchiwa\u0142 si\u0119 wykonaniu utworu przez Orkiestr\u0119 FN.<\/p>\n<p>Leonard Bernstein i Krystian Zimerman spotkali si\u0119 w 1976 roku; wielokrotnie prezentowali wsp\u00f3lnie pochodz\u0105c\u0105 z 1949 roku II Symfoni\u0119 \u201eThe Age of Anxiety\u201d &#8211; m.in. w Barbican Centre i Royal Festival Hall w Londynie Podczas przygotowa\u0144 do uroczystego rocznicowego koncertu w Bostonie orkiestra policzy\u0142a, \u017ce Zimerman by\u0142 najcz\u0119\u015bciej wyst\u0119puj\u0105cym z Bernsteinem solist\u0105 w trakcie ca\u0142ej jego kariery dyrygenckiej.<\/p>\n<p>&nbsp;<\/p>\n<p>Bardzo stylowa ameryka\u0144ska kompozycja nie przysparza problem\u00f3w wykonawczych, a gra wielkiego pianisty idealnie wkomponowa\u0142a si\u0119 w brzmienie orkiestry. Publiczno\u015b\u0107 najbardziej by\u0142a zaskoczona, gdy wielki wirtuoz z u\u015bmiechem gra\u0142 jazzuj\u0105ce elementy kompozycji. W quasi-scherzu \u201eThe Masque\u201d s\u0142yszymy bowiem odbicie jazzowych fascynacji Bernsteina, a graj\u0105cemu ragtime piani\u015bcie towarzyszy ca\u0142a sekcja perkusyjna. Potem us\u0142yszymy jeszcze melodi\u0119 bluesowego songu Ain\u2019t Got No Tears Left z musicalu \u201eOn the Town\u201d Bernsteina.<\/p>\n<p>Po koncercie pianista opar\u0142 si\u0119 przez chwil\u0119 o fortepian i dla znawc\u00f3w jego gry by\u0142 to sygna\u0142, \u017ce bisu nie b\u0119dzie, cho\u0107 publiczno\u015b\u0107 domaga\u0142a si\u0119 go bardzo d\u0142ugo. Mimo to, koncert inauguracyjny 22. Wielkanocnego Festiwalu Ludwiga van Beethovena otrzyma\u0142 tak niezwyk\u0142\u0105 opraw\u0119, \u017ce przejdzie do historii wybitnych wydarze\u0144 muzycznych w Filharmonii Narodowej.<\/p>\n<p>&nbsp;<\/p>\n<p><strong>Ludwig van Beethoven (1770-1827)<\/strong><\/p>\n<p>III Symfonia Es-dur \u201eEroica\u201d op. 55 1.Allegro con brio 2. Marcia funebre. Adagio assai 3. Scherzo. Allegro vivace 4. Finale. Allegro molto<\/p>\n<p><strong>Leonard Bernstein (1918-1990) II Symfonia \u201eThe Age of Anxiety\u201d na fortepian i orkiestr\u0119<\/strong><\/p>\n<p>I.1. The Prologue: Lento moderato 2. The Seven Ages: Variations 1 \u2013 7 3. The Seven Stages: Variations 8 \u2013 14 II.1. The Dirge. Largo 2. The Masque. Extremely Fast 3. The Epilogue. Adagio \u2013 Andante \u2013 Con moto<\/p>\n<p><strong>Krystian Zimerman \u2013 fortepian \/ piano<\/strong><\/p>\n<p>Orkiestra Symfoniczna Filharmonii Narodowej<\/p>\n<p><strong>Jacek Kaspszyk \u2013 dyrygent<\/strong><\/p>\n<p>&nbsp;<\/p>\n<p><strong>Wojciech Giczkowski Teatr dla Was<\/strong><\/p>\n<p><em>\u017ar\u00f3d\u0142o\u00a0<a href=\"http:\/\/www.teatrdlawas.pl\/artykuly\/1556-krystian-zimerman-i-kotly-beethovenowskie\">http:\/\/www.teatrdlawas.pl\/artykuly\/1556-krystian-zimerman-i-kotly-beethovenowskie<\/a><\/em><\/p>\n<p>&nbsp;<\/p>","protected":false},"excerpt":{"rendered":"<p>Mimo wielkiej zamieci na warszawskich ulicach koncert inauguracyjny 22. Wielkanocnego Festiwalu Ludwiga van Beethovena zgromadzi\u0142 w Filharmonii Narodowej komplet publiczno\u015bci. Oczywi\u015bcie magnesem by\u0142 wyst\u0119p Krystiana Zimermana. Przed laty artysta, pragn\u0105c uczci\u0107 pami\u0119\u0107 wybitnej polskiej kompozytorki Gra\u017cyny Bacewicz, zagra\u0142 autorski cykl koncertowy z jej utworami w najwa\u017cniejszych aulach akademickich w Polsce. Jeden z koncert\u00f3w odby\u0142 si\u0119 [&hellip;]<\/p>\n","protected":false},"author":2,"featured_media":0,"parent":0,"menu_order":0,"comment_status":"closed","ping_status":"closed","template":"","meta":{"footnotes":""},"class_list":["post-668","page","type-page","status-publish","hentry"],"_links":{"self":[{"href":"https:\/\/beethoven.org.pl\/recenzje\/wp-json\/wp\/v2\/pages\/668","targetHints":{"allow":["GET"]}}],"collection":[{"href":"https:\/\/beethoven.org.pl\/recenzje\/wp-json\/wp\/v2\/pages"}],"about":[{"href":"https:\/\/beethoven.org.pl\/recenzje\/wp-json\/wp\/v2\/types\/page"}],"author":[{"embeddable":true,"href":"https:\/\/beethoven.org.pl\/recenzje\/wp-json\/wp\/v2\/users\/2"}],"replies":[{"embeddable":true,"href":"https:\/\/beethoven.org.pl\/recenzje\/wp-json\/wp\/v2\/comments?post=668"}],"version-history":[{"count":1,"href":"https:\/\/beethoven.org.pl\/recenzje\/wp-json\/wp\/v2\/pages\/668\/revisions"}],"predecessor-version":[{"id":669,"href":"https:\/\/beethoven.org.pl\/recenzje\/wp-json\/wp\/v2\/pages\/668\/revisions\/669"}],"wp:attachment":[{"href":"https:\/\/beethoven.org.pl\/recenzje\/wp-json\/wp\/v2\/media?parent=668"}],"curies":[{"name":"wp","href":"https:\/\/api.w.org\/{rel}","templated":true}]}}