{"id":561,"date":"2017-10-23T15:28:49","date_gmt":"2017-10-23T13:28:49","guid":{"rendered":"http:\/\/beethoven.org.pl\/recenzje\/?page_id=561"},"modified":"2017-10-23T15:33:21","modified_gmt":"2017-10-23T13:33:21","slug":"romantyczne-requiem-w-bazylice-sw-krzyza","status":"publish","type":"page","link":"https:\/\/beethoven.org.pl\/recenzje\/romantyczne-requiem-w-bazylice-sw-krzyza\/","title":{"rendered":"Romantyczne Requiem w Bazylice \u015bw. Krzy\u017ca"},"content":{"rendered":"<p>&#8221;M\u0142ody polski dyrygent, kt\u00f3ry dopiero w 2016 roku uko\u0144czy\u0142 Studia na Uniwersytecie Muzycznym Fryderyka Chopina, z wielk\u0105 maestri\u0105 poprowadzi\u0142 tak wielki zesp\u00f3\u0142 wykonawc\u00f3w, za co otrzyma\u0142 zas\u0142u\u017cone brawa&#8221;.<\/p>\n<p><strong>My &#8211; Polacy pami\u0119tamy o zmar\u0142ych. Tu\u017c przed dniem Wszystkich \u015awi\u0119tych i Dniem Zadusznym, w 168. rocznic\u0119 \u015bmierci Fryderyka Chopina, w bazylice \u015bw. Krzy\u017ca specjalnie skompletowany wspania\u0142y zesp\u00f3\u0142 artyst\u00f3w wykona\u0142 \u201eRequiem\u201d Wolfganga Amadeusza Mozarta.<\/strong><\/p>\n<p>Doroczny koncert w ko\u015bciele, w kt\u00f3rym spoczywa serce kompozytora, nawi\u0105zuje do ceremonii pogrzebowej Chopina, kt\u00f3ra odby\u0142a si\u0119 30 pa\u017adziernika 1849 r. w paryskim ko\u015bciele \u015bw. Magdaleny. Zgodnie z wol\u0105 polskiego kompozytora wykonano wtedy w\u0142a\u015bnie \u201eRequiem\u201d Mozarta, a w uroczysto\u015bci wzi\u0119\u0142o udzia\u0142 prawie trzy tysi\u0105ce ludzi. Tej tradycji patronuje Narodowy Instytut Fryderyka Chopina w Warszawie, a ch\u0119tni do uczestniczenia w koncercie zbieraj\u0105 si\u0119 ju\u017c podczas modlitwy r\u00f3\u017ca\u0144cowej i czekaj\u0105 dwie godziny, aby wygodnie pos\u0142ucha\u0107 muzyki. Popularno\u015b\u0107 wielkiego dzie\u0142a Mozarta powoduje, \u017ce w\u015br\u00f3d widz\u00f3w mo\u017cna zauwa\u017cy\u0107 s\u0142uchaczy z ca\u0142ego \u015bwiata, ale przede wszystkim z Dalekiego Wschodu.<\/p>\n<p>Mozartowskie \u201eRequiem\u201d spopularyzowa\u0142 film Milosza Formana \u201eAmadeusz\u201d. Dzisiaj ju\u017c wiemy, \u017ce kompozytor zmar\u0142 nagle w trakcie uk\u0142adania nut do \u00f3smego taktu partii wokalnych \u201eLacrimosa\u201d, a instrumentacji dope\u0142ni\u0142 i dokomponowa\u0142 brakuj\u0105ce cz\u0119\u015bci jego przyjaciel Franz Xaver S\u00fcssmayer. W ten spos\u00f3b \u201eRequiem d-moll KV 626\u201d uda\u0142o si\u0119 ocali\u0107 od zapomnienia. Plotka o tym, \u017ce zleceniodawc\u0105 by\u0142 zawistny rywal okaza\u0142a si\u0119 nieprawd\u0105, bo tajemniczym powierzaj\u0105cym by\u0142 muzyk amator, hrabia Franciszek Walsegg zu Stuppach, kt\u00f3ry chcia\u0142 upami\u0119tni\u0107 \u015bmier\u0107 \u017cony. Co ciekawe, przez d\u0142u\u017cszy czas nie wierzono S\u00fcssmayerowi, \u017ce m\u00f3g\u0142 skomponowa\u0107 muzyk\u0119 podobn\u0105 do mozartowskiej i w XIX wieku poddano ca\u0142y utw\u00f3r badaniom stylu.<\/p>\n<p>Cho\u0107 \u201eRequiem\u201d by\u0142o tylko kolejnym utworem napisanym na zam\u00f3wienie, to jego wznios\u0142o\u015b\u0107 inspirowa\u0142a i do dzi\u015b inspiruje wielu kompozytor\u00f3w do tworzenia podobnych wielkich romantycznych dzie\u0142 w tym gatunku. Wymie\u0144my cho\u0107by Berlioza czy Verdiego, a tak\u017ce naszego genialnego Krzysztofa Pendereckiego. Poczucie grozy \u015bmierci, pro\u015bba o zbawienie i odkupienie dla zmar\u0142ego brzmi\u0105 w ka\u017cdej nucie i w ka\u017cdym s\u0142owie tej suplikacji do Boga. Wynika to z chrze\u015bcija\u0144skiej nauki i \u0142aci\u0144skiego tekstu mszy za zmar\u0142ych. Cho\u0107 temat teologii zbawienia jest obecny w muzyce polifonicznej kultury chrze\u015bcija\u0144skiej od \u015bredniowiecza, to jednak w\u0142a\u015bnie utw\u00f3r Mozarta dostarcza najwi\u0119kszych religijnych dozna\u0144. Pot\u0119ga prze\u017cy\u0107 nie ma sobie r\u00f3wnych we wszystkich kompozycjach m\u00f3wi\u0105cych o nadziei zbawienia, pami\u0119ci o zmar\u0142ych, czy w modlitwie za nich.<\/p>\n<p>Uroczysty koncert \u201eRequiem\u201d w bazylice \u015bw. Krzy\u017ca wykona\u0142y dwie orkiestry \u2013 Sinfonia Varsovia oraz znana z wyst\u0119pu podczas Festiwalu \u201eChopin i jego Europa\u201d czeska orkiestra barokowa Collegium 1704 pod batut\u0105 Dawida Runtza. <strong>M\u0142ody polski dyrygent, kt\u00f3ry dopiero w 2016 roku uko\u0144czy\u0142 Studia na Uniwersytecie Muzycznym Fryderyka Chopina, z wielk\u0105 maestri\u0105 poprowadzi\u0142 tak wielki zesp\u00f3\u0142 wykonawc\u00f3w, za co otrzyma\u0142 zas\u0142u\u017cone brawa.<\/strong> W\u015br\u00f3d solist\u00f3w us\u0142yszeli\u015bmy: m\u0142od\u0105 polsk\u0105 sopranistk\u0119 Natali\u0119 Rubi\u015b, kt\u00f3ra swoim pi\u0119knym g\u0142osem zachwyca ju\u017c publiczno\u015b\u0107 w Stanach Zjednoczonych. Jej pe\u0142ne przej\u0119cia wykonanie dzie\u0142a Mozarta tylko potwierdzi\u0142o umiej\u0119tno\u015bci i klas\u0119 wokaln\u0105. Ingeborg Danz (alt), Robert Getchell (tenor) oraz Matthew Brook (bas-baryton) to s\u0142ynni soli\u015bci, kt\u00f3rzy doskonale wsp\u00f3\u0142pracowali z ch\u00f3rem Collegium Vocale 1704, znakomicie przygotowanym przez ich za\u0142o\u017cyciela Vaclava Luksa.<\/p>\n<p>Zachwyceni s\u0142uchacze na stoj\u0105co domagali si\u0119 bisu lub cho\u0107by powt\u00f3rzenia \u201eLacrimosy\u201d, ale jak powiedzia\u0142a pani stoj\u0105ca przed bazylik\u0105 \u2013 w ko\u015bciele si\u0119 nie bisuje. Wzruszony t\u0142um opuszcza\u0142 ko\u015bci\u00f3\u0142 przez pi\u0119tna\u015bcie minut, bo samo miejsce i doskona\u0142e wykonanie utworu \u017cegnaj\u0105cego Fryderyka Chopina nastraja\u0142o wszystkich do przemy\u015ble\u0144 o zmar\u0142ych i do po\u017cegna\u0144 z nimi tak charakterystycznych dla tej pory roku.<\/p>\n<p><strong>17 pa\u017adziernika, godz. 20.00<\/strong><\/p>\n<p><strong>Wolfgang Amadeusz Mozart<\/strong><\/p>\n<p>Requiem d-moll KV 626<\/p>\n<p>Natalia Rubi\u015b \u2013 sopran<\/p>\n<p>Ingeborg Danz \u2013 alt<\/p>\n<p>Robert Getchell \u2013 tenor<\/p>\n<p>Matthew Brook \u2013 bas<\/p>\n<p>Collegium Vocale 1704<\/p>\n<p>Collegium 1704<\/p>\n<p><strong>Dawid Runtz \u2013 dyrygent<\/strong><\/p>\n<p>Bazylika \u015bw. Krzy\u017ca, ul. Krakowskie Przemie\u015bcie 3<\/p>\n<p>Wojciech Giczkowski<\/p>\n<p>\u017ar\u00f3d\u0142o:\u00a0www.teatrdlawas.pl<\/p>","protected":false},"excerpt":{"rendered":"<p>&#8221;M\u0142ody polski dyrygent, kt\u00f3ry dopiero w 2016 roku uko\u0144czy\u0142 Studia na Uniwersytecie Muzycznym Fryderyka Chopina, z wielk\u0105 maestri\u0105 poprowadzi\u0142 tak wielki zesp\u00f3\u0142 wykonawc\u00f3w, za co otrzyma\u0142 zas\u0142u\u017cone brawa&#8221;. My &#8211; Polacy pami\u0119tamy o zmar\u0142ych. Tu\u017c przed dniem Wszystkich \u015awi\u0119tych i Dniem Zadusznym, w 168. rocznic\u0119 \u015bmierci Fryderyka Chopina, w bazylice \u015bw. Krzy\u017ca specjalnie skompletowany wspania\u0142y [&hellip;]<\/p>\n","protected":false},"author":2,"featured_media":0,"parent":0,"menu_order":0,"comment_status":"closed","ping_status":"closed","template":"","meta":{"footnotes":""},"class_list":["post-561","page","type-page","status-publish","hentry"],"_links":{"self":[{"href":"https:\/\/beethoven.org.pl\/recenzje\/wp-json\/wp\/v2\/pages\/561","targetHints":{"allow":["GET"]}}],"collection":[{"href":"https:\/\/beethoven.org.pl\/recenzje\/wp-json\/wp\/v2\/pages"}],"about":[{"href":"https:\/\/beethoven.org.pl\/recenzje\/wp-json\/wp\/v2\/types\/page"}],"author":[{"embeddable":true,"href":"https:\/\/beethoven.org.pl\/recenzje\/wp-json\/wp\/v2\/users\/2"}],"replies":[{"embeddable":true,"href":"https:\/\/beethoven.org.pl\/recenzje\/wp-json\/wp\/v2\/comments?post=561"}],"version-history":[{"count":2,"href":"https:\/\/beethoven.org.pl\/recenzje\/wp-json\/wp\/v2\/pages\/561\/revisions"}],"predecessor-version":[{"id":567,"href":"https:\/\/beethoven.org.pl\/recenzje\/wp-json\/wp\/v2\/pages\/561\/revisions\/567"}],"wp:attachment":[{"href":"https:\/\/beethoven.org.pl\/recenzje\/wp-json\/wp\/v2\/media?parent=561"}],"curies":[{"name":"wp","href":"https:\/\/api.w.org\/{rel}","templated":true}]}}