{"id":49,"date":"2016-03-16T10:25:11","date_gmt":"2016-03-16T09:25:11","guid":{"rendered":"http:\/\/dev.yoho.pl\/beethoven\/recenzje\/?page_id=49"},"modified":"2016-11-30T10:39:41","modified_gmt":"2016-11-30T09:39:41","slug":"ulubieniec-publicznosci","status":"publish","type":"page","link":"https:\/\/beethoven.org.pl\/recenzje\/ulubieniec-publicznosci\/","title":{"rendered":"Ulubieniec publiczno\u015bci"},"content":{"rendered":"<p>Jako jedyny Polak zakwalifikowa\u0142 si\u0119 do fina\u0142u ubieg\u0142orocznego XVII Mi\u0119dzynarodowego Konkursu Pianistycznego im. Fryderyka Chopina w Warszawie, do kt\u00f3rego zg\u0142osi\u0142o si\u0119 450 pianist\u00f3w z ca\u0142ego \u015bwiata. I cho\u0107 nie zdoby\u0142 \u017cadnej z g\u0142\u00f3wnych nagr\u00f3d, obsypany zosta\u0142 wyr\u00f3\u017cnieniami i nagrodami dodatkowymi (otrzyma\u0142 m.in. nagrod\u0119 publiczno\u015bci dla najlepszego uczestnika Konkursu oraz nagrod\u0119 za wybitn\u0105 kreacj\u0119 artystyczn\u0105 podczas III etapu Konkursu ufundowan\u0105 przez Santander Orchestra). I \u2013 jak si\u0119 przekonali\u015bmy podczas festiwalowego koncertu \u2013 wci\u0105\u017c jest jednym z najbardziej podziwianych, cenionych i lubianych pianist\u00f3w m\u0142odego pokolenia. Ale od pocz\u0105tku&#8230;<br \/>\nBohaterem tego wieczoru jubileuszowej edycji Wielkanocnego Festiwalu Ludwiga van Beethovena by\u0142a powo\u0142ana do \u017cycia w ubieg\u0142ym roku Santander Orchestra. To m\u0142odzie\u017cowy zesp\u00f3\u0142 symfoniczny utworzony dzi\u0119ki wsp\u00f3\u0142pracy Fundacji MyWay, Banku Zachodniego WBK i Europejskiego Centrum Muzyki Krzysztofa Pendereckiego. Zesp\u00f3\u0142 powsta\u0142 w procesie rekrutacji, w kt\u00f3rej Rada Orkiestry wy\u0142oni\u0142a 64 utalentowanych muzyk\u00f3w, student\u00f3w i absolwent\u00f3w polskich uczelni muzycznych. Pierwsze warsztaty m\u0142odych artyst\u00f3w odby\u0142y si\u0119 w Lus\u0142awicach we wrze\u015bniu i listopadzie ubieg\u0142ego roku. Potem m\u0142odzi muzycy ruszyli w tourn\u00e9e po Polsce, podczas kt\u00f3rego pod batut\u0105 znakomitych dyrygent\u00f3w (w tym Krzysztofa Pendereckiego i Johna Axelroda) towarzyszy\u0142a laureatowi Konkursu Chopinowskiego &#8211; Szymonowi Nehringowi.<br \/>\nNie jest tajemnic\u0105, \u017ce w odbywaj\u0105cym si\u0119 w ramach Wielkanocnego Festiwalu koncercie zabrzmie\u0107 mia\u0142 Chopin. M\u0142ody pianista zmieni\u0142 jednak zdanie. By\u0107 mo\u017ce Chopin ju\u017c mu si\u0119 ogra\u0142, a mo\u017ce te\u017c na wzgl\u0119dzie publiczno\u015b\u0107, kt\u00f3ra koncerty fortepianowe naszego wspania\u0142ego romantyka wys\u0142ucha\u0142a ostatnimi czasy w kilkunastu (je\u015bli nie kilkudziesi\u0119ciu wersjach), zar\u00f3wno podczas Konkursu Chopinowskiego, jak te\u017c koncert\u00f3w odbywaj\u0105cych si\u0119 ju\u017c po jego zako\u0144czeniu, a maj\u0105cych na celu promowanie laureat\u00f3w. Nehring zdecydowa\u0142 si\u0119 na prezentacj\u0119 dzie\u0142a rzadko wykonywanego na koncertowych scenach &#8211; \u201eRapsodi\u0119 na temat Paganiniego\u201d op. 43 Sergiusza Rachmaninowa.<br \/>\nI zachwyci\u0142 kapitaln\u0105 jego interpretacj\u0105 &#8211; doskonale opanowanym materia\u0142em, wielk\u0105 muzykalno\u015bci\u0105 i \u015bwietnym zrozumieniem z orkiestr\u0105, by wraz z ni\u0105 wspaniale malowa\u0107 \u201ediabelskie pizzicata\u201d, \u201eniepokonane si\u0142y z\u0142a\u201d, czy mi\u0142osne natchnienie. Owacje nie mia\u0142y ko\u0144ca, podobnie jak bisy. Najwyra\u017aniej dla warszawskiej publiczno\u015bci Nehring wci\u0105\u017c jest faworytem.<br \/>\nWielkimi brawami nagrodzony r\u00f3wnie\u017c zosta\u0142 maestro Jerzy Maksymiuk, kt\u00f3ry w tym roku \u015bwi\u0119tuje 80. urodziny. Festiwalowy koncert otwiera\u0142a jego miniatura orkiestrowa \u201eVers per archi\u201d.\u201ePierwsz\u0105 wersj\u0119 tego utworu napisa\u0142em w kwietniu 2014 roku. By\u0142a to miniatura na smyczki w formie preludu, kt\u00f3r\u0105 ko\u0144czy\u0142y dwa wyra\u017ane akordy. Tak to po raz pierwszy pod moj\u0105 dyrekcj\u0105 wykona\u0142a Sinfonia Varsovia na koncercie w Muzeum Historii \u017byd\u00f3w Polskich. Kie\u0142kowa\u0142a we mnie jednak my\u015bl, aby zdominowa\u0107 pierwsze takty kompozycji. Nied\u0142ugo p\u00f3\u017aniej dokomponowa\u0142em wi\u0119c bardzo gwa\u0142town\u0105 cz\u0119\u015b\u0107 Agitato, kt\u00f3r\u0105 doda\u0142em w \u015brodku. Jej centralna cz\u0119\u015b\u0107 to zespolenie si\u0142y i ekspresji. Forma ABA zwie\u0144czona jest na koniec delikatn\u0105 muzyk\u0105, jako \u017ce impulsem do takiego zamkni\u0119cia utworu sta\u0142 si\u0119 wers z wiersza \u00abWra\u017cliwo\u015b\u0107\u00bb m\u0142odej poetki Anny Kubaczy\u0144skiej: \u00abMo\u017ce da si\u0119 zata\u0144czy\u0107 na linii barwnym cieniem\u00bb\u201d &#8211; t\u0142umaczy kompozytor. I tak w\u0142a\u015bnie zabrzmia\u0142 ten utw\u00f3r w wykonaniu Santander Orchestra pod jego batut\u0105. Poetyckim pi\u0119knem i delikatno\u015bci\u0105, a jednocze\u015bnie ekspresyjn\u0105 gwa\u0142towno\u015bci\u0105. Zwie\u0144czeniem wieczoru by\u0142a za\u015b IX Symfonia Es-dur op. 70 Dymitra Szostakowicza, w kt\u00f3rej maestro Jerzego Maksymiuka poderwa\u0142 m\u0142odych muzyk\u00f3w do wspania\u0142ego koncertowania (kapitalna sekcja d\u0119tych blaszanych i pi\u0119kne solo fagotu!).<br \/>\nTomasz Handzlik<\/p>","protected":false},"excerpt":{"rendered":"<p>Jako jedyny Polak zakwalifikowa\u0142 si\u0119 do fina\u0142u ubieg\u0142orocznego XVII Mi\u0119dzynarodowego Konkursu Pianistycznego im. Fryderyka Chopina w Warszawie, do kt\u00f3rego zg\u0142osi\u0142o si\u0119 450 pianist\u00f3w z ca\u0142ego \u015bwiata. I cho\u0107 nie zdoby\u0142 \u017cadnej z g\u0142\u00f3wnych nagr\u00f3d, obsypany zosta\u0142 wyr\u00f3\u017cnieniami i nagrodami dodatkowymi (otrzyma\u0142 m.in. nagrod\u0119 publiczno\u015bci dla najlepszego uczestnika Konkursu oraz nagrod\u0119 za wybitn\u0105 kreacj\u0119 artystyczn\u0105 podczas [&hellip;]<\/p>\n","protected":false},"author":2,"featured_media":0,"parent":0,"menu_order":0,"comment_status":"closed","ping_status":"closed","template":"","meta":{"footnotes":""},"class_list":["post-49","page","type-page","status-publish","hentry"],"_links":{"self":[{"href":"https:\/\/beethoven.org.pl\/recenzje\/wp-json\/wp\/v2\/pages\/49","targetHints":{"allow":["GET"]}}],"collection":[{"href":"https:\/\/beethoven.org.pl\/recenzje\/wp-json\/wp\/v2\/pages"}],"about":[{"href":"https:\/\/beethoven.org.pl\/recenzje\/wp-json\/wp\/v2\/types\/page"}],"author":[{"embeddable":true,"href":"https:\/\/beethoven.org.pl\/recenzje\/wp-json\/wp\/v2\/users\/2"}],"replies":[{"embeddable":true,"href":"https:\/\/beethoven.org.pl\/recenzje\/wp-json\/wp\/v2\/comments?post=49"}],"version-history":[{"count":1,"href":"https:\/\/beethoven.org.pl\/recenzje\/wp-json\/wp\/v2\/pages\/49\/revisions"}],"predecessor-version":[{"id":50,"href":"https:\/\/beethoven.org.pl\/recenzje\/wp-json\/wp\/v2\/pages\/49\/revisions\/50"}],"wp:attachment":[{"href":"https:\/\/beethoven.org.pl\/recenzje\/wp-json\/wp\/v2\/media?parent=49"}],"curies":[{"name":"wp","href":"https:\/\/api.w.org\/{rel}","templated":true}]}}