{"id":474,"date":"2017-04-10T13:43:37","date_gmt":"2017-04-10T11:43:37","guid":{"rendered":"http:\/\/beethoven.org.pl\/recenzje\/?page_id=474"},"modified":"2017-04-11T09:35:24","modified_gmt":"2017-04-11T07:35:24","slug":"skrzypce-trabka-fortepian-i-muzyka-polska","status":"publish","type":"page","link":"https:\/\/beethoven.org.pl\/recenzje\/skrzypce-trabka-fortepian-i-muzyka-polska\/","title":{"rendered":"Skrzypce, tr\u0105bka, fortepian i muzyka polska"},"content":{"rendered":"<p><img loading=\"lazy\" decoding=\"async\" class=\"size-medium wp-image-495 aligncenter\" src=\"http:\/\/beethoven.org.pl\/recenzje\/wp-content\/uploads\/sites\/9\/2017\/04\/BF170409_3278-300x200.jpg\" alt=\"BF170409_3278\" width=\"300\" height=\"200\" srcset=\"https:\/\/beethoven.org.pl\/recenzje\/wp-content\/uploads\/sites\/9\/2017\/04\/BF170409_3278-300x200.jpg 300w, https:\/\/beethoven.org.pl\/recenzje\/wp-content\/uploads\/sites\/9\/2017\/04\/BF170409_3278-768x512.jpg 768w, https:\/\/beethoven.org.pl\/recenzje\/wp-content\/uploads\/sites\/9\/2017\/04\/BF170409_3278-1024x682.jpg 1024w, https:\/\/beethoven.org.pl\/recenzje\/wp-content\/uploads\/sites\/9\/2017\/04\/BF170409_3278.jpg 1180w\" sizes=\"auto, (max-width: 300px) 100vw, 300px\" \/><\/p>\n<p>Nie ma w Warszawie tradycji koncert\u00f3w popo\u0142udniowych, z wyj\u0105tkiem prowadzonych od lat koncert\u00f3w dla dzieci prowadzonych przez Cioci\u0119 Jadzi\u0119, a obecnie przez jej zast\u0119pczynie. W niedziel\u0119 na Wielkanocnym Festiwalu okaza\u0142o si\u0119, \u017ce jest du\u017ce zapotrzebowanie na koncerty o tej porze i to w\u0142a\u015bnie dla doros\u0142ej publiczno\u015bci, cho\u0107 na sali by\u0142o te\u017c du\u017co m\u0142odzie\u017cy i dzieci. Frekwencja cieszy\u0142a, tym bardziej, \u017ce program by\u0142 nie\u0142atwy, kompozycje raczej z tych mniej znanych. Go\u015bcinnie wyst\u0105pi\u0142a Orkiestra Symfoniczna Filharmonii Warmi\u0144sko-Mazurskiej w Olsztynie, magnesem by\u0142o nazwisko Patrycji Piekutowskiej i T\u00e1masa P\u00e1lfalviego, m\u0142odego utalentowanego tr\u0119bacza z W\u0119gier.<\/p>\n<p>Ram\u0105 koncertu pod dyrekcj\u0105 Piotra Su\u0142kowskiego by\u0142y dwa utwory Feliksa Nowowiejskiego (patron Filharmonii Warmi\u0144sko-Mazurskiej), kompozytora, kt\u00f3ry powraca ostatnio do sal koncertowych (niedawno wykonano w\u00a0 Filharmonii Narodowej jego oratorium<i> Quo Vadis <\/i>op.13). To ciekawa posta\u0107: urodzony na Warmii, wykszta\u0142cony w Niemczech, czu\u0142 si\u0119 i Polakiem i Warmiakiem, jego tw\u00f3rcze \u017cycie przypad\u0142o na pierwsz\u0105 po\u0142ow\u0119 XX wieku, znajdowa\u0142 si\u0119 pod du\u017cym wp\u0142ywem Richarda Wagnera. S\u0142ycha\u0107 to cho\u0107by w jego bodaj najcz\u0119\u015bciej grywanym utworze, jakim jest uwertura do opery <i>Legenda Ba\u0142tyku<\/i> z pi\u0119kn\u0105 fanfar\u0105 na pocz\u0105tku i na ko\u0144cu dzie\u0142a. Bardzo sprawnie poprowadzi\u0142 j\u0105 Piotr Su\u0142kowski, orkiestra gra\u0142a soczy\u015bcie i efektownie. Na koniec za\u015b zabrzmia\u0142 <i>Marsz pretorian\u00f3w <\/i>ze wspomnianego oratorium<i> Quo Vadis<\/i>.<\/p>\n<p><img loading=\"lazy\" decoding=\"async\" class=\"size-medium wp-image-496 aligncenter\" src=\"http:\/\/beethoven.org.pl\/recenzje\/wp-content\/uploads\/sites\/9\/2017\/04\/BF170409_3454-300x200.jpg\" alt=\"BF170409_3454\" width=\"300\" height=\"200\" srcset=\"https:\/\/beethoven.org.pl\/recenzje\/wp-content\/uploads\/sites\/9\/2017\/04\/BF170409_3454-300x200.jpg 300w, https:\/\/beethoven.org.pl\/recenzje\/wp-content\/uploads\/sites\/9\/2017\/04\/BF170409_3454-768x512.jpg 768w, https:\/\/beethoven.org.pl\/recenzje\/wp-content\/uploads\/sites\/9\/2017\/04\/BF170409_3454-1024x682.jpg 1024w, https:\/\/beethoven.org.pl\/recenzje\/wp-content\/uploads\/sites\/9\/2017\/04\/BF170409_3454.jpg 1180w\" sizes=\"auto, (max-width: 300px) 100vw, 300px\" \/><\/p>\n<p>\u201eOpakowane\u201d Nowowiejskim by\u0142y dwa koncerty XX-wieczne &#8211; neoklasyczny \u017cart geniusza, czyli <i>Koncert c-moll na fortepian, tr\u0105bk\u0119 i smyczki <\/i>Dymitra Szostakowicza (1933) i o 40 lat p\u00f3\u017aniejszy <i>Koncert na skrzypce i orkiestr\u0119 smyczkow\u0105<\/i> Andrzeja Panufnika.<\/p>\n<p>W Szostakowiczu, burleskowym, ironicznym persyfla\u017cu wielkiej klasyki, g\u0142\u00f3wn\u0105 parti\u0119 gra fortepian \u2013 solistk\u0105 by\u0142a serbska pianistka Anika Vavic. To dobra instrumentalistka, ale w Szostakowiczu potrzeba wi\u0119cej polotu i artystycznego szale\u0144stwa, zw\u0142aszcza w finale, gdzie jest tak du\u017co bufonady. \u201eSprawia mi zadowolenie, je\u015bli publiczno\u015b\u0107 wr\u0119cz si\u0119 \u015bmieje\u201d \u2013 pisa\u0142 Szostakowicz. Powod\u00f3w do \u015bmiechu nie by\u0142o. Z kolei partia tr\u0105bki jest w\u0142a\u015bciwie dodatkiem do partii fortepianu, kolorystycznym urozmaiceniem, ale nawet w tak niewielkim fragmencie 26-letni T\u00e1mas P\u00e1lfalvi, wychowanek G\u00e1bora Boldoczkiego umia\u0142 zainteresowa\u0107 np. w cz\u0119\u015bci \u015brodkowej, gdzie z piana orkiestry wy\u0142ania si\u0119 solo tr\u0105bki \u2013 zrobi\u0142 to bardzo dobrze.<\/p>\n<p><img loading=\"lazy\" decoding=\"async\" class=\"size-medium wp-image-497 aligncenter\" src=\"http:\/\/beethoven.org.pl\/recenzje\/wp-content\/uploads\/sites\/9\/2017\/04\/BF170409_3359-300x200.jpg\" alt=\"BF170409_3359\" width=\"300\" height=\"200\" srcset=\"https:\/\/beethoven.org.pl\/recenzje\/wp-content\/uploads\/sites\/9\/2017\/04\/BF170409_3359-300x200.jpg 300w, https:\/\/beethoven.org.pl\/recenzje\/wp-content\/uploads\/sites\/9\/2017\/04\/BF170409_3359-768x512.jpg 768w, https:\/\/beethoven.org.pl\/recenzje\/wp-content\/uploads\/sites\/9\/2017\/04\/BF170409_3359-1024x682.jpg 1024w, https:\/\/beethoven.org.pl\/recenzje\/wp-content\/uploads\/sites\/9\/2017\/04\/BF170409_3359.jpg 1180w\" sizes=\"auto, (max-width: 300px) 100vw, 300px\" \/><\/p>\n<p>Patrycja Piekutowska wykona\u0142a Koncert skrzypcowy Andrzeja Panufnika. Zapowiedzia\u0142a z estrady, \u017ce to jej ostatni koncert przed d\u0142u\u017csz\u0105 przerw\u0105, spodziewa si\u0119 bowiem drugiego dziecka. Koncert skrzypcowy Panufnika powsta\u0142 na zam\u00f3wienie Yehudi Menuhina, ale kompozytor napisa\u0142 dedykacj\u0119: \u201eDla mojej \u017cony\u201d i w\u0142a\u015bnie ona, Lady Camilla Panufnik, zasiada\u0142a na widowni, s\u0142uchaj\u0105c emocjonalnego wykonania Piekutowskiej. Skrzypaczka na bis wykona\u0142a wirtuozowskie potpourri \u2013 <i>Images II<\/i> Mariana Borkowskiego.<\/p>\n<p><b>Anna S. D\u0119bowska<\/b><\/p>\n<p><i>Niedziela, 9 kwietnia, godz. 12, Filharmonia Narodowa<\/i><\/p>\n<p>Wi\u0119cej zdj\u0119\u0107: <a href=\"http:\/\/brunofidrych.com\/21beethoven\/09.04.2017\/koncert12\/index.html\">TUTAJ<br \/>\n<\/a>(Fot. Bruno Fidrych \/ Studio fotograficzne Plasterstudio)<\/p>\n<p>&nbsp;<\/p>","protected":false},"excerpt":{"rendered":"<p>Nie ma w Warszawie tradycji koncert\u00f3w popo\u0142udniowych, z wyj\u0105tkiem prowadzonych od lat koncert\u00f3w dla dzieci prowadzonych przez Cioci\u0119 Jadzi\u0119, a obecnie przez jej zast\u0119pczynie. W niedziel\u0119 na Wielkanocnym Festiwalu okaza\u0142o si\u0119, \u017ce jest du\u017ce zapotrzebowanie na koncerty o tej porze i to w\u0142a\u015bnie dla doros\u0142ej publiczno\u015bci, cho\u0107 na sali by\u0142o te\u017c du\u017co m\u0142odzie\u017cy i dzieci. [&hellip;]<\/p>\n","protected":false},"author":8,"featured_media":0,"parent":0,"menu_order":0,"comment_status":"closed","ping_status":"closed","template":"","meta":{"footnotes":""},"class_list":["post-474","page","type-page","status-publish","hentry"],"_links":{"self":[{"href":"https:\/\/beethoven.org.pl\/recenzje\/wp-json\/wp\/v2\/pages\/474","targetHints":{"allow":["GET"]}}],"collection":[{"href":"https:\/\/beethoven.org.pl\/recenzje\/wp-json\/wp\/v2\/pages"}],"about":[{"href":"https:\/\/beethoven.org.pl\/recenzje\/wp-json\/wp\/v2\/types\/page"}],"author":[{"embeddable":true,"href":"https:\/\/beethoven.org.pl\/recenzje\/wp-json\/wp\/v2\/users\/8"}],"replies":[{"embeddable":true,"href":"https:\/\/beethoven.org.pl\/recenzje\/wp-json\/wp\/v2\/comments?post=474"}],"version-history":[{"count":2,"href":"https:\/\/beethoven.org.pl\/recenzje\/wp-json\/wp\/v2\/pages\/474\/revisions"}],"predecessor-version":[{"id":499,"href":"https:\/\/beethoven.org.pl\/recenzje\/wp-json\/wp\/v2\/pages\/474\/revisions\/499"}],"wp:attachment":[{"href":"https:\/\/beethoven.org.pl\/recenzje\/wp-json\/wp\/v2\/media?parent=474"}],"curies":[{"name":"wp","href":"https:\/\/api.w.org\/{rel}","templated":true}]}}