{"id":45,"date":"2016-03-14T10:23:53","date_gmt":"2016-03-14T09:23:53","guid":{"rendered":"http:\/\/dev.yoho.pl\/beethoven\/recenzje\/?page_id=45"},"modified":"2016-11-30T10:39:05","modified_gmt":"2016-11-30T09:39:05","slug":"swieto-tanca","status":"publish","type":"page","link":"https:\/\/beethoven.org.pl\/recenzje\/swieto-tanca\/","title":{"rendered":"\u015awi\u0119to ta\u0144ca"},"content":{"rendered":"<p>Aura trzeciego dnia Festiwalu mog\u0142a zaskoczy\u0107. I nie chodzi o to, \u017ce po s\u0142onecznym dniu pachn\u0105cym wiosn\u0105, zmierzaj\u0105cych s\u0142ucha\u0107 w Filharmonii Narodowej m.in. \u201e\u015awi\u0119ta Wiosny\u201d zaskoczy\u0142a prawdziwa \u015bnie\u017cyca. Na jednym koncertowym wieczorze spotka\u0142y si\u0119 dwa \u017cywio\u0142y, muzyka z dw\u00f3ch epok, jedna o proweniencji arystokratycznej, druga o zmy\u015ble ludowym, wr\u0119cz magicznym. Barwne taneczno\u015bci Kod\u00e0lya i Strawi\u0144skiego zestawione zosta\u0142y z intelektualnie pow\u015bci\u0105gliw\u0105, formalnie wysmakowan\u0105 muzyczn\u0105 przemow\u0105 Beethovena.<br \/>\nNa pocz\u0105tek, do ta\u0144c\u00f3w o proweniencjach w\u0119gierskich i cyga\u0144skich zaprosi\u0142a nas Sinfonia Varsovia z wybitnym ameryka\u0144skim kapelmistrzem Johnem Axelrodem, kt\u00f3rego polska publiczno\u015b\u0107 mo\u017ce najlepiej zna\u0107 z wieloletniej wsp\u00f3\u0142pracy z Sinfoniett\u0105 Cracovi\u0105, a kt\u00f3ry dzi\u015b kieruje mediola\u0144sk\u0105 orkiestr\u0105 \u201eLaVerdi\u201d. Zolt\u00e1n Kod\u00e0ly to jeden z \u201ekompozytor\u00f3w-folkloryst\u00f3w\u201d pocz\u0105tk\u00f3w XX wieku, unikaj\u0105cy powierzchownych stylizacji wpisuj\u0105cych si\u0119 w nurty szk\u00f3\u0142 narodowych, a poszukuj\u0105cy istoty muzyki, w kt\u00f3rej wyr\u00f3s\u0142, ze sztuki muzycznej ziemi, z kt\u00f3rej si\u0119 wywodzi. \u201eTa\u0144ce z Gal\u00e1nty\u201d s\u0105 owocem jednej z wypraw etnograficznych kompozytora. Odkrycie zbioru z tradycyjnymi melodiami z XIX-wiecznego zbioru, przys\u0142uchiwanie si\u0119 cyga\u0144skiej kapeli w miasteczku Galanta (dzi\u015b na terenie S\u0142owacji), ogromnie barwna wyobra\u017ania tw\u00f3rcza i zdolno\u015bci orkiestracyjne przys\u0142u\u017cy\u0142y si\u0119 powstaniu dzie\u0142a o wysokoenergetycznych narracjach, kt\u00f3re mog\u0142oby z powodzeniem ilustrowa\u0107 dzi\u015b filmow\u0105 historyczn\u0105 superprodukcj\u0119. John Axelrod potrafi\u0142 w warszawskiej orkiestrze budowa\u0107 napi\u0119cia w ten spos\u00f3b, by spod palc\u00f3w muzyk\u00f3w wydobywa\u0142a si\u0119 ca\u0142a feeria barw i stan\u00f3w zmieniaj\u0105cych si\u0119 jak w kalejdoskopie; przeplata\u0142y si\u0119 rozmaite taneczne rytmy od tych zabarwionych orientem ze wschodnich kra\u0144c\u00f3w Ba\u0142kan\u00f3w po melodie jakby z Wiednia. Je\u015bli taniec, to nadrz\u0119dna rola instrument\u00f3w perkusyjnych \u2013 a te w Sinfonii Varsovii, dobarwiane przez wysublimowane smyczki rozmaitymi skalowo\u015bciami, spisa\u0142y si\u0119 na medal. Podsumowuj\u0105c, ca\u0142o\u015b\u0107 tego energetycznego, zawi\u0142ego \u201efilmowego\u201d obrazu przedstawi\u0142a si\u0119 nam bardzo czytelnie, z erudycj\u0105, i ogromn\u0105 rado\u015bci\u0105 muzykowania odpowiadaj\u0105c\u0105 ludowemu muzykowaniu.<br \/>\nNie zabrak\u0142o muzyki patrona Festiwalu. W \u201eKoncercie potr\u00f3jnym C-dur\u201d op. 56 zaprezentowa\u0142a si\u0119 m\u0142oda warszawska skrzypaczka Marta Kowalczyk oraz uznani ju\u017c Arto Noras na wiolonczeli i pianista Barry Douglas. Mistrz z Bonn stworzy\u0142 stosunkowo niewiele utwor\u00f3w koncertuj\u0105cych (pi\u0119\u0107 koncert\u00f3w fortepianowych, jeden na skrzypce, dwa romanse na skrzypce i orkiestr\u0119 oraz jeden koncert potr\u00f3jny w\u0142a\u015bnie), wszystkie pochodz\u0105 ze wczesnego okresu jego dzia\u0142alno\u015bci. To wi\u0119cej ni\u017c pokaz umiej\u0119tno\u015bci radzenia sobie m\u0142odego kompozytora z klasyczn\u0105 form\u0105 \u2013 bo rozbudowywanie jej ram i stawianie solist\u00f3w w jeszcze nieoczywistych na tamte czasy rolach, tzn. bryluj\u0105cego ponad orkiestr\u0105 (o coraz bardziej rozszerzonym sk\u0142adzie) wirtuoza. Taki wybiegaj\u0105cy w muzyczn\u0105 przysz\u0142o\u015b\u0107 post\u0119p partii w tej tria fortepianowego z orkiestr\u0105 jest zauwa\u017calny (cho\u0107 \u0142atwiej dostrzegalny w solowych koncertach z szczeg\u00f3lnie umi\u0142owanym przez Beethovena fortepianem). W Filharmonii Narodowej mi\u0119dzynarodowe trio popisa\u0142o si\u0119 wzajemnym m\u0105drym dialogowaniem, pami\u0119ta\u0142o o konotacjach tanecznych wielu fragment\u00f3w tej muzyki (gatunk\u00f3w uprawianych w Wiedniu, \u0142\u0105cznie z polonezem!). Marta Kowalczyk pochwali\u0142a si\u0119 szczeg\u00f3lnie mo\u017cliwo\u015bciami cieniowania d\u017awi\u0119ku, kt\u00f3ry bardzo odpowiada\u0142 delikatnemu brzmieniu wiolonczeli w d\u0142oniach Arta Norasa.<br \/>\nPrawdziwy probierz umiej\u0119tno\u015bci zespo\u0142u symfonicznego to z pewno\u015bci\u0105 muzyka Strawi\u0144skiego i jego \u201e\u015awi\u0119to Wiosny\u201d. Powr\u00f3cili\u015bmy do sztuki XX wieku, \u015bwiata podszytego magi\u0105 i muzyk\u0105 ludu, a ponad wszystko \u017cywio\u0142em ta\u0144ca. Muzyka do baletu wystawionego w Teatrze Champs-Elys\u00e9es, najwi\u0119kszy skandal muzyczny pocz\u0105tku XX wieku, gdzie krzyki oburzenia na premierze zag\u0142usza\u0142y d\u017awi\u0119ki orkiestry \u201enajha\u0142a\u015bliwsze przecie\u017c, jakie si\u0119 uda\u0142o z niej wydoby\u0107 komukolwiek, kiedykolwiek\u201d, pos\u0142uguj\u0105c si\u0119 s\u0142owami J. Cocteau, dzi\u015b nadal potrafi zaskakiwa\u0107 i w ciekawej interpretacji pozosta\u0107 jak najbardziej oryginalna. Wszystko to, je\u015bli orkiestra potrafi wspi\u0105\u0107 si\u0119 na takie wy\u017cyny, jak minionego wieczoru Sinfonii Varsovii. Szczeg\u00f3lnie pochwali\u0107 trzeba sekcj\u0119 d\u0119tych i jej solist\u00f3w, kt\u00f3rzy w ka\u017cdym wej\u015bciu nie zawiedli. Strawi\u0144ski zaplanowa\u0142 swe dzie\u0142o, jako ilustracj\u0119 wielkiego rytua\u0142u z czas\u00f3w poga\u0144skich, maj\u0105cego zyska\u0107 przychylno\u015b\u0107 boga wiosny. Mam wi\u0119c nadziej\u0119, \u017ce tak erudycyjne wykonanie, jak te pod batut\u0105 Johna Axelroda, sta\u0142o si\u0119 przekonuj\u0105ce nie tylko dla znawc\u00f3w symfoniki zebranych przed estrad\u0105 przy Jasnej!<br \/>\nMarta Januszkiewicz<\/p>","protected":false},"excerpt":{"rendered":"<p>Aura trzeciego dnia Festiwalu mog\u0142a zaskoczy\u0107. I nie chodzi o to, \u017ce po s\u0142onecznym dniu pachn\u0105cym wiosn\u0105, zmierzaj\u0105cych s\u0142ucha\u0107 w Filharmonii Narodowej m.in. \u201e\u015awi\u0119ta Wiosny\u201d zaskoczy\u0142a prawdziwa \u015bnie\u017cyca. Na jednym koncertowym wieczorze spotka\u0142y si\u0119 dwa \u017cywio\u0142y, muzyka z dw\u00f3ch epok, jedna o proweniencji arystokratycznej, druga o zmy\u015ble ludowym, wr\u0119cz magicznym. Barwne taneczno\u015bci Kod\u00e0lya i Strawi\u0144skiego [&hellip;]<\/p>\n","protected":false},"author":2,"featured_media":0,"parent":0,"menu_order":0,"comment_status":"closed","ping_status":"closed","template":"","meta":{"footnotes":""},"class_list":["post-45","page","type-page","status-publish","hentry"],"_links":{"self":[{"href":"https:\/\/beethoven.org.pl\/recenzje\/wp-json\/wp\/v2\/pages\/45","targetHints":{"allow":["GET"]}}],"collection":[{"href":"https:\/\/beethoven.org.pl\/recenzje\/wp-json\/wp\/v2\/pages"}],"about":[{"href":"https:\/\/beethoven.org.pl\/recenzje\/wp-json\/wp\/v2\/types\/page"}],"author":[{"embeddable":true,"href":"https:\/\/beethoven.org.pl\/recenzje\/wp-json\/wp\/v2\/users\/2"}],"replies":[{"embeddable":true,"href":"https:\/\/beethoven.org.pl\/recenzje\/wp-json\/wp\/v2\/comments?post=45"}],"version-history":[{"count":1,"href":"https:\/\/beethoven.org.pl\/recenzje\/wp-json\/wp\/v2\/pages\/45\/revisions"}],"predecessor-version":[{"id":46,"href":"https:\/\/beethoven.org.pl\/recenzje\/wp-json\/wp\/v2\/pages\/45\/revisions\/46"}],"wp:attachment":[{"href":"https:\/\/beethoven.org.pl\/recenzje\/wp-json\/wp\/v2\/media?parent=45"}],"curies":[{"name":"wp","href":"https:\/\/api.w.org\/{rel}","templated":true}]}}