{"id":437,"date":"2017-04-07T10:13:03","date_gmt":"2017-04-07T08:13:03","guid":{"rendered":"http:\/\/beethoven.org.pl\/recenzje\/?page_id=437"},"modified":"2017-04-09T10:19:19","modified_gmt":"2017-04-09T08:19:19","slug":"wloskiej-opery-czar","status":"publish","type":"page","link":"https:\/\/beethoven.org.pl\/recenzje\/wloskiej-opery-czar\/","title":{"rendered":"W\u0142oskiej opery czar"},"content":{"rendered":"<p><img loading=\"lazy\" decoding=\"async\" class=\"alignnone size-medium wp-image-440 aligncenter\" src=\"http:\/\/beethoven.org.pl\/recenzje\/wp-content\/uploads\/sites\/9\/2017\/04\/BF170406_1755-300x200.jpg\" alt=\"BF170406_1755\" width=\"300\" height=\"200\" srcset=\"https:\/\/beethoven.org.pl\/recenzje\/wp-content\/uploads\/sites\/9\/2017\/04\/BF170406_1755-300x200.jpg 300w, https:\/\/beethoven.org.pl\/recenzje\/wp-content\/uploads\/sites\/9\/2017\/04\/BF170406_1755-768x512.jpg 768w, https:\/\/beethoven.org.pl\/recenzje\/wp-content\/uploads\/sites\/9\/2017\/04\/BF170406_1755-1024x682.jpg 1024w, https:\/\/beethoven.org.pl\/recenzje\/wp-content\/uploads\/sites\/9\/2017\/04\/BF170406_1755.jpg 1180w\" sizes=\"auto, (max-width: 300px) 100vw, 300px\" \/><\/p>\n<p>Po pierwszych pi\u0119ciu festiwalowych koncertach, na kt\u00f3rych dominowa\u0142a muzyka surowej P\u00f3\u0142nocy, przede wszystkim Beethovena, w czwartek przyszed\u0142 czas na ciep\u0142y oddech z po\u0142udnia Europy: program operowy z\u0142o\u017cony wy\u0142\u0105cznie z dzie\u0142 Giacomo Pucciniego.<\/p>\n<p>Gwiazd\u0105 wieczoru by\u0142a polska sopranistka Ewa Vesin, kt\u00f3ra u boku dw\u00f3ch w\u0142oskich tenor\u00f3w wykona\u0142a fragmenty z <i>Cyganerii<\/i> i <i>Jask\u00f3\u0142ki<\/i> (m. in. ari\u0119 <i>Mi chiamano Mimi <\/i>z I aktu <i>Cyganerii<\/i>).<\/p>\n<p>Wiecz\u00f3r zacz\u0105\u0142 si\u0119 jednak od muzyki czysto instrumentalnej \u2013 fragment\u00f3w z mniej znanych oper Pucciniego: m\u0142odzie\u0144czego <i>Edgara<\/i> (<i>Preludium<\/i> do III aktu), w kt\u00f3rym s\u0142ycha\u0107 ju\u017c zapowied\u017a p\u00f3\u017aniejszego stylu kompozytora, <i>Siostry Angeliki <\/i>(<i>Intermezzo<\/i>), <i>Le Villi<\/i> (<i>La Tregenda<\/i>). Zabrzmia\u0142o tak\u017ce <i>Intermezzo <\/i>z <i>Manon Lescaut<\/i>, opery, kt\u00f3ra przynios\u0142a Pucciniemu pierwszy mi\u0119dzynarodowy sukces.<\/p>\n<p>Polsk\u0105 Orkiestr\u0105 Radiow\u0105 dyrygowa\u0142 Massimiliano Caldi. Ten wytrawny dyrygent znalaz\u0142 bardzo dobre porozumienie z orkiestr\u0105, kt\u00f3ra z wyra\u017an\u0105 przyjemno\u015bci\u0105 poddawa\u0142a si\u0119 jego intencjom. Us\u0142yszeli\u015bmy pe\u0142ne symfoniczne brzmienie, operowanie mi\u0119kk\u0105, szerok\u0105 fraz\u0105, ognista \u017cywio\u0142owo\u015b\u0107, a w <i>Intermezzo<\/i> z <i>Manon Lescaut \u2013 <\/i>\u015bwietne rubato i wyra\u017ane podkre\u015blenie id\u0105cej od Wagner inspiracji. Dobrze przygotowana Polska Orkiestra Radiowa przej\u0119\u0142a od Caldiego iskr\u0119 w\u0142oskiego temperamentu i pokaza\u0142a si\u0119 z jak najlepszej strony.<\/p>\n<p><img loading=\"lazy\" decoding=\"async\" class=\"size-medium wp-image-441 aligncenter\" src=\"http:\/\/beethoven.org.pl\/recenzje\/wp-content\/uploads\/sites\/9\/2017\/04\/BF170406_1959-200x300.jpg\" alt=\"BF170406_1959\" width=\"200\" height=\"300\" srcset=\"https:\/\/beethoven.org.pl\/recenzje\/wp-content\/uploads\/sites\/9\/2017\/04\/BF170406_1959-200x300.jpg 200w, https:\/\/beethoven.org.pl\/recenzje\/wp-content\/uploads\/sites\/9\/2017\/04\/BF170406_1959-768x1153.jpg 768w, https:\/\/beethoven.org.pl\/recenzje\/wp-content\/uploads\/sites\/9\/2017\/04\/BF170406_1959-682x1024.jpg 682w, https:\/\/beethoven.org.pl\/recenzje\/wp-content\/uploads\/sites\/9\/2017\/04\/BF170406_1959.jpg 786w\" sizes=\"auto, (max-width: 200px) 100vw, 200px\" \/>\u00a0 <img loading=\"lazy\" decoding=\"async\" class=\"size-medium wp-image-442 aligncenter\" src=\"http:\/\/beethoven.org.pl\/recenzje\/wp-content\/uploads\/sites\/9\/2017\/04\/BF170406_1938-300x200.jpg\" alt=\"BF170406_1938\" width=\"300\" height=\"200\" srcset=\"https:\/\/beethoven.org.pl\/recenzje\/wp-content\/uploads\/sites\/9\/2017\/04\/BF170406_1938-300x200.jpg 300w, https:\/\/beethoven.org.pl\/recenzje\/wp-content\/uploads\/sites\/9\/2017\/04\/BF170406_1938-768x512.jpg 768w, https:\/\/beethoven.org.pl\/recenzje\/wp-content\/uploads\/sites\/9\/2017\/04\/BF170406_1938-1024x682.jpg 1024w, https:\/\/beethoven.org.pl\/recenzje\/wp-content\/uploads\/sites\/9\/2017\/04\/BF170406_1938.jpg 1180w\" sizes=\"auto, (max-width: 300px) 100vw, 300px\" \/><\/p>\n<p>Druga cz\u0119\u015b\u0107 wieczoru nale\u017ca\u0142a do \u015bpiewak\u00f3w, cho\u0107 orkiestra nadal sta\u0142a na wysokim poziomie, tym razem jako partnerka solist\u00f3w. Partie tenorowego amanta \u2013 Rudolfa z <i>Cyganerii<\/i> i Ruggera z <i>Jask\u00f3\u0142ki <\/i>mia\u0142 wykona\u0107 litewski tenor Edgaras Montvidas, ale w ostatniej jednak chwili musia\u0142 go zast\u0105pi\u0107 inny \u015bpiewak, W\u0142och Vincenzo Costanzo. Niezbyt swobodnie czu\u0142 si\u0119 w partii Rudolfa, a tylko nieco lepiej poradzi\u0142 sobie z Ruggerem. Za to sopran Ewy Vesin rozkwit\u0142 w\u0142a\u015bnie w partii Magdy z <i>Jask\u00f3\u0142ki<\/i>. Drugi tenor, Leopoldo Lo Sciuto, wni\u00f3s\u0142 troch\u0119 rodzajowego charakteru ze swoj\u0105 \u015bwietn\u0105 dykcj\u0105 w partiach m\u00f3wionych, np. w scenie, w kt\u00f3rej wr\u00f3\u017cy Magdzie wielk\u0105 mi\u0142o\u015b\u0107 i to, \u017ce uleci ona pod niebo, jak jask\u00f3\u0142ka.<\/p>\n<p>Ponowne gratulacje dla Massimiliana Caldiego za elegancj\u0119, kultur\u0119 i bardzo dobry warsztat dyrygencki, dzi\u0119ki kt\u00f3rym utrzyma\u0142 ca\u0142o\u015b\u0107 w ryzach.<\/p>\n<p><b>Anna S. D\u0119bowska<\/b><\/p>\n<p><i>Czwartek, 6 kwietnia, godz. 19.30, Filharmonia Narodowa<\/i><\/p>\n<p>Wi\u0119cej zdj\u0119\u0107: <a href=\"http:\/\/brunofidrych.com\/21beethoven\/06.04.2017\/content\/index.html\">TUTAJ<\/a><br \/>\n(Fot. Bruno Fidrych \/ Studio fotograficzne Plasterstudio)<\/p>","protected":false},"excerpt":{"rendered":"<p>Po pierwszych pi\u0119ciu festiwalowych koncertach, na kt\u00f3rych dominowa\u0142a muzyka surowej P\u00f3\u0142nocy, przede wszystkim Beethovena, w czwartek przyszed\u0142 czas na ciep\u0142y oddech z po\u0142udnia Europy: program operowy z\u0142o\u017cony wy\u0142\u0105cznie z dzie\u0142 Giacomo Pucciniego. Gwiazd\u0105 wieczoru by\u0142a polska sopranistka Ewa Vesin, kt\u00f3ra u boku dw\u00f3ch w\u0142oskich tenor\u00f3w wykona\u0142a fragmenty z Cyganerii i Jask\u00f3\u0142ki (m. in. ari\u0119 Mi [&hellip;]<\/p>\n","protected":false},"author":8,"featured_media":0,"parent":0,"menu_order":0,"comment_status":"closed","ping_status":"closed","template":"","meta":{"footnotes":""},"class_list":["post-437","page","type-page","status-publish","hentry"],"_links":{"self":[{"href":"https:\/\/beethoven.org.pl\/recenzje\/wp-json\/wp\/v2\/pages\/437","targetHints":{"allow":["GET"]}}],"collection":[{"href":"https:\/\/beethoven.org.pl\/recenzje\/wp-json\/wp\/v2\/pages"}],"about":[{"href":"https:\/\/beethoven.org.pl\/recenzje\/wp-json\/wp\/v2\/types\/page"}],"author":[{"embeddable":true,"href":"https:\/\/beethoven.org.pl\/recenzje\/wp-json\/wp\/v2\/users\/8"}],"replies":[{"embeddable":true,"href":"https:\/\/beethoven.org.pl\/recenzje\/wp-json\/wp\/v2\/comments?post=437"}],"version-history":[{"count":4,"href":"https:\/\/beethoven.org.pl\/recenzje\/wp-json\/wp\/v2\/pages\/437\/revisions"}],"predecessor-version":[{"id":461,"href":"https:\/\/beethoven.org.pl\/recenzje\/wp-json\/wp\/v2\/pages\/437\/revisions\/461"}],"wp:attachment":[{"href":"https:\/\/beethoven.org.pl\/recenzje\/wp-json\/wp\/v2\/media?parent=437"}],"curies":[{"name":"wp","href":"https:\/\/api.w.org\/{rel}","templated":true}]}}