{"id":277,"date":"2010-03-27T13:05:14","date_gmt":"2010-03-27T12:05:14","guid":{"rendered":"http:\/\/dev.yoho.pl\/beethoven\/recenzje\/?page_id=277"},"modified":"2016-12-19T13:06:11","modified_gmt":"2016-12-19T12:06:11","slug":"koncert-kameralny-27-marca-godz-12-00","status":"publish","type":"page","link":"https:\/\/beethoven.org.pl\/recenzje\/koncert-kameralny-27-marca-godz-12-00\/","title":{"rendered":"Koncert kameralny &#8211; 27 marca, godz. 12.00"},"content":{"rendered":"<p>Po niedawnym znakomitym wykonaniu <i>Koncertu fortepianowego f-moll <\/i>op. 21 Fryderyka Chopina przez Janusza Olejniczaka, graj\u0105cego na instrumencie historycznym, jego ponowny wyst\u0119p w tym repertuarze, tym razem na wsp\u00f3\u0142czesnym fortepianie i z towarzyszeniem kwartetu smyczkowego (aran\u017cacja Bart\u0142omieja Kominka), by\u0142 oczekiwany z zainteresowaniem. Niestety, choroba uniemo\u017cliwi\u0142a arty\u015bcie wyst\u0119p w Sali Wielkiej Zamku Kr\u00f3lewskiego w Warszawie. Partie fortepianowe w dzie\u0142ach Chopina i Schumanna (<i>Kwintet fortepianowy Es-dur<\/i> op. 44) wykonane zosta\u0142y wi\u0119c przez dw\u00f3jk\u0119 m\u0142odych pianist\u00f3w, reprezentowanych przez Stowarzyszenie Ludwiga van Beethovena.<br \/>\nJulia Kociuban musia\u0142a zmierzy\u0107 si\u0119 z oczekiwaniami nieco rozczarowanej publiczno\u015bci \u2013 w takich okoliczno\u015bciach rodz\u0105 si\u0119 gwiazdy. M\u0142oda pianistka sprawia\u0142a wra\u017cenie skoncentrowanej i przej\u0119tej sytuacj\u0105. Ju\u017c od pierwszych fakt\u00f3w pokaza\u0142a profesjonalizm, talent i muzykalno\u015b\u0107. Da\u0142a bardzo dobre wykonanie Chopinowskiego arcydzie\u0142a. Interpretacja Julii Kociuban wpisywa\u0142a si\u0119 w tradycj\u0119 wykonawcz\u0105 utworu, trzeba jednak podkre\u015bli\u0107, ze artystka mia\u0142a do zaproponowania wiele ciekawych pomys\u0142\u00f3w. Jej grze towarzyszy\u0142 czujny kwartet smyczkowy (Maria Machowska, Agata Szymczewska \u2013 skrzypce, Artur Rozmys\u0142owicz \u2013 alt\u00f3wka, Rafa\u0142 Kwaitkowski \u2013 wiolonczela) z\u0142o\u017cony z utalentowanych podopiecznych Stowarzyszenia Ludwiga van Beethovena (jedynie Rozmys\u0142owicz nie jest przez Stowarzyszenie reprezentowany). Ich solidne wykonanie tworzy\u0142o dobr\u0105 ca\u0142o\u015b\u0107 z parti\u0105 solow\u0105 i z pewno\u015bci\u0105 pomog\u0142o pianistce pokaza\u0107 pe\u0142ni\u0119 mo\u017cliwo\u015bci. Znakomicie wypad\u0142 recytatyw w \u015brodkowej cz\u0119\u015bci, jednak to fina\u0142owy mazurek by\u0142 punktem kulminacyjnym tej interpretacji. Napi\u0119cie towarzysz\u0105ce pianistce gdzie\u015b znikn\u0119\u0142o i Julia Kociuban zagra\u0142a mazurka z wielk\u0105 energi\u0105 i takim\u017c u\u015bmiechem. Rado\u015b\u0107 gry udzieli\u0142a si\u0119 muzykom kwartetu, co zaowocowa\u0142o bardzo \u017cywym, spontanicznym wykonaniem, znakomicie przyj\u0119tym przez publiczno\u015b\u0107. M\u0142odzi muzycy powt\u00f3rzyli zatem fragment fina\u0142u. Czy narodzi\u0142a si\u0119 gwiazda? Bez w\u0105tpienia, Julia Kociuban sta\u0142a si\u0119 odkryciem 14. Wielkanocnego Festiwalu Ludwiga van Beethovena. Pojawi\u0142a si\u0119 pianistka obdarzona talentem, \u015bwie\u017cym spojrzeniem i komunikatywno\u015bci\u0105. Przysz\u0142o\u015b\u0107 zawodowa Julii Kociuban wygl\u0105da bardzo obiecuj\u0105co.<br \/>\nPo przerwie us\u0142yszeli\u015bmy <i>Kwintet fortepianowy<\/i> Schumanna. Korea\u0144ski pianista Ian Yungwook Yoo zaprezentowa\u0142 si\u0119 jako dobry kameralista, potrafi\u0105cy dostosowa\u0107 sw\u00f3j d\u017awi\u0119k do brzmienia smyczk\u00f3w oraz zr\u00f3\u017cnicowa\u0107 spos\u00f3b wykonywania partii akompaniuj\u0105cych i tematycznych. Jedynie w finale da\u0142 mo\u017ce zbyt wiele d\u017awi\u0119ku, traktuj\u0105c ten fragment dzie\u0142a quasi-solistycznie. Ca\u0142o\u015b\u0107 Kwintetu wypad\u0142a jednak interesuj\u0105co.<br \/>\nCiekawe by\u0142o r\u00f3wnie\u017c us\u0142ysze\u0107, jak zmieni\u0142 si\u0119 d\u017awi\u0119k zespo\u0142u wraz ze zmian\u0105 prymariuszki. Pierwsze skrzypce w Koncercie Chopina gra\u0142a Maria Machowska, natomiast w Schumannie \u2013 Agata Szymczewska. Pod kierunkiem Machowskiej d\u017awi\u0119k by\u0142 ciemniejszy i bardziej nasycony, za to Szymczewska da\u0142a d\u017awi\u0119k ja\u015bniejszy i ekspansywny.<br \/>\nPo bardzo udanym sobotnim popo\u0142udniu z niecierpliwo\u015bci\u0105 oczekiwali\u015bmy niedzielnego koncertu tych artyst\u00f3w.<\/p>\n<p>Krzysztof Komarnicki<\/p>","protected":false},"excerpt":{"rendered":"<p>Po niedawnym znakomitym wykonaniu Koncertu fortepianowego f-moll op. 21 Fryderyka Chopina przez Janusza Olejniczaka, graj\u0105cego na instrumencie historycznym, jego ponowny wyst\u0119p w tym repertuarze, tym razem na wsp\u00f3\u0142czesnym fortepianie i z towarzyszeniem kwartetu smyczkowego (aran\u017cacja Bart\u0142omieja Kominka), by\u0142 oczekiwany z zainteresowaniem. Niestety, choroba uniemo\u017cliwi\u0142a arty\u015bcie wyst\u0119p w Sali Wielkiej Zamku Kr\u00f3lewskiego w Warszawie. Partie fortepianowe [&hellip;]<\/p>\n","protected":false},"author":2,"featured_media":0,"parent":0,"menu_order":0,"comment_status":"closed","ping_status":"closed","template":"","meta":{"footnotes":""},"class_list":["post-277","page","type-page","status-publish","hentry"],"_links":{"self":[{"href":"https:\/\/beethoven.org.pl\/recenzje\/wp-json\/wp\/v2\/pages\/277","targetHints":{"allow":["GET"]}}],"collection":[{"href":"https:\/\/beethoven.org.pl\/recenzje\/wp-json\/wp\/v2\/pages"}],"about":[{"href":"https:\/\/beethoven.org.pl\/recenzje\/wp-json\/wp\/v2\/types\/page"}],"author":[{"embeddable":true,"href":"https:\/\/beethoven.org.pl\/recenzje\/wp-json\/wp\/v2\/users\/2"}],"replies":[{"embeddable":true,"href":"https:\/\/beethoven.org.pl\/recenzje\/wp-json\/wp\/v2\/comments?post=277"}],"version-history":[{"count":1,"href":"https:\/\/beethoven.org.pl\/recenzje\/wp-json\/wp\/v2\/pages\/277\/revisions"}],"predecessor-version":[{"id":278,"href":"https:\/\/beethoven.org.pl\/recenzje\/wp-json\/wp\/v2\/pages\/277\/revisions\/278"}],"wp:attachment":[{"href":"https:\/\/beethoven.org.pl\/recenzje\/wp-json\/wp\/v2\/media?parent=277"}],"curies":[{"name":"wp","href":"https:\/\/api.w.org\/{rel}","templated":true}]}}