{"id":228,"date":"2011-04-10T11:59:52","date_gmt":"2011-04-10T09:59:52","guid":{"rendered":"http:\/\/dev.yoho.pl\/beethoven\/recenzje\/?page_id=228"},"modified":"2016-12-19T12:01:09","modified_gmt":"2016-12-19T11:01:09","slug":"fine-arts-quartet-10-kwietnia-18-00","status":"publish","type":"page","link":"https:\/\/beethoven.org.pl\/recenzje\/fine-arts-quartet-10-kwietnia-18-00\/","title":{"rendered":"Fine Arts Quartet &#8211; 10 kwietnia, 18.00"},"content":{"rendered":"<p>Muzyka kameralna stanowi zawsze wa\u017cn\u0105 cz\u0119\u015b\u0107 wydarze\u0144 Wielkanocnego Festiwalu Ludwiga van Beethovena. Tak te\u017c jest i w tym roku. Pierwszy koncert kameralny wype\u0142niony by\u0142 utworami wiede\u0144skimi przeznaczonymi na kwintet smyczkowy \u2013 w tym wypadku kwartet uzupe\u0142niony zosta\u0142 o drug\u0105 alt\u00f3wk\u0119.<br \/>\nW Sali Wielkiej Zamku Kr\u00f3lewskiego w Warszawie pojawili si\u0119 zatem muzycy Fine Arts Quartet, zespo\u0142u maj\u0105cego ju\u017c tradycj\u0119 si\u0119gaj\u0105c\u0105 65 lat, a niekt\u00f3rzy muzycy maj\u0105 za sob\u0105 25 lat wsp\u00f3lnych do\u015bwiadcze\u0144. Pi\u0105tym muzykiem by\u0142 koncertmistrz alt\u00f3wek w mediola\u0144skiej La Scali, Danilo Rossi.<br \/>\nFine Arts Quartet prezentuje bardzo linearne podej\u015bcie do muzyki kameralnej: partie poszczeg\u00f3lnych instrument\u00f3w daj\u0105 si\u0119 \u015bledzi\u0107 bez trudu, a ka\u017cdy motyw jest plastycznie ukazany. Pion zatem jest wypadkow\u0105 owej linearno\u015bci. Wra\u017cenie to dodatkowo wzmaga zdecydowanie wyr\u00f3\u017cniaj\u0105ce si\u0119, odr\u0119bne brzmienie skrzypiec Ralpha Evansa.<br \/>\nOwo linearne podej\u015bcie ujawni\u0142o si\u0119 w ca\u0142ej pe\u0142ni ju\u017c w pierwszym utworze wieczoru, <i>Intermezzu d-moll <\/i>Antona Brucknera. Ten rzadko wykonywany utw\u00f3r zabrzmia\u0142 plastycznie i interesuj\u0105co.<br \/>\nNast\u0119puj\u0105cy <i>Kwintet D-dur <\/i>Wolfganga Amadeusza Mozarta odznacza\u0142 si\u0119 pogod\u0105 i humorem. Znakomicie ukazane zosta\u0142y niuanse formy: do\u015b\u0107 niezwyk\u0142e rozwi\u0105zanie zastosowane przez kompozytora, polegaj\u0105ce na przywo\u0142aniu powolnego wst\u0119pu tu\u017c przed kod\u0105 pierwszej cz\u0119\u015bci, wykonane zosta\u0142o bardzo naturalnie. Odda\u0142o to sprawiedliwo\u015b\u0107 Mozartowskiej koncepcji, nowatorskiej, ale przecie\u017c nie \u2013 dziwacznej.<br \/>\nPunktem kulminacyjnym programu by\u0142a druga cz\u0119\u015b\u0107, <i>Adagio molto espressivo<\/i>, z kwintetu Ludwika van Beethovena. Wykonanie by\u0142o pe\u0142ne ekspresji, emocjonalnie nasycone. Zmienne faktury (Beethoven dzieli zesp\u00f3\u0142 na mniejsze grupy i przeciwstawia je sobie niczym grupy orkiestry) zosta\u0142y wykorzystane przez muzyk\u00f3w nie jako pokaz technicznej sprawno\u015bci kompozytora, ale jako \u015brodek do budowania g\u0142\u0119bokiego wyrazu.<br \/>\nKoncert odby\u0142 si\u0119 w dniu 10 kwietnia. Muzycy Fine Arts Quartet wykonali pi\u0119kny gest, dedykuj\u0105c jedyny bis \u2013 <i>Adagio z Kwintetu f-moll<\/i> Antona Brucknera \u2013 pami\u0119ci ofiar smole\u0144skiej katastrofy.<br \/>\nKrzysztof Komarnicki<br \/>\n(polskieradio.pl)<\/p>","protected":false},"excerpt":{"rendered":"<p>Muzyka kameralna stanowi zawsze wa\u017cn\u0105 cz\u0119\u015b\u0107 wydarze\u0144 Wielkanocnego Festiwalu Ludwiga van Beethovena. Tak te\u017c jest i w tym roku. Pierwszy koncert kameralny wype\u0142niony by\u0142 utworami wiede\u0144skimi przeznaczonymi na kwintet smyczkowy \u2013 w tym wypadku kwartet uzupe\u0142niony zosta\u0142 o drug\u0105 alt\u00f3wk\u0119. W Sali Wielkiej Zamku Kr\u00f3lewskiego w Warszawie pojawili si\u0119 zatem muzycy Fine Arts Quartet, zespo\u0142u [&hellip;]<\/p>\n","protected":false},"author":2,"featured_media":0,"parent":0,"menu_order":0,"comment_status":"closed","ping_status":"closed","template":"","meta":{"footnotes":""},"class_list":["post-228","page","type-page","status-publish","hentry"],"_links":{"self":[{"href":"https:\/\/beethoven.org.pl\/recenzje\/wp-json\/wp\/v2\/pages\/228","targetHints":{"allow":["GET"]}}],"collection":[{"href":"https:\/\/beethoven.org.pl\/recenzje\/wp-json\/wp\/v2\/pages"}],"about":[{"href":"https:\/\/beethoven.org.pl\/recenzje\/wp-json\/wp\/v2\/types\/page"}],"author":[{"embeddable":true,"href":"https:\/\/beethoven.org.pl\/recenzje\/wp-json\/wp\/v2\/users\/2"}],"replies":[{"embeddable":true,"href":"https:\/\/beethoven.org.pl\/recenzje\/wp-json\/wp\/v2\/comments?post=228"}],"version-history":[{"count":1,"href":"https:\/\/beethoven.org.pl\/recenzje\/wp-json\/wp\/v2\/pages\/228\/revisions"}],"predecessor-version":[{"id":229,"href":"https:\/\/beethoven.org.pl\/recenzje\/wp-json\/wp\/v2\/pages\/228\/revisions\/229"}],"wp:attachment":[{"href":"https:\/\/beethoven.org.pl\/recenzje\/wp-json\/wp\/v2\/media?parent=228"}],"curies":[{"name":"wp","href":"https:\/\/api.w.org\/{rel}","templated":true}]}}