{"id":190,"date":"2013-03-27T10:30:37","date_gmt":"2013-03-27T09:30:37","guid":{"rendered":"http:\/\/dev.yoho.pl\/beethoven\/recenzje\/?page_id=190"},"modified":"2016-12-19T10:31:32","modified_gmt":"2016-12-19T09:31:32","slug":"mdr-i-jarvi-czyli-festiwalowe-fajerwerki-27-marca-2013","status":"publish","type":"page","link":"https:\/\/beethoven.org.pl\/recenzje\/mdr-i-jarvi-czyli-festiwalowe-fajerwerki-27-marca-2013\/","title":{"rendered":"MDR i J\u00e4rvi czyli festiwalowe fajerwerki, 27 marca 2013"},"content":{"rendered":"<p>Wystarczy\u0142o kilka d\u017awi\u0119k\u00f3w i wszystko sta\u0142o si\u0119 jasne &#8211; oto prawdziwe gwiazdy muzyki symfonicznej! Kompozycje Johannesa Brahmsa, Krzysztofa Pendereckiego i Beethovena zagra\u0142a na 17. Wielkanocnym Festiwalu Ludwiga van Beethovena Lipska Orkiestra Symfoniczna MDR pod dyrekcj\u0105 Kristjana J\u00e4rviego.<br \/>\nTen koncert od samego pocz\u0105tku przyprawia\u0142 nas o dreszcze. Nie tylko z powodu towarzysz\u0105cej mu uroczysto\u015bci podpisania umowy o wsp\u00f3\u0142pracy pomi\u0119dzy Telewizj\u0105 Polsk\u0105 S.A., Polskim Radiem S.A. i niemieck\u0105 rozg\u0142o\u015bni\u0105 radiowo-telewizyjn\u0105 Mitteldeutscher Rundfunk (to pod jej skrzyd\u0142ami wyst\u0119puje Lipska Orkiestra Symfoniczna MDR). Przede wszystkim dlatego, \u017ce wielkim szacunkiem i estym\u0105 darzymy ca\u0142\u0105 muzyczn\u0105 rodzin\u0119 Kristjana J\u00e4rviego (dyrygentami s\u0105 jego ojciec Neeme J\u00e4rvi i brat Paavo J\u00e4rvi), jak r\u00f3wnie\u017c jego zesp\u00f3\u0142. Obejmuj\u0105c stanowisko pierwszego dyrygenta lipskiej orkiestry J\u00e4rvi przejmuje pa\u0142eczk\u0119 po tak znamienitych osobisto\u015bciach jak Hermann Abendroth, Herbert Kegel, Wolf-Dieter Hauschild, Fabio Luisi oraz Jun M\u00e4rkl. Czy jest godnym ich nast\u0119pc\u0105? Po wczorajszym koncercie, festiwalowym fajerwerku nikt chyba nie ma w\u0105tpliwo\u015bci.<br \/>\nDla wiernych s\u0142uchaczy i wielbicieli tego zespo\u0142u oraz dyrygenta to oczywisto\u015b\u0107. Dla tych, kt\u00f3rzy s\u0142uchali ich na \u017cywo po raz pierwszy sta\u0142o si\u0119 to jasne zapewne po kilku pierwszych nutach otwieraj\u0105cej wiecz\u00f3r \u201eUwertury akademickiej\u201d op. 80 Johannesa Brahmsa. Ka\u017cda fraza, ka\u017cdy d\u017awi\u0119k, ka\u017cdy moment dynamicznej narracji brzmia\u0142y doskonale. A kiedy wreszcie dobieg\u0142y ze sceny dobrze nam znane, pompatyczne d\u017awi\u0119ki hymnu \u201eGaudeamus igitur\u201d mogliby\u015bmy ju\u017c wykrzycze\u0107: oto mistrzowie muzyki symfonicznej.<br \/>\nMocn\u0105 cezur\u0105, jakby przeniesieniem w zupe\u0142nie inny \u015bwiat by\u0142 II Koncert skrzypcowy \u201eMetamorfozy\u201d Krzysztofa Pendereckiego.<br \/>\nSta\u0142o si\u0119 tak g\u0142\u00f3wnie za spraw\u0105 wykonawcy partii solowej &#8211; Jaros\u0142awa Nadrzyckiego, kt\u00f3ry ju\u017c trzy lata temu zadebiutowa\u0142 w tym utworze u boku samego kompozytora. Kiedy ws\u0142uchiwa\u0142em si\u0119 wczoraj w d\u017awi\u0119k jego skrzypiec, w pe\u0142ne i mocno nasycone, krwiste &#8211; chcia\u0142oby si\u0119 powiedzie\u0107 &#8211; brzmienie, nie mog\u0142em uwierzy\u0107, \u017ce to interpretacja m\u0142odego b\u0105d\u017a co b\u0105d\u017a artysty.<br \/>\nII Koncert skrzypcowy to dzie\u0142o trudne i wymagaj\u0105ce. Dzie\u0142o, kt\u00f3re kompozytor pisa\u0142 z my\u015bl\u0105 o jednej z najwi\u0119kszych skrzypaczek naszych czas\u00f3w &#8211; Anne-Sophie Mutter. Nadrzycki okaza\u0142 si\u0119 jednak fantastycznym jego wykonawc\u0105<br \/>\nZaskoczy\u0142 te\u017c Kristjan J\u00e4rvi, kt\u00f3ry &#8211; co tu kry\u0107 &#8211; specjalizuje si\u0119 przecie\u017c w zupe\u0142nie innym nurcie muzyki klasycznej. Kompozycj\u0119 Pendereckiego poprowadzi\u0142 jednak rozwa\u017cnie i z nale\u017cytym jej zmiennym dramatyzmem.<br \/>\nW finale tego wieczoru powr\u00f3cili\u015bmy do symfonicznej muzyki XIX wieku. I kiedy zabrzmia\u0142a VIII Symfonia Beethovena (oraz liczne bisy) dyrygent nie kry\u0142 ju\u017c emocji. Ta\u0144czy\u0142, podskakiwa\u0142, bawi\u0142 si\u0119 t\u0105 pogodn\u0105 muzyk\u0105, czyni\u0105c z niej jednocze\u015bnie najpi\u0119kniejsz\u0105 t\u0119cz\u0119 \u015bwiata. Orkiestra nie pozostawa\u0142a mu d\u0142u\u017cna dowodz\u0105c, jak wiele pogody ducha mo\u017cna odnale\u017a\u0107 w muzyce wiede\u0144skiego klasyka.<br \/>\nOwacjom nie by\u0142o ko\u0144ca, a artystom akurat w to by\u0142o graj. Dopiero po trzecim, a mo\u017ce czwartym bisie dyrygent energicznym ruchem popchn\u0105\u0142 koncertmistrza, w duchu (albo szeptem) m\u00f3wi\u0105c zapewne: \u201eZabieraj orkiestr\u0119, wychodzimy! Bo inaczej nigdy ju\u017c nas st\u0105d nie wypuszcz\u0105.\u201d I pojechali do Krakowa, by swym wyst\u0119pem u\u015bwietni\u0107 jubileusz 40-lecia partnerskiej wsp\u00f3\u0142pracy \u0142\u0105cz\u0105cej stolic\u0119 Ma\u0142opolski z Lipskiem. W Warszawie za\u015b d\u0142ugo jeszcze o nich b\u0119dziemy pami\u0119ta\u0107, bo to jeden z tych koncert\u00f3w, kt\u00f3ry bez w\u0105tpienia stanie na podium najwspanialszych muzycznych wydarze\u0144 roku.<br \/>\nTomasz Handzlik<\/p>","protected":false},"excerpt":{"rendered":"<p>Wystarczy\u0142o kilka d\u017awi\u0119k\u00f3w i wszystko sta\u0142o si\u0119 jasne &#8211; oto prawdziwe gwiazdy muzyki symfonicznej! Kompozycje Johannesa Brahmsa, Krzysztofa Pendereckiego i Beethovena zagra\u0142a na 17. Wielkanocnym Festiwalu Ludwiga van Beethovena Lipska Orkiestra Symfoniczna MDR pod dyrekcj\u0105 Kristjana J\u00e4rviego. Ten koncert od samego pocz\u0105tku przyprawia\u0142 nas o dreszcze. Nie tylko z powodu towarzysz\u0105cej mu uroczysto\u015bci podpisania umowy [&hellip;]<\/p>\n","protected":false},"author":2,"featured_media":0,"parent":0,"menu_order":0,"comment_status":"closed","ping_status":"closed","template":"","meta":{"footnotes":""},"class_list":["post-190","page","type-page","status-publish","hentry"],"_links":{"self":[{"href":"https:\/\/beethoven.org.pl\/recenzje\/wp-json\/wp\/v2\/pages\/190","targetHints":{"allow":["GET"]}}],"collection":[{"href":"https:\/\/beethoven.org.pl\/recenzje\/wp-json\/wp\/v2\/pages"}],"about":[{"href":"https:\/\/beethoven.org.pl\/recenzje\/wp-json\/wp\/v2\/types\/page"}],"author":[{"embeddable":true,"href":"https:\/\/beethoven.org.pl\/recenzje\/wp-json\/wp\/v2\/users\/2"}],"replies":[{"embeddable":true,"href":"https:\/\/beethoven.org.pl\/recenzje\/wp-json\/wp\/v2\/comments?post=190"}],"version-history":[{"count":1,"href":"https:\/\/beethoven.org.pl\/recenzje\/wp-json\/wp\/v2\/pages\/190\/revisions"}],"predecessor-version":[{"id":191,"href":"https:\/\/beethoven.org.pl\/recenzje\/wp-json\/wp\/v2\/pages\/190\/revisions\/191"}],"wp:attachment":[{"href":"https:\/\/beethoven.org.pl\/recenzje\/wp-json\/wp\/v2\/media?parent=190"}],"curies":[{"name":"wp","href":"https:\/\/api.w.org\/{rel}","templated":true}]}}