{"id":170,"date":"2013-03-17T10:19:30","date_gmt":"2013-03-17T09:19:30","guid":{"rendered":"http:\/\/dev.yoho.pl\/beethoven\/recenzje\/?page_id=170"},"modified":"2016-12-19T10:19:58","modified_gmt":"2016-12-19T09:19:58","slug":"zakochac-sie-w-warszawie-przez-krakow-17-marca-2013","status":"publish","type":"page","link":"https:\/\/beethoven.org.pl\/recenzje\/zakochac-sie-w-warszawie-przez-krakow-17-marca-2013\/","title":{"rendered":"Zakocha\u0107 si\u0119 w Warszawie&#8230; przez Krak\u00f3w, 17 marca 2013"},"content":{"rendered":"<p>Gor\u0105cymi brawami zako\u0144czy\u0142 si\u0119 niedzielny koncert w Filharmonii Narodowej, inauguruj\u0105cy 17. Wielkanocny Festiwal Ludwiga van Beethovena. Jego bohaterami by\u0142y zespo\u0142y z Krakowa oraz znakomici soli\u015bci z kraju i ze \u015bwiata.<\/p>\n<p>Otwieraj\u0105c uroczysty koncert wiceprezydent Warszawy W\u0142odzimierz Paszy\u0144ski nie kry\u0142 s\u0142\u00f3w podziwu dla tw\u00f3rc\u00f3w Wielkanocnego Festiwalu Ludwiga van Beethovena i zach\u0119ca\u0142 publiczno\u015b\u0107: &#8211; Korzystajcie pa\u0144stwo z tych kilkunastu dni wype\u0142nionych wspania\u0142\u0105 muzyk\u0105. I pom\u00f3\u017ccie spe\u0142ni\u0107 to has\u0142o, kt\u00f3re razem promujemy ju\u017c od kilku lat: zakochajcie si\u0119 w Warszawie.<br \/>\nAle przecie\u017c to zakochiwanie trwa ju\u017c na dobre. Mo\u017cna by tylko doda\u0107, \u017ce wczoraj zn\u00f3w nabra\u0142o p\u0142omiennej temperatury za spraw\u0105 Krakowa. Bohaterami wieczoru inauguracyjnego festiwalu, kt\u00f3ry narodzi\u0142 si\u0119 w Krakowie, a od dziesi\u0119ciu lat odbywa si\u0119 w stolicy byli bowiem arty\u015bci z Krakowa: Orkiestra Akademii Beethovenowskiej oraz Ch\u00f3r Filharmonii Krakowskiej.<br \/>\nTowarzyszy\u0142a im mi\u0119dzynarodowa grupa solist\u00f3w: litewska pianistka M\u00fbza Rubackyt\u00e9 (w Fantazji c-moll na fortepian, ch\u00f3r i orkiestr\u0119 op. 80 Ludwiga van Beethovena) oraz sopranistka Sabina von Walther, mezzosopranistka Joanna Dobrakowska, tenor Eric Barry oraz baryton Klemens Sander (w IX Symfonii d-moll op. 125 Beethovena).<br \/>\nKoncert rozpocz\u0105\u0142 si\u0119 od Fantazji &#8211; utworu, w kt\u00f3rym zar\u00f3wno pianistka, jak te\u017c ch\u00f3r i orkiestra mog\u0105 zaprezentowa\u0107 swoje solowe mo\u017cliwo\u015bci i doskona\u0142o\u015bci (urzek\u0142o przede wszystkim kapitalne solo fletu oraz grupy \u015bpiewak\u00f3w krakowskiego ch\u00f3ru). Wszyscy jednak czekali na najs\u0142ynniejsze dzie\u0142o Beethovena &#8211; monumentaln\u0105 IX Symfoni\u0119, tym bardziej, \u017ce jeden z temat\u00f3w Fantazji do niej w\u0142a\u015bnie nawo\u0142uje.<br \/>\nInterpretacja prowadz\u0105cego zesp\u00f3\u0142 ukrai\u0144skiego dyrygenta Kirilla Karabitsa od samego pocz\u0105tku budzi\u0142a kontrowersje. G\u0142\u00f3wnie z powodu mocno rozbuchanych temp. Orkiestra Akademii Beethovenowskiej wysz\u0142a jednak z tych opresji zwyci\u0119sko i potrafi\u0142a zachwyci\u0107 pi\u0119knym cieniowaniem barw oraz dynamicznym dyskursem rozgrywaj\u0105cym si\u0119 w kolejnych grupach instrument\u00f3w.<br \/>\nR\u00f3wnie wspaniale zabrzmia\u0142 krakowski ch\u00f3r, zw\u0142aszcza gdy zagrzmia\u0142 sw\u0105 wielk\u0105 si\u0142\u0105 w fina\u0142owej \u201eOdzie do rado\u015bci\u201d Schillera.<br \/>\nWcze\u015bniej zab\u0142ysn\u0119li w niej soli\u015bci, zw\u0142aszcza baryton Klemens Sander, kt\u00f3ry temat \u201eOdy&#8230;\u201d zaintonowa\u0142 mocnym i zdecydowanym g\u0142osem oraz Sabina von Walther, urzekaj\u0105ca niezwyk\u0142\u0105 si\u0142\u0105 o przenikliwo\u015bci\u0105 perli\u015bcie czystego sopranu.<br \/>\nKoncert w Filharmonii Narodowej by\u0142 inauguracj\u0105 oficjaln\u0105, uroczyst\u0105, ale 17. Wielkanocny Festiwal Ludwiga van Beethovena rozpocz\u0105\u0142 tak naprawd\u0119 pochodz\u0105cy z Macedonii pianista Simon Trp\u010deski, kt\u00f3rego solowy recital odby\u0142 si\u0119 w niedzielne po\u0142udnie w Sali Wielkiej Zamku Kr\u00f3lewskiego w Warszawie.<br \/>\nGoszcz\u0105cy po raz pierwszy na festiwalu artysta program mia\u0142 do\u015b\u0107 mocno zr\u00f3\u017cnicowany: od \u201e16 Ta\u0144c\u00f3w niemieckich\u201d i \u201eFantazji-W\u0119drowiec\u201d Franza Schuberta, przez Preludium i fug\u0119 organow\u0105 a-moll Johanna Sebastiana Bacha w opracowaniu Ferenca Liszta, po jego \u201eWieczory wiede\u0144skie\u201d i II Rapsodi\u0119 w\u0119giersk\u0105.<br \/>\nJa czeka\u0142em przede wszystkim na Bacha, bo cho\u0107 uwa\u017cam, \u017ce jego dzie\u0142a powinny by\u0107 wykonywane raczej na organach, uwielbiam ws\u0142uchiwa\u0107 si\u0119 w t\u0119 bogat\u0105 polifoni\u0119 &#8211; wielobarwn\u0105, misternie utkan\u0105 i emanuj\u0105c\u0105 jak\u0105\u015b magiczn\u0105 energi\u0105. Nie zawiod\u0142em si\u0119, bo Simon Trp\u010deski &#8211; mimo \u017ce jest pianist\u0105 predestynowanym bardziej do Liszta ni\u017c do Bacha &#8211; zagra\u0142 pi\u0119knie, z finezj\u0105 prowadz\u0105c kolejne g\u0142osy fugi. Niespodziank\u0105 by\u0142a jednak fina\u0142owa Rapsodia w\u0119gierska. A w\u0142a\u015bciwie nie niespodziank\u0105, lecz fajerwerkiem. Trp\u010deski jakby dosta\u0142 skrzyde\u0142, jakby na scenie zasiad\u0142 nie jeden, ale siedmiu pianist\u00f3w. \u017bywio\u0142, ogie\u0144, pe\u0142na gama dynamicznych mo\u017cliwo\u015bci instrumentu, a do tego niebywa\u0142e zdolno\u015bci wirtuoza. To by\u0142o spotkanie ze wspania\u0142ym artyst\u0105. I chyba g\u0142\u00f3wnie ono pozostanie w pami\u0119ci z pierwszego dnia festiwalu.<br \/>\nAle nie tylko. Zapami\u0119tamy r\u00f3wnie\u017c wyst\u0119p Orkiestry Akademii Beethovenowskiej, jej znakomite brzmienie i zako\u0144czone sukcesem zmagania z nie\u0142atw\u0105 przecie\u017c ikon\u0105 klasyki &#8211; IX Symfoni\u0105 Beethovena.<br \/>\nPami\u0119tam jak osiem lat temu OAB inaugurowa\u0142a festiwal w Warszawie. To by\u0142y jej pocz\u0105tki, bo zesp\u00f3\u0142 ukonstytuowa\u0142 si\u0119 niespe\u0142na dwa lata wcze\u015bniej, zreszt\u0105 nie bez znacz\u0105cej pomocy El\u017cbiety Pendereckiej. Pomys\u0142odawczyni i dyrektor naczelna Wielkanocnego Festiwalu Ludwiga van Beethovena zaryzykowa\u0142a i da\u0142a wielk\u0105 szans\u0119 najm\u0142odszej w\u00f3wczas w Polsce orkiestrze. Dzi\u015b nikt ju\u017c nie poddaje w w\u0105tpliwo\u015b\u0107, \u017ce ryzyko si\u0119 op\u0142aca\u0142o, a wyst\u0119p na warszawskim festiwalu nie tylko otworzy\u0142 orkiestrze drzwi do najs\u0142ynniejszych sal koncertowych \u015bwiata, ale uczyni\u0142 z niej w pe\u0142ni profesjonalny zesp\u00f3\u0142.<br \/>\nTomasz Handzlik<\/p>","protected":false},"excerpt":{"rendered":"<p>Gor\u0105cymi brawami zako\u0144czy\u0142 si\u0119 niedzielny koncert w Filharmonii Narodowej, inauguruj\u0105cy 17. Wielkanocny Festiwal Ludwiga van Beethovena. Jego bohaterami by\u0142y zespo\u0142y z Krakowa oraz znakomici soli\u015bci z kraju i ze \u015bwiata. Otwieraj\u0105c uroczysty koncert wiceprezydent Warszawy W\u0142odzimierz Paszy\u0144ski nie kry\u0142 s\u0142\u00f3w podziwu dla tw\u00f3rc\u00f3w Wielkanocnego Festiwalu Ludwiga van Beethovena i zach\u0119ca\u0142 publiczno\u015b\u0107: &#8211; Korzystajcie pa\u0144stwo z [&hellip;]<\/p>\n","protected":false},"author":2,"featured_media":0,"parent":0,"menu_order":0,"comment_status":"closed","ping_status":"closed","template":"","meta":{"footnotes":""},"class_list":["post-170","page","type-page","status-publish","hentry"],"_links":{"self":[{"href":"https:\/\/beethoven.org.pl\/recenzje\/wp-json\/wp\/v2\/pages\/170","targetHints":{"allow":["GET"]}}],"collection":[{"href":"https:\/\/beethoven.org.pl\/recenzje\/wp-json\/wp\/v2\/pages"}],"about":[{"href":"https:\/\/beethoven.org.pl\/recenzje\/wp-json\/wp\/v2\/types\/page"}],"author":[{"embeddable":true,"href":"https:\/\/beethoven.org.pl\/recenzje\/wp-json\/wp\/v2\/users\/2"}],"replies":[{"embeddable":true,"href":"https:\/\/beethoven.org.pl\/recenzje\/wp-json\/wp\/v2\/comments?post=170"}],"version-history":[{"count":1,"href":"https:\/\/beethoven.org.pl\/recenzje\/wp-json\/wp\/v2\/pages\/170\/revisions"}],"predecessor-version":[{"id":171,"href":"https:\/\/beethoven.org.pl\/recenzje\/wp-json\/wp\/v2\/pages\/170\/revisions\/171"}],"wp:attachment":[{"href":"https:\/\/beethoven.org.pl\/recenzje\/wp-json\/wp\/v2\/media?parent=170"}],"curies":[{"name":"wp","href":"https:\/\/api.w.org\/{rel}","templated":true}]}}