{"id":153,"date":"2015-03-27T10:31:22","date_gmt":"2015-03-27T09:31:22","guid":{"rendered":"http:\/\/dev.yoho.pl\/beethoven\/recenzje\/?page_id=153"},"modified":"2016-12-15T13:15:55","modified_gmt":"2016-12-15T12:15:55","slug":"dzien-pianistow-27-marca","status":"publish","type":"page","link":"https:\/\/beethoven.org.pl\/recenzje\/dzien-pianistow-27-marca\/","title":{"rendered":"Dzie\u0144 pianist\u00f3w &#8211; 27 marca"},"content":{"rendered":"<p>Dzie\u0144 pianist\u00f3w<br \/>\nNasi reprezentanci do Mi\u0119dzynarodowego Konkursu Pianistycznego im. Fryderyka Chopina w Warszawie &#8211; Julia Kociuban i Szymon Nehring, a tak\u017ce gwiazda mi\u0119dzynarodowych scen \u2013 Zee Zee<br \/>\nbyli bohaterami kolejnego, bardzo szczeg\u00f3lnego dnia 19. Wielkanocnego Festiwalu Ludwiga van Beethovena. Szczeg\u00f3lnego, bo jego program skonstruowany zosta\u0142 w ten spos\u00f3b, by w jego pierwszej (popo\u0142udniowej) cz\u0119\u015bci zaprezentowa\u0107 m\u0142odych artyst\u00f3w, kt\u00f3rzy przygotowuj\u0105 si\u0119 w\u0142a\u015bnie do startu w Mi\u0119dzynarodowym Konkursie Pianistycznym im. Fryderyka Chopina w Warszawie. W drugiej za\u015b \u2013 dla kontrastu, a mo\u017ce te\u017c konfrontacji \u2013 pokaza\u0107 artyst\u0119 spe\u0142nionego i do\u015bwiadczonego, cho\u0107 wci\u0105\u017c jeszcze m\u0142odego wiekiem, a kt\u00f3ry ma jednak za sob\u0105 triumfy nie tylko na tym s\u0142ynnym polskim konkursie, ale r\u00f3wnie\u017c na wielu innych \u015bwiatowych scenach.<br \/>\nRodzinne problemy tego drugiego pokrzy\u017cowa\u0142y plany. Mowa oczywi\u015bcie o chi\u0144skim piani\u015bcie Li Yundim, kt\u00f3rego przyjazd na Festiwal Beethovenowski odwo\u0142any zosta\u0142 zaledwie na par\u0119 tygodni przed zaplanowanym koncertem. W jego miejsce zorganizowany zosta\u0142 recital r\u00f3wnie utalentowanej chi\u0144skiej pianistki Zee Zee (znanej do tej pory jako Zhang Zuo).<br \/>\nPianistyczny maraton rozpocz\u0119\u0142a Julia Kociuban, m\u0142oda pianistka z Krakowa, studiuj\u0105ca obecnie pod okiem prof. Pavla Gililova w Mozarteum w Salzburgu. Do programu wybra\u0142a kompozycje Fryderyka Chopina (Andante spianato i Wielki Polonez Es-dur op. 22), Ludwiga van Beethovena (Sonata fortepianowa Es-dur op. 27 nr 1 Quasi una fantasia) i Gra\u017cyny Bacewicz (II Sonata na fortepian).<br \/>\nPami\u0119tam Juli\u0119 Kociuban, kiedy jako pi\u0119cio- mo\u017ce -sze\u015bciolatka grywa\u0142a koncerty w Krakowie.<br \/>\nBy\u0142a gwiazd\u0105 wszystkich niemal uroczysto\u015bci, audycji czy apeli szkolnych (przez pewien czas byli\u015bmy uczniami tej samej szko\u0142y muzycznej). My \u2013 jej s\u0142uchacze, starsi nieco koledzy, ju\u017c wtedy wiedzieli\u015bmy (a raczej nauczyciele wpajali nam t\u0119 wiedz\u0119), \u017ce na naszych oczach ro\u015bnie wielka artystka. Oczywi\u015bcie mieli\u015bmy bra\u0107 z niej przyk\u0142ad.<br \/>\nWczorajszy wyst\u0119p Julii Kociuban na Festiwalu Beethovenowskim potwierdza nie tylko te prorocze s\u0142owa, ale przede wszystkim ukazuje j\u0105 w zupe\u0142nie innym \u015bwietle. Ju\u017c zreszt\u0105 pierwsze akordy \u201eAndante spinato\u201d powiedzia\u0142y nam przecie\u017c kim jest. Nie dziewczynk\u0105, ani dziewczyn\u0105, ale kobiet\u0105, dojrza\u0142\u0105 pianistk\u0105, mocn\u0105 i bezkompromisow\u0105 osobowo\u015bci\u0105 artystyczn\u0105, kt\u00f3ra nie tylko pozna\u0142a tajniki interpretacji muzyki klasycznej, ale te\u017c wie, czego chce dokona\u0107.<br \/>\n\u201eMelodia Andante spianato toczy si\u0119 na kszta\u0142t arabeski, jakby poza czasem, g\u0142osem intymnie przyciszonym, skupionym i r\u00f3wnym. Polonez uderza za\u015b w ton heroiczny, w spos\u00f3b niemal brutalny wytr\u0105caj\u0105 s\u0142uchacza z onirycznego zadumania\u201d \u2013 mawia o dziele Chopina jeden z najwybitniejszych badaczy muzyki naszego romantyka Mieczys\u0142aw Tomaszewski.<br \/>\nJulia Kociuban znakomicie odmalowa\u0142a te kontrasty. Czaruj\u0105c delikatnie k\u0142adzion\u0105 fraz\u0105 w Andante, a jednocze\u015bnie porywaj\u0105c emocj\u0105 i wirtuozeri\u0105 w Polonezie.<br \/>\nMnie osobi\u015bcie najbardziej do gustu przypad\u0142o jednak jej wykonanie II Sonaty Gra\u017cyny Bacewicz.<br \/>\nTu artystka pokaza\u0142a pot\u0119g\u0119 brzmienia i artystyczn\u0105 dojrza\u0142o\u015b\u0107. Zachwyca\u0142y pi\u0119knie, szeroko budowane frazy, ogrom dynamiki i perfekcja jednocze\u015bnie.<br \/>\nPodobnie by\u0142o w przypadku Szymona Nehringa. To nie jego Chopin (Fantazja f-moll op. 49), ani Scarlatti (Sonata d-moll L. 366), ale Szymanowski (Wariacje b-moll op. 3) zrobi\u0142y na mnie najwi\u0119ksze wra\u017cenie. Nieco m\u0142odszy od Julii Kociuban artysta doskonale zrozumia\u0142 i rozplanowa\u0142 dramaturgi\u0119 tego dzie\u0142a. B\u0119d\u0105ca tematem wariacji \u015bpiewna melodia snu\u0142a si\u0119 tu poprzez kolejne \u201eods\u0142ony\u201d kompozycji raz pot\u0119guj\u0105c ich melodyjne oblicze, a raz wprowadzaj\u0105c poczucie niepewno\u015bci, nieodkrytej tajemnicy, raz niemal podrywaj\u0105c (w duchu chopinowskich mazurk\u00f3w) do ta\u0144ca, a wreszcie kulminuj\u0105c w rozbudowanej, fina\u0142owej kodzie.<br \/>\nPodobnie jak jego poprzedniczka Szymon Nehring dowi\u00f3d\u0142 te\u017c technicznej dojrza\u0142o\u015bci. Rozbudowana faktura i wymagaj\u0105ca wirtuozeria tego dzie\u0142a nie by\u0142y dla niego ograniczeniem, ale \u015brodkiem do osi\u0105gni\u0119cia znakomitych rezultat\u00f3w.<br \/>\nNie jeden ze s\u0142uchaczy zadawa\u0142 sobie zapewne po tym podw\u00f3jnym recitalu pytanie jakie s\u0105 szanse Julii Kociuban i Szymona Nehringa w Konkursie Chopinowskim. Trudno wyrokowa\u0107, bo nie s\u0142yszeli\u015bmy przecie\u017c \u2013 poza t\u0105 dw\u00f3jk\u0105 \u2013 pozosta\u0142ych kandydat\u00f3w. Poza tym mo\u017ce lepiej nie wyrokujmy, a po prostu trzymajmy za tych m\u0142odych kciuki.<br \/>\nA jak wypad\u0142a konfrontacja z Zee Zee? Przyzna\u0107 musz\u0119, \u017ce nie przypad\u0142a mi do gustu jej pianistyka. Braku technicznych zdolno\u015bci, wybornej wr\u0119cz wirtuozerii nie mo\u017cna jej zarzuci\u0107. W tym jest akurat znakomita! W ka\u017cdym z utwor\u00f3w, kt\u00f3re prezentowa\u0142a (Sonata fortepianowa Es-dur op. 31 nr 3 Ludwiga van Beethovena, \u201eFaschingsschwank aus Wien\u201d op. 26 Roberta Schumanna, Sonata fortepianowa c-moll D. 958 Franza Schuberta) brakowa\u0142o jednak odrobiny subtelno\u015bci, muzycznej poezji. Tej, kt\u00f3ra akurat urzeka\u0142a w popisach Kociuban i Nehringa.<br \/>\nTomasz Handzlik<\/p>","protected":false},"excerpt":{"rendered":"<p>Dzie\u0144 pianist\u00f3w Nasi reprezentanci do Mi\u0119dzynarodowego Konkursu Pianistycznego im. Fryderyka Chopina w Warszawie &#8211; Julia Kociuban i Szymon Nehring, a tak\u017ce gwiazda mi\u0119dzynarodowych scen \u2013 Zee Zee byli bohaterami kolejnego, bardzo szczeg\u00f3lnego dnia 19. Wielkanocnego Festiwalu Ludwiga van Beethovena. Szczeg\u00f3lnego, bo jego program skonstruowany zosta\u0142 w ten spos\u00f3b, by w jego pierwszej (popo\u0142udniowej) cz\u0119\u015bci zaprezentowa\u0107 [&hellip;]<\/p>\n","protected":false},"author":2,"featured_media":0,"parent":0,"menu_order":0,"comment_status":"closed","ping_status":"closed","template":"","meta":{"footnotes":""},"class_list":["post-153","page","type-page","status-publish","hentry"],"_links":{"self":[{"href":"https:\/\/beethoven.org.pl\/recenzje\/wp-json\/wp\/v2\/pages\/153","targetHints":{"allow":["GET"]}}],"collection":[{"href":"https:\/\/beethoven.org.pl\/recenzje\/wp-json\/wp\/v2\/pages"}],"about":[{"href":"https:\/\/beethoven.org.pl\/recenzje\/wp-json\/wp\/v2\/types\/page"}],"author":[{"embeddable":true,"href":"https:\/\/beethoven.org.pl\/recenzje\/wp-json\/wp\/v2\/users\/2"}],"replies":[{"embeddable":true,"href":"https:\/\/beethoven.org.pl\/recenzje\/wp-json\/wp\/v2\/comments?post=153"}],"version-history":[{"count":1,"href":"https:\/\/beethoven.org.pl\/recenzje\/wp-json\/wp\/v2\/pages\/153\/revisions"}],"predecessor-version":[{"id":154,"href":"https:\/\/beethoven.org.pl\/recenzje\/wp-json\/wp\/v2\/pages\/153\/revisions\/154"}],"wp:attachment":[{"href":"https:\/\/beethoven.org.pl\/recenzje\/wp-json\/wp\/v2\/media?parent=153"}],"curies":[{"name":"wp","href":"https:\/\/api.w.org\/{rel}","templated":true}]}}