{"id":151,"date":"2015-03-26T10:30:02","date_gmt":"2015-03-26T09:30:02","guid":{"rendered":"http:\/\/dev.yoho.pl\/beethoven\/recenzje\/?page_id=151"},"modified":"2016-12-15T13:14:33","modified_gmt":"2016-12-15T12:14:33","slug":"sila-mlodosci-i-dojrzalosci-26-marca","status":"publish","type":"page","link":"https:\/\/beethoven.org.pl\/recenzje\/sila-mlodosci-i-dojrzalosci-26-marca\/","title":{"rendered":"Si\u0142a m\u0142odo\u015bci i dojrza\u0142o\u015bci &#8211; 26 marca"},"content":{"rendered":"<p>Dzie\u0142a kompozytor\u00f3w reprezentuj\u0105cych wszystkie kraje basenu Morza Ba\u0142tyckiego, w tym Dani\u0119, Szwecj\u0119, Norwegi\u0119, Finlandi\u0119, Rosj\u0119, Estoni\u0119, \u0141otw\u0119, Litw\u0119, Niemcy oraz Polsk\u0119, znalaz\u0142y si\u0119 w programie niezwyk\u0142ego programu \u201eRejs Ba\u0142tykiem\u201d Baltic Sea Youth Philharmonic, kt\u00f3rego premiera odby\u0142a si\u0119 23 marca podczas 19. Wielkanocnego Festiwalu Ludwiga van Beethovena. By\u0142y w\u015br\u00f3d nich kompozycje uznanych tw\u00f3rc\u00f3w, jak cho\u0107by Jeana Sibeliusa, Edvarda Griega, Krzysztofa Pendereckiego, Wojciecha Kilara, ale te\u017c m\u0142odych kompozytor\u00f3w wsp\u00f3\u0142czesnych: Gediminasa Gelgotasa z Litwy i \u0141otysza Imantsa Kalni\u0146\u0161a.<br \/>\nPowo\u0142ana do \u017cycia 2008 roku i i prowadzona przez wybitnego dyrygenta Kristjana J\u00e4rviego orkiestra Baltic Sea Youth Philharmonic to zesp\u00f3\u0142, w kt\u00f3rego sk\u0142ad wchodz\u0105 m\u0142odzi arty\u015bci pochodz\u0105cy z dziesi\u0119ciu kraj\u00f3w regionu Morza Ba\u0142tyckiego. Powsta\u0142 by dowie\u015b\u0107, \u017ce kultura mo\u017ce jednoczy\u0107 historycznie podzielone narody. Do jego sk\u0142adu Kristjan J\u00e4rvi zaprosi\u0142 muzyk\u00f3w w wieku od 18 do 30 lat &#8211; student\u00f3w i absolwent\u00f3w czo\u0142owych uczelni kraj\u00f3w nadba\u0142tyckich. M\u0142odo\u015b\u0107, witalno\u015b\u0107, energia, a do tego wirtuozeria i doskona\u0142e zgranie. To rzucaj\u0105ce si\u0119 w pierwszej chwili w oczy cechy charakteru tego zespo\u0142u. Zespo\u0142u, kt\u00f3rego m\u0142odzie\u0144cza si\u0142a i energia promieniuje r\u00f3wnie\u017c na J\u00e4rviego.<br \/>\nPami\u0119tam, jak przed dwoma laty na Festiwalu Beethovenowskim prowadzi\u0142 MDR Sinfonieorchester w wykonaniu II Koncertu skrzypcowego \u201eMetamorfozy\u201d Krzysztofa Pendereckiego (w roli solisty wyst\u0105pi\u0142 w\u00f3wczas Jaros\u0142aw Nadrzycki). By\u0142 skupiony, powa\u017cny, cho\u0107 w jego gestykulacji i zachowaniu nie brakowa\u0142o przecie\u017c tej szale\u0144czej emocji.<br \/>\nTym jednak razem tryska\u0142 swobod\u0105, \u017ceby nie powiedzie\u0107 zawadiacko\u015bci\u0105, jakby ca\u0142y ten wiecz\u00f3r by\u0142 dla niego tylko zabaw\u0105. Otwarte drzwi ku temu dawa\u0142 mu znacznie bardziej rozrywkowy program, ale te\u017c zasiadaj\u0105ca przed nim m\u0142odzie\u017cowa i rozpromieniona orkiestra. J\u00e4rviemu wi\u0119cej nie trzeba. Z filharmonicznego koncertu uczyni\u0142 show, kt\u00f3re publiczno\u015b\u0107 natychmiast kupi\u0142a. Podoba\u0142y si\u0119 przede wszystkim przeboje: \u201eOrawa\u201d Wojciecha Kilara, \u201eMarsz triumfalny\u201d Edvarda Griega, \u201eCapriccio Espagnol\u201d Miko\u0142aja Rimskiego-Korsakowa. Nic dziwnego, wszak zagrane by\u0142y po mistrzowsku. Przyzna\u0107 jednak trzeba, \u017ce r\u00f3wnie\u017c te utwory, kt\u00f3re wcale nie nale\u017c\u0105 do kanonu swoistego pop&#8217;u w muzyce klasycznej, jak cho\u0107by Adagio z III Symfonii Krzysztofa Pendereckiego czy \u201cCantus in memoriam Benjamin Britten\u201d Arvo P\u00e4rta, r\u00f3wnie\u017c mia\u0142y w sobie t\u0119 niezwyk\u0142\u0105 si\u0142\u0119 przyci\u0105gania. Arty\u015bci Baltic Sea Youth Philharmonic grali Pendereckiego z tak wielk\u0105 emocj\u0105 i intensywno\u015bci\u0105, jakby z interpretacji tego dzie\u0142a egzaminowa\u0142 ich sam kompozytor. Zacz\u0119li w subtelnej ciszy, mezzo piano, tajemniczo. Z ciszy tej przedziera\u0142y si\u0119 po chwili r\u00f3wnie tajemnicze d\u017awi\u0119ki alt\u00f3wki. Zaraz potem do g\u0142osu dosz\u0142y skrzypce, fakura g\u0119stnia\u0142a, stawa\u0142a si\u0119 coraz bardziej na\u0142adowana emocjami.<br \/>\nR\u00f3wnie pi\u0119knie zabrzmia\u0142 \u201cCantus&#8230;\u201d P\u00e4rta, gdzie intensywnie powtarzane i nawarstiwane frazy smyczk\u00f3w nie tyko wprawia\u0142y w trans, ale wywo\u0142ywa\u0142y dreszcze. Kapitalna by\u0142a te\u017c wykonana w pierwszej cz\u0119\u015bci wieczoru Ballada i Alla marcia z suity \u201cKarelia\u201d op. 11 Jeana Sibeliusa (pi\u0119kne brzmienie smyczk\u00f3w, niesamowite orkiestrowe piano pianissimo!).<br \/>\nPrzypiecz\u0119towaniem muzycznego popisu Baltic Sea Youth Philharmonic by\u0142o za\u015b wykonanie kompozycji \u201cNever Ignore the Cosmic Ocean\u201d m\u0142odego litewskiego kompozytora Gediminasa Gelgotasa, czerpi\u0105cego z minimalizmu Steve\u2019a Reicha, Johna Adamsa czy Philipa Glassa oraz IV Symfonia \u201erockowa\u201d znanego z rockowych i hihippisowskich zespo\u0142\u00f3w Imantsa Kalninsa. Utwory te, mocnym, jazz-rockowym bitem poderwa\u0142y publiczno\u015b\u0107 z miejsc. Nie dziwi\u0105 wi\u0119c gromkie brawa, owacje na stoj\u0105co i kilka bis\u00f3w. Tym bardziej, \u017ce \u2013 jak ju\u017c zosta\u0142o powiedziane \u2013 Jarvi zebra\u0142 w swym zespole naprawd\u0119 znakomitych muzyk\u00f3w. Cr\u00eame de la cr\u00eame kraj\u00f3w nadba\u0142tyckich, w tym ca\u0142kiem spor\u0105 grup\u0119 m\u0142odych artyst\u00f3w w naszego kraju. A wi\u0119c jeszcze raz wielkie brawa!<br \/>\nWczesnym popo\u0142udniem na Zamku Kr\u00f3lewskim odby\u0142 si\u0119 jeszcze jeden koncert. Jego bohaterem by\u0142 znakomity pianista Boris Berman. Si\u0119gaj\u0105c po 6 wariacji F-dur na temat w\u0142asny op. 34 oraz 15 wariacji i fug\u0119 Es-dur na temat w\u0142asny op. 35 \u201eEroika\u201d Ludwiga van Beethovena, a tak\u017c\u0119 Serenad\u0119 A-dur Igora Strawi\u0144skiego i V Sonat\u0119 fortepianow\u0105 C-dur op. 135 Sergiusza Prokofiewa Berman dowi\u00f3d\u0142, \u017ce cho\u0107 dzi\u015b kojarzony bardziej z rol\u0105 kapitalnego wyk\u0142adowcy (stoi na czele Wydzia\u0142u Fortepianu Yale School of Music, prowadzi te\u017c kursy mistrzowskie na ca\u0142ym \u015bwiecie), wci\u0105\u017c potrafi zachwyci\u0107 wirtuozeri\u0105 i m\u0105dro\u015bci\u0105 interpretacyjn\u0105.<br \/>\nTomasz Handzlik<\/p>","protected":false},"excerpt":{"rendered":"<p>Dzie\u0142a kompozytor\u00f3w reprezentuj\u0105cych wszystkie kraje basenu Morza Ba\u0142tyckiego, w tym Dani\u0119, Szwecj\u0119, Norwegi\u0119, Finlandi\u0119, Rosj\u0119, Estoni\u0119, \u0141otw\u0119, Litw\u0119, Niemcy oraz Polsk\u0119, znalaz\u0142y si\u0119 w programie niezwyk\u0142ego programu \u201eRejs Ba\u0142tykiem\u201d Baltic Sea Youth Philharmonic, kt\u00f3rego premiera odby\u0142a si\u0119 23 marca podczas 19. Wielkanocnego Festiwalu Ludwiga van Beethovena. By\u0142y w\u015br\u00f3d nich kompozycje uznanych tw\u00f3rc\u00f3w, jak cho\u0107by Jeana [&hellip;]<\/p>\n","protected":false},"author":2,"featured_media":0,"parent":0,"menu_order":0,"comment_status":"closed","ping_status":"closed","template":"","meta":{"footnotes":""},"class_list":["post-151","page","type-page","status-publish","hentry"],"_links":{"self":[{"href":"https:\/\/beethoven.org.pl\/recenzje\/wp-json\/wp\/v2\/pages\/151","targetHints":{"allow":["GET"]}}],"collection":[{"href":"https:\/\/beethoven.org.pl\/recenzje\/wp-json\/wp\/v2\/pages"}],"about":[{"href":"https:\/\/beethoven.org.pl\/recenzje\/wp-json\/wp\/v2\/types\/page"}],"author":[{"embeddable":true,"href":"https:\/\/beethoven.org.pl\/recenzje\/wp-json\/wp\/v2\/users\/2"}],"replies":[{"embeddable":true,"href":"https:\/\/beethoven.org.pl\/recenzje\/wp-json\/wp\/v2\/comments?post=151"}],"version-history":[{"count":1,"href":"https:\/\/beethoven.org.pl\/recenzje\/wp-json\/wp\/v2\/pages\/151\/revisions"}],"predecessor-version":[{"id":152,"href":"https:\/\/beethoven.org.pl\/recenzje\/wp-json\/wp\/v2\/pages\/151\/revisions\/152"}],"wp:attachment":[{"href":"https:\/\/beethoven.org.pl\/recenzje\/wp-json\/wp\/v2\/media?parent=151"}],"curies":[{"name":"wp","href":"https:\/\/api.w.org\/{rel}","templated":true}]}}