{"id":1077,"date":"2023-03-29T11:54:15","date_gmt":"2023-03-29T09:54:15","guid":{"rendered":"http:\/\/beethoven.org.pl\/recenzje\/?page_id=1077"},"modified":"2023-04-27T13:14:43","modified_gmt":"2023-04-27T11:14:43","slug":"ruch-muzyczny-28-03-jan-lech","status":"publish","type":"page","link":"https:\/\/beethoven.org.pl\/recenzje\/ruch-muzyczny-28-03-jan-lech\/","title":{"rendered":"Ruch Muzyczny 28.03 Jan Lech"},"content":{"rendered":"<p>Baskijska energia rozgrza\u0142a warszawsk\u0105 publiczno\u015b\u0107 \u2013 owacje dwukrotnie wywo\u0142a\u0142y do bis\u00f3w Basque National Symphony i Roberta Trevi\u00f1a<em>.\u00a0<\/em>Po\u00a0<em>Pawanie na \u015bmier\u0107 infantki\u00a0<\/em>i\u00a0<em>Bolerze\u00a0<\/em>Maurice\u2019a Ravela, a tak\u017ce\u00a0<em>V Symfonii cis-moll\u00a0<\/em>Gustava Mahlera, dyrygent w kr\u00f3tkiej przemowie podkre\u015bli\u0142, \u017ce Festiwal Wielkanocny stwarza przede wszystkim okazj\u0119 do dialogu i wymiany kulturowych warto\u015bci, tak potrzebnych \u2013 jak stwierdzi\u0142 \u2013 dzisiejszej Europie. Jako wizyt\u00f3wk\u0119 iberyjskiego zespo\u0142u przedstawi\u0142 na bis najpierw\u00a0<em>Amoros\u0119\u00a0<\/em>baskijskiego kompozytora Jes\u00fasa Guridiego z cyklu\u00a0<em>Diez Melod\u00edas Vascas<\/em>\u00a0(1941 rok), a nast\u0119pnie \u2013 jeden z najwi\u0119kszych przeboj\u00f3w hiszpa\u0144skiej symfoniki:\u00a0<em>Intermedio\u00a0<\/em>z\u00a0<em>La boda de Luis Alonso<\/em>\u00a0Ger\u00f3nima Gim\u00e9neza.<\/p>\n<p><img decoding=\"async\" src=\"https:\/\/ruchmuzyczny.pl\/cms\/storage\/%23FESTIWAL%20BEETHOVENOWSKI%2023\/338529416_231978259319216_2465825701266098152_n%20%28Ma%C5%82y%29.jpg\" alt=\"Fot. Bruno Fidrych\" \/><\/p>\n<p>Prawdziwy dialog mia\u0142 jednak miejsce w zasadniczej cz\u0119\u015bci koncertu. W zestawieniu\u00a0<em>Pawany\u00a0<\/em>i\u00a0<em>Bolera\u00a0<\/em>du\u017co cieplej przyj\u0119to drugi z utwor\u00f3w. S\u0142ynny powtarzany motyw niew\u0105tpliwie zabrzmia\u0142 bardziej zjawiskowo, cho\u0107 frazowanie i pot\u0119\u017cny wolumen \u2013 zw\u0142aszcza w partiach d\u0119tych blaszanych \u2013 wprawia\u0142y w zak\u0142opotanie. Z kolei skromna, ko\u0142ysankowa melodia\u00a0<em>dla zmar\u0142ej infantki<\/em>\u00a0du\u017co bli\u017csza jest mojej wra\u017cliwo\u015bci w pierwotnej, fortepianowej wersji\u00a0<em>Pawany<\/em>\u00a0\u2013 orkiestrowa faktura dodaje dzie\u0142u barwowej r\u00f3\u017cnorodno\u015bci, ale zatraca intymny, indywidualny charakter utworu. Wykonanie baskijskiej orkiestry zdawa\u0142o si\u0119 potwierdza\u0107 t\u0119 tez\u0119.<\/p>\n<p>Kulminacyjnym punktem wieczoru by\u0142a\u00a0<em>V Symfonia<\/em>\u00a0Mahlera. Zesp\u00f3\u0142 ods\u0142oni\u0142 zar\u00f3wno swe mocne strony, jak i niedostatki. Pot\u0119\u017cne brzmienia tutti zdawa\u0142y si\u0119 maskowa\u0107 intonacyjne nier\u00f3wno\u015bci niekt\u00f3rych instrument\u00f3w d\u0119tych, za to \u015bwietn\u0105 prac\u0119 wykonali realizatorzy partii kot\u0142\u00f3w i perkusji. W ostatnim czasie trudno s\u0142ucha\u0107 tego monumentalnego dzie\u0142a bez referencji do\u00a0<em>T\u00e1r<\/em>, ale Todd Field nie znalaz\u0142by tu inspiracji do filmowego sequela \u2013 oby\u0142o si\u0119 bez skandalu, cho\u0107 pewien niedosyt pozosta\u0142.<\/p>","protected":false},"excerpt":{"rendered":"<p>Baskijska energia rozgrza\u0142a warszawsk\u0105 publiczno\u015b\u0107 \u2013 owacje dwukrotnie wywo\u0142a\u0142y do bis\u00f3w Basque National Symphony i Roberta Trevi\u00f1a.\u00a0Po\u00a0Pawanie na \u015bmier\u0107 infantki\u00a0i\u00a0Bolerze\u00a0Maurice\u2019a Ravela, a tak\u017ce\u00a0V Symfonii cis-moll\u00a0Gustava Mahlera, dyrygent w kr\u00f3tkiej przemowie podkre\u015bli\u0142, \u017ce Festiwal Wielkanocny stwarza przede wszystkim okazj\u0119 do dialogu i wymiany kulturowych warto\u015bci, tak potrzebnych \u2013 jak stwierdzi\u0142 \u2013 dzisiejszej Europie. Jako wizyt\u00f3wk\u0119 iberyjskiego [&hellip;]<\/p>\n","protected":false},"author":2,"featured_media":0,"parent":0,"menu_order":0,"comment_status":"closed","ping_status":"closed","template":"","meta":{"footnotes":""},"class_list":["post-1077","page","type-page","status-publish","hentry"],"_links":{"self":[{"href":"https:\/\/beethoven.org.pl\/recenzje\/wp-json\/wp\/v2\/pages\/1077","targetHints":{"allow":["GET"]}}],"collection":[{"href":"https:\/\/beethoven.org.pl\/recenzje\/wp-json\/wp\/v2\/pages"}],"about":[{"href":"https:\/\/beethoven.org.pl\/recenzje\/wp-json\/wp\/v2\/types\/page"}],"author":[{"embeddable":true,"href":"https:\/\/beethoven.org.pl\/recenzje\/wp-json\/wp\/v2\/users\/2"}],"replies":[{"embeddable":true,"href":"https:\/\/beethoven.org.pl\/recenzje\/wp-json\/wp\/v2\/comments?post=1077"}],"version-history":[{"count":2,"href":"https:\/\/beethoven.org.pl\/recenzje\/wp-json\/wp\/v2\/pages\/1077\/revisions"}],"predecessor-version":[{"id":1109,"href":"https:\/\/beethoven.org.pl\/recenzje\/wp-json\/wp\/v2\/pages\/1077\/revisions\/1109"}],"wp:attachment":[{"href":"https:\/\/beethoven.org.pl\/recenzje\/wp-json\/wp\/v2\/media?parent=1077"}],"curies":[{"name":"wp","href":"https:\/\/api.w.org\/{rel}","templated":true}]}}