{"id":107,"date":"2014-04-12T16:13:31","date_gmt":"2014-04-12T14:13:31","guid":{"rendered":"http:\/\/dev.yoho.pl\/beethoven\/recenzje\/?page_id=107"},"modified":"2016-12-02T16:21:55","modified_gmt":"2016-12-02T15:21:55","slug":"nagrodzeni-12-04-2014","status":"publish","type":"page","link":"https:\/\/beethoven.org.pl\/recenzje\/nagrodzeni-12-04-2014\/","title":{"rendered":"Nagrodzeni &#8211; 12.04.2014"},"content":{"rendered":"<p>Dziewi\u0119\u0107 statuetek Grammy Award, trzy nagrody magazynu \u201eGramophone\u201d, Avery Fisher Prize i wiele, wiele innych \u2013 nowojorski Emerson String Quartet to niedo\u015bcigniony mistrz \u015bwiatowej kameralistyki. W sobot\u0119 podziwia\u0107 mogli\u015bmy pierwszy wyst\u0119p tego zespo\u0142u w ramach 18. Wielkanocnego Festiwalu Ludwiga van Beethovena w Warszawie.<br \/>\nKiedy przed paroma laty arty\u015bci dokonali nagrania kompletu kwartet\u00f3w smyczkowych Beethovena recenzent bran\u017cowego magazynu \u201eStereophile\u201d okre\u015bli\u0142 je mianem \u201eHimalaj\u00f3w muzyki\u201d, krytyk muzyczny \u201eNew York Timesa\u201d podkre\u015bla\u0142 ich \u201e\u015bwie\u017co\u015b\u0107, witalno\u015b\u0107 i wirtuozeri\u0119\u201d, za\u015b magazyn \u201eGrammophone\u201d uzna\u0142, \u017ce Emerson String Quartet ukazuje muzyk\u0119 Beethovena \u201ew nowym \u015bwietle\u201d, i \u017ce tych interpretacji po prostu \u201enie wypada nie zna\u0107.\u201d I w\u0142a\u015bnie od jednego z kwartet\u00f3w patrona Festiwalu \u2013 Kwartetu e-moll op. 59 nr 2 &#8211; rozpocz\u0105\u0142 si\u0119 sobotni popis Emerson String Quartet na Zamku Kr\u00f3lewskim w Warszawie. Przenikliwe akordy otwieraj\u0105ce burzliwe Allegro, niezwykle intensywne, g\u0119ste wr\u0119cz brzmienie skrzypiec i alt\u00f3wki (Molto adagio), a wreszcie galopuj\u0105ce, a w finale zn\u00f3w wznios\u0142e i powa\u017cne (Presto) przyprawia\u0142y o dreszcze. Emocje si\u0119gn\u0119\u0142y zenitu kiedy nowojorczycy si\u0119gn\u0119li po Kwartet smyczkowy b-moll op. 138 Dymitra Szostakowicza i w pe\u0142ni po\u015bwi\u0119cili si\u0119 wykonaniu tego nie\u0142atwego przecie\u017c dzie\u0142a. Spod ich instrument\u00f3w zdawa\u0142y si\u0119 wr\u0119cz lecie\u0107 iskry. Nie dziwi wi\u0119c, \u017ce po r\u00f3wnie znakomicie zagranym, kolejnym kwartecie Beethovena (C-dur op. 59 nr 3) festiwalowa publiczno\u015b\u0107 d\u0142ugo jeszcze nie chcia\u0142a si\u0119 z nimi po\u017cegna\u0107.<br \/>\nAle w sobotnim programie 18. Wielkanocnego Festiwalu Ludwiga van Beethovena czeka\u0142o nas jeszcze jedno wielkie wydarzenie. W Filharmonii Narodowej odby\u0142a si\u0119 bowiem gala wr\u0119czenia International Classical Music Award \u2013 nagr\u00f3d przyznawanych przez dziennikarzy i krytyk\u00f3w muzycznych z ca\u0142ego \u015bwiata. Odbywaj\u0105c\u0105 si\u0119 w Polsce po raz pierwszy uroczysto\u015b\u0107 u\u015bwietnili sw\u0105 obecno\u015bci\u0105 wspaniali arty\u015bci, laureaci tegorocznych nagr\u00f3d ICMA: dyrygent Charles Dutoit, piani\u015bci Andreas Staier, Joseph Moog i Andrea Bacchetti, skrzypek Daniel Hope, altowiolista Adrien Boisseau, Signum Quartet, a tak\u017ce dyrygent i kompozytor Krzysztof Penderecki. Na li\u015bcie nagrodzonych znalaz\u0142o si\u0119 bowiem kilka mocnych akcent\u00f3w z Polski. Nasza rodzima firma fonograficzna DUX wyr\u00f3\u017cniona zosta\u0142a za nagranie kompletu symfonii maestro Pendereckiego, w wykonaniu Polskiej Orkiestry Sinfonia Iuventus pod dyrekcj\u0105 samego kompozytora. Nagrod\u0119 specjaln\u0105 za wybitne osi\u0105gni\u0119cia otrzyma\u0142o tak\u017ce Stowarzyszenie im. Ludwiga van Beethovena, kt\u00f3re od 18 lat przygotowuje Wielkanocny Festiwal. Odbieraj\u0105c nagrod\u0119 z r\u0105k przewodnicz\u0105cego jury ICMA Remy&#8217;ego Francka El\u017cbieta Penderecka nie kry\u0142a wzruszenia, jednocze\u015bnie podkre\u015bli\u0142a, \u017ce Festiwal zawdzi\u0119cza sukces r\u00f3wnie\u017c jej najbli\u017cszym wsp\u00f3\u0142pracownikom, kt\u00f3rzy stanowi\u0105 o sile Stowarzyszenia. Uhonorowany statuetk\u0105 Krzysztof Penderecki pierwsze s\u0142owa podzi\u0119kowa\u0144 skierowa\u0142 za\u015b do szefowej wydawnictwa DUX Ma\u0142gorzaty Pola\u0144skiej, bo \u2013 jak zaznaczy\u0142 \u2013 to w\u0142a\u015bnie z jej inicjatywy powsta\u0142a rejestracja wszystkich jego symfonii.<br \/>\nNiestety, w uroczysto\u015bci zabrzmia\u0142 te\u017c minorowy akcent. Za dotychczasowe osi\u0105gni\u0119cia jurorzy ICMA postanowili bowiem nagrodzi\u0107 SWR Symphony Orchestra Baden-Baden und Freiburg. Zanim jednak og\u0142osili sw\u00f3j werdykt dotar\u0142a do nich informacja, \u017ce z przyczyn ekonomicznych orkiestra zostanie rozwi\u0105zana.<br \/>\nTu\u017c po gali wr\u0119czenia nagr\u00f3d na filharmonicznej scenie odby\u0142 si\u0119 koncert laureat\u00f3w, kt\u00f3rym towarzyszy\u0142a Polska Orkiestra Sinfonia Iuventus wyst\u0119puj\u0105c kolejno pod batut\u0105 Charlesa Dutoit (kapitalne wykonanie uwertury \u201eKarnawa\u0142 rzymski\u201d Hectora Berlioza), Jose Marii Florencio (znakomity Koncert g-moll BWV 1058 Johanna Sebastiana Bacha, z Andrea Bacchettim w roli solisty) oraz Krzysztofa Pendereckiego, z kt\u00f3rym m\u0142odzi arty\u015bci brawurowo zagrali Adagio z III Symfonii kompozytora. Mnie za\u015b najbardziej przypad\u0142a do gustu kolejna wspania\u0142a kreacja wiolinistyczna tegorocznego Wielkanocnego Festiwalu czyli najm\u0142odszy laureat ICMA \u2013 altowiolista Adrien Boisseau, kt\u00f3ry zachwyci\u0142 wyborn\u0105 interpretacj\u0105 Romansu F-dur op. 85 Maxa Brucha. Uroczysty wiecz\u00f3r zamyka\u0142o Adagietto z Suity nr 1 \u201eArlezjanka\u201d Georgesa Bizeta, gdzie polsk\u0105 orkiestr\u0105 dyrygowa\u0142 cz\u0142onek zespo\u0142u SWR Symphony Orchestra &#8211; Holger Schroter-Seebeck. To wykonanie mia\u0142o wyd\u017awi\u0119k symboliczny. Tak zreszt\u0105 potraktowa\u0142a j\u0105 r\u00f3wnie\u017c publiczno\u015b\u0107 gor\u0105cymi brawami wyra\u017caj\u0105c sw\u0105 solidarno\u015b\u0107 ze znajduj\u0105cym si\u0119 w bardzo trudnej sytuacji zespo\u0142em.<br \/>\nTomasz Handzlik<\/p>","protected":false},"excerpt":{"rendered":"<p>Dziewi\u0119\u0107 statuetek Grammy Award, trzy nagrody magazynu \u201eGramophone\u201d, Avery Fisher Prize i wiele, wiele innych \u2013 nowojorski Emerson String Quartet to niedo\u015bcigniony mistrz \u015bwiatowej kameralistyki. W sobot\u0119 podziwia\u0107 mogli\u015bmy pierwszy wyst\u0119p tego zespo\u0142u w ramach 18. Wielkanocnego Festiwalu Ludwiga van Beethovena w Warszawie. Kiedy przed paroma laty arty\u015bci dokonali nagrania kompletu kwartet\u00f3w smyczkowych Beethovena recenzent [&hellip;]<\/p>\n","protected":false},"author":2,"featured_media":0,"parent":0,"menu_order":0,"comment_status":"closed","ping_status":"closed","template":"","meta":{"footnotes":""},"class_list":["post-107","page","type-page","status-publish","hentry"],"_links":{"self":[{"href":"https:\/\/beethoven.org.pl\/recenzje\/wp-json\/wp\/v2\/pages\/107","targetHints":{"allow":["GET"]}}],"collection":[{"href":"https:\/\/beethoven.org.pl\/recenzje\/wp-json\/wp\/v2\/pages"}],"about":[{"href":"https:\/\/beethoven.org.pl\/recenzje\/wp-json\/wp\/v2\/types\/page"}],"author":[{"embeddable":true,"href":"https:\/\/beethoven.org.pl\/recenzje\/wp-json\/wp\/v2\/users\/2"}],"replies":[{"embeddable":true,"href":"https:\/\/beethoven.org.pl\/recenzje\/wp-json\/wp\/v2\/comments?post=107"}],"version-history":[{"count":1,"href":"https:\/\/beethoven.org.pl\/recenzje\/wp-json\/wp\/v2\/pages\/107\/revisions"}],"predecessor-version":[{"id":108,"href":"https:\/\/beethoven.org.pl\/recenzje\/wp-json\/wp\/v2\/pages\/107\/revisions\/108"}],"wp:attachment":[{"href":"https:\/\/beethoven.org.pl\/recenzje\/wp-json\/wp\/v2\/media?parent=107"}],"curies":[{"name":"wp","href":"https:\/\/api.w.org\/{rel}","templated":true}]}}