{"id":1030,"date":"2022-04-12T16:24:18","date_gmt":"2022-04-12T14:24:18","guid":{"rendered":"http:\/\/beethoven.org.pl\/recenzje\/?page_id=1030"},"modified":"2022-04-12T16:24:18","modified_gmt":"2022-04-12T14:24:18","slug":"wloszka-francuz-i-orkiestra-z-katowic","status":"publish","type":"page","link":"https:\/\/beethoven.org.pl\/recenzje\/wloszka-francuz-i-orkiestra-z-katowic\/","title":{"rendered":"W\u0142oszka, Francuz i orkiestra z Katowic"},"content":{"rendered":"<p><\/p>\n<p class=\"p1\"><span class=\"s1\">Poniedzia\u0142kowe wykonanie \u201eSymfonii fantastycznej\u201d op. 14 Hectora Berlioza i Suity \u201ePeleas i Melizanda\u201d op. 80 Gabriela Faur<\/span><span class=\"s2\">\u00e9 udowodni\u0142o kolejny raz, \u017ce Narodowa Orkiestra Symfoniczna Polskiego Radia w Katowicach to jedna z najlepszych polskich orkiestr, znajduj\u0105ca si\u0119 w \u015bcis\u0142ej czo\u0142\u00f3wce.<span class=\"Apple-converted-space\">\u00a0<\/span><\/span><\/p>\n<p class=\"p2\"><span class=\"s3\">Szeroki oddech symfonizmu otworzy\u0142 si\u0119 przed s\u0142uchaczem w tych dzie\u0142ach, kt\u00f3re \u015bwietnie zabrzmia\u0142y pod batut\u0105 W\u0142oszki Clelii Cafiero. W\u0142oska dyrygentka zast\u0105pi\u0142a Lawrence\u2019a Fostera, kt\u00f3ry osobi\u015bcie poleci\u0142 j\u0105 w zast\u0119pstwie za siebie i to by\u0142o jej pierwsze spotkanie z NOSPR.<span class=\"Apple-converted-space\">\u00a0<\/span><\/span><\/p>\n<p class=\"p3\"><span class=\"s4\">Warto przy okazji o niej wi\u0119cej napisa\u0107. Clelia Cafiero karier\u0119 zaczyna\u0142a jako pianistka w orkiestrze mediola\u0144skiego Teatro alla Scala, po czym zaproszona przez Fostera obj\u0119\u0142a stanowisko drugiego dyrygenta Opery w Marsylii. Kalendarz na nast\u0119pne lata ma ju\u017c wype\u0142niony. <\/span><span class=\"s3\">W\u00a0latach 2021\u20132024, w\u00a0charakterze dyrygenta go\u015bcinnego,\u00a0b\u0119dzie wsp\u00f3\u0142pracowa\u0107 z\u00a0orkiestrami we Francji (Tulon, Marsylia, Nantes-Angers), Kanadzie (Qu\u00e9bec) i\u00a0we W\u0142oszech. Jest tak\u017ce wysoko cenion\u0105 pianistk\u0105, wyst\u0119puj\u0105c\u0105 w najwa\u017cniejszych salach koncertowych Europy.<\/span><\/p>\n<p class=\"p4\">Pod jej batut\u0105 muzyka francuska, zw\u0142aszcza \u201ePeleas i Melizanda\u201d z dyskretnym ruchem ko\u0142owrotka w cz\u0119\u015bci drugiej i s\u0142ynn\u0105 sicilian\u0105, mia\u0142a <span class=\"s5\">wdzi\u0119k, czar, p\u0142yn\u0119\u0142a do przodu z wdzi\u0119kiem, oparta na ko\u0142ysz\u0105cym rytmie i pulsie.<\/span><\/p>\n<p class=\"p6\"><span class=\"s3\">Mocnym punktem programu by\u0142 wyst\u0119p Jonathana Fournela, 29-letniego Francuza, z\u0142otego medalisty konkursu im. Viottiego i zdobywcy\u00a0<\/span><span class=\"s4\">Grand Prix Konkursu im. Kr\u00f3lowej El\u017cbiety w Brukseli w 2021 roku, a tak\u017ce nagrody publiczno\u015bci tej imprezy.\u00a0<\/span><span class=\"s3\">To kolejny na 26. Wielkanocnym Festiwalu wyst\u0119p zwyci\u0119zcy presti\u017cowych konkurs\u00f3w pianistycznych.<span class=\"Apple-converted-space\">\u00a0<\/span><\/span><\/p>\n<p class=\"p7\"><span class=\"s6\">Fournel okaza\u0142 si\u0119 \u015bwietnym pianist\u0105 i muzykiem. Par\u0119 s\u0142\u00f3w o nim: u<\/span><span class=\"s3\">rodzi\u0142 si\u0119 w p\u00f3\u0142nocno-zachodniej Francji, jego ojciec by\u0142 organist\u0105. Studiowa\u0142 w Niemczech, p\u00f3\u017aniej w Konserwatorium Paryskim, r\u00f3wnie\u017c na kierunku kameralistyka. Obecnie kszta\u0142ci si\u0119 w klasach mistrzowskich jako tzw. artysta-rezydent Kapeli Kr\u00f3lewskiej w Belgii.<span class=\"Apple-converted-space\">\u00a0<\/span><\/span><\/p>\n<p class=\"p7\"><span class=\"s3\">Artysta zdecydowa\u0142 si\u0119 wykona\u0107 \u201eWariacje symfoniczne\u201d M. 46 na fortepian i orkiestr\u0119 C\u00e9sara Francka. To dzie\u0142o symfoniczne z parti\u0105 solowego fortepianu. Zrywa ono ze wsp\u00f3\u0142zawodnictwem instrumentu solowego i orkiestry, kt\u00f3re maj\u0105 tworzy\u0107 jeden organizm. Powsta\u0142o w 1885 roku, w cztery lata po II Koncercie fortepianowym B-dur Johannesa Brahmsa, wirtuozowska partia fortepianu jest \u015bwiadomie r\u00f3wnowa\u017cona przez kompozytora symfoniczn\u0105 parti\u0105 orkiestry.<span class=\"Apple-converted-space\">\u00a0<\/span><\/span><\/p>\n<p class=\"p7\"><span class=\"s3\">Fournel bardzo dobrze zgra\u0142 si\u0119 z NOSPR-em, z kt\u00f3rym prowadzi\u0142 dialog zmieniaj\u0105cy kszta\u0142ty, tempo i wymow\u0119. Gra\u0142 b\u0142yskotliwie, d\u017awi\u0119kiem w\u0142a\u015bciwym rasowym pianistom, pe\u0142nym blasku i charakterystycznego nerwu.<\/span><\/p>\n<p class=\"p9\"><span class=\"s7\">Na bis wykona\u0142 chora\u0142 <\/span><span class=\"s3\">\u201eWohl mir, dass ich Jesum habe&#8221;<span class=\"Apple-converted-space\">\u00a0 <\/span>z kantaty \u201eSerce, usta, czyny, \u017cycie\u201d Johanna Sebastiana Bacha w fortepianowym opracowaniu Wilhelma Kempffa.<\/span><\/p>\n<p><\/p>","protected":false},"excerpt":{"rendered":"<p>Poniedzia\u0142kowe wykonanie \u201eSymfonii fantastycznej\u201d op. 14 Hectora Berlioza i Suity \u201ePeleas i Melizanda\u201d op. 80 Gabriela Faur\u00e9 udowodni\u0142o kolejny raz, \u017ce Narodowa Orkiestra Symfoniczna Polskiego Radia w Katowicach to jedna z najlepszych polskich orkiestr, znajduj\u0105ca si\u0119 w \u015bcis\u0142ej czo\u0142\u00f3wce.\u00a0 Szeroki oddech symfonizmu otworzy\u0142 si\u0119 przed s\u0142uchaczem w tych dzie\u0142ach, kt\u00f3re \u015bwietnie zabrzmia\u0142y pod batut\u0105 W\u0142oszki [&hellip;]<\/p>\n","protected":false},"author":8,"featured_media":0,"parent":0,"menu_order":0,"comment_status":"closed","ping_status":"closed","template":"","meta":{"footnotes":""},"class_list":["post-1030","page","type-page","status-publish","hentry"],"_links":{"self":[{"href":"https:\/\/beethoven.org.pl\/recenzje\/wp-json\/wp\/v2\/pages\/1030","targetHints":{"allow":["GET"]}}],"collection":[{"href":"https:\/\/beethoven.org.pl\/recenzje\/wp-json\/wp\/v2\/pages"}],"about":[{"href":"https:\/\/beethoven.org.pl\/recenzje\/wp-json\/wp\/v2\/types\/page"}],"author":[{"embeddable":true,"href":"https:\/\/beethoven.org.pl\/recenzje\/wp-json\/wp\/v2\/users\/8"}],"replies":[{"embeddable":true,"href":"https:\/\/beethoven.org.pl\/recenzje\/wp-json\/wp\/v2\/comments?post=1030"}],"version-history":[{"count":1,"href":"https:\/\/beethoven.org.pl\/recenzje\/wp-json\/wp\/v2\/pages\/1030\/revisions"}],"predecessor-version":[{"id":1031,"href":"https:\/\/beethoven.org.pl\/recenzje\/wp-json\/wp\/v2\/pages\/1030\/revisions\/1031"}],"wp:attachment":[{"href":"https:\/\/beethoven.org.pl\/recenzje\/wp-json\/wp\/v2\/media?parent=1030"}],"curies":[{"name":"wp","href":"https:\/\/api.w.org\/{rel}","templated":true}]}}