{"id":1026,"date":"2022-04-11T13:56:59","date_gmt":"2022-04-11T11:56:59","guid":{"rendered":"http:\/\/beethoven.org.pl\/recenzje\/?page_id=1026"},"modified":"2022-04-11T13:57:15","modified_gmt":"2022-04-11T11:57:15","slug":"humala-bies-i-szymanowski","status":"publish","type":"page","link":"https:\/\/beethoven.org.pl\/recenzje\/humala-bies-i-szymanowski\/","title":{"rendered":"Humala, Bies i Szymanowski"},"content":{"rendered":"<p><\/p>\n<p class=\"p2\">1.<\/p>\n<p class=\"p2\">Na 26. Wielkanocnym Festiwalu Ludwiga van Beethovena gra\u0142a ju\u017c orkiestra wroc\u0142awska (NFM Filharmonia Wroc\u0142awska), \u0142\u00f3dzka (Filharmonia \u0141\u00f3dzka im. Artura Rubinsteina), pozna\u0144ska (Filharmonia Pozna\u0144ska), za\u015b w niedziel\u0119, 10 kwietnia us\u0142yszeli\u015bmy orkiestr\u0119 Filharmonii Krakowskiej im. Karola Szymanowskiego pod batut\u0105 jej nowego dyrektora artystycznego, Alexandra Humali.<span class=\"Apple-converted-space\">\u00a0<\/span><\/p>\n<p class=\"p2\">Ju\u017c w pierwszym utworze, poemacie symfonicznym \u201ePreludia\u201d Ferenca Liszta s\u0142ycha\u0107 by\u0142o, \u017ce mi\u0119dzy dyrygentem i orkiestr\u0105 istnieje bardzo dobre porozumienie. Humala d\u0105\u017cy\u0142 do tego, aby r\u00f3\u017cnicowa\u0107 wyrazowo \u00f3w romantyczny poemat, w kt\u00f3rym pojawiaj\u0105 si\u0119 tony tkliwe i liryczne, jak i pe\u0142ne patosu, jak wprowadzony w ekspozycji utworu triumfalny poch\u00f3d instrument\u00f3w d\u0119tych. Dyrygent dba\u0142 te\u017c o to, aby kantylena smyczk\u00f3w rozwija\u0142a si\u0119 zwiewnie i plastycznie, a dialog solowych instrument\u00f3w d\u0119tych drewnianych &#8222;opowiada\u0142&#8221; historie \u2013 \u201ePreludia\u201d to przecie\u017c utw\u00f3r programowy, skomponowany na kanwie literackiej. Bardzo dobrze brzmia\u0142o tutti orkiestrowe, z dobrze wywa\u017conymi proporcjami brzmienia.<\/p>\n<p class=\"p2\">2.<\/p>\n<p class=\"p2\">IV Symfonia \u201eKoncertuj\u0105ca\u201d Karola Szymanowskiego to niezwykle atrakcyjne dzie\u0142o, z kt\u00f3rym kompozytor je\u017adzi\u0142 \u2013 jako pianista solista \u2013 pod koniec \u017cycia po Europie w celach zarobkowych, cho\u0107 nie przepada\u0142 za koncertowaniem. Na festiwalu zabrzmia\u0142a w wykonaniu Tymoteusza Biesa. \u015al\u0105ski pianista jest zwyci\u0119zc\u0105 I Mi\u0119dzynarodowego Konkursu Muzycznego im. Karola Szymanowskiego w Katowicach, artyst\u0105 ukszta\u0142towanym, doskonale panuj\u0105cym nad d\u017awi\u0119kiem i ekspresj\u0105 muzyczn\u0105. Nie lubi epatowa\u0107 umiej\u0119tno\u015bciami technicznymi, woli \u015bpiewno\u015b\u0107 i liryzm, o czym \u015bwiadczy\u0142 zagrany przez niego bis: Impromptu Ges-dur op. 90 Franza Schuberta.<span class=\"Apple-converted-space\">\u00a0<\/span><\/p>\n<p class=\"p2\">W interpretacji Szymanowskiego postawi\u0142 na wsp\u00f3\u0142prac\u0119 z orkiestr\u0105, na d\u0105\u017ceniu do takich proporcji brzmienia fortepianu, aby zachowa\u0107 charakter w\u0142a\u015bnie symfonii koncertuj\u0105cej z fortepianem, a nie koncertu fortepianowego, bo i takie interpretacje si\u0119 zdarzaj\u0105. Chwilami d\u017awi\u0119k fortepianu nik\u0142 pod masywnym brzmieniem orkiestry w momentach granego <em>forte<\/em> <em>fortissimo possibile<\/em> tutti. A szkoda \u2013 Tymoteusz Bies pos\u0142uguje si\u0119 d\u017awi\u0119kiem delikatnym, subtelnym, nie stara si\u0119 dominowa\u0107 i \u2013 by tak rzec \u2013 grzmie\u0107 fortepianow\u0105 mas\u0105 d\u017awi\u0119ku. Wola\u0142abym, aby orkiestra oszcz\u0119dniej pos\u0142ugiwa\u0142a si\u0119 wczoraj swoim forte w tutti.<\/p>\n<p class=\"p2\">3.<\/p>\n<p class=\"p2\">Orkiestra symfoniczna Filharmonii Krakowskiej uraczy\u0142a warszawskich s\u0142uchaczy II Symfoni\u0105 Charlesa Ivesa, wybitnego ameryka\u0144skiego symfonika prze\u0142omu XIX i XX w. Jak na ironi\u0119, w Polsce wci\u0105\u017c \u0142atwiej us\u0142ysze\u0107 na koncercie IX Symfoni\u0119 \u201eZ Nowego \u015awiata\u201d Antonina Dworzaka, ni\u017c kt\u00f3r\u0105\u015b z symfonii Ivesa. Przy czym \u201eCzwarta\u201d jest rzeczywi\u015bcie gigantyczna, wymaga rozbudowanej perkusji i sekcji instrument\u00f3w klawiszowych, a nawet dw\u00f3ch dyrygent\u00f3w, z kt\u00f3rych jeden dyryguje ch\u00f3rem ustawionym za estrad\u0105 (<i>offstage<\/i>). Trudniej natomiast zrozumie\u0107, dlaczego II Symfonia napisana \u201etylko\u201d na normalny sk\u0142ad wielkiej orkiestry symfonicznej jest tak\u0105 rzadko\u015bci\u0105. By\u0107 mo\u017ce brakuje jej chwytliwych temat\u00f3w obecnych w \u201eDziewi\u0105tej\u201d Dworzaka, kt\u00f3rych echa odzywaj\u0105 si\u0119 zreszt\u0105 w drugiej cz\u0119\u015bci utworu Ivesa. Wykonanie pod batut\u0105 Alexandra Humali mia\u0142o wszelkie dane do tego, aby s\u0142uchania Ivesa zach\u0119ci\u0107. Warto przy tej okazji si\u0119gn\u0105\u0107 po wydany niedawno komplet symfonii Amerykanina nagranych dla Deutsche Grammophon przez Los Angeles Philharmonic pod dyrekcj\u0105 Gustava Dudamela we wsp\u00f3\u0142pracy \u2013 w IV Symfonii \u2013 z polsk\u0105 dyrygentk\u0105 Mart\u0105 Gardoli\u0144sk\u0105.<\/p>\n<p><strong>Anna S. D\u0119bowska<\/strong><\/p>\n<p><em>Koncert odby\u0142 si\u0119 w niedziel\u0119, 10 kwietnia 2022 roku w Filharmonii Narodowej w Warszawie<\/em><\/p>","protected":false},"excerpt":{"rendered":"<p>1. Na 26. Wielkanocnym Festiwalu Ludwiga van Beethovena gra\u0142a ju\u017c orkiestra wroc\u0142awska (NFM Filharmonia Wroc\u0142awska), \u0142\u00f3dzka (Filharmonia \u0141\u00f3dzka im. Artura Rubinsteina), pozna\u0144ska (Filharmonia Pozna\u0144ska), za\u015b w niedziel\u0119, 10 kwietnia us\u0142yszeli\u015bmy orkiestr\u0119 Filharmonii Krakowskiej im. Karola Szymanowskiego pod batut\u0105 jej nowego dyrektora artystycznego, Alexandra Humali.\u00a0 Ju\u017c w pierwszym utworze, poemacie symfonicznym \u201ePreludia\u201d Ferenca Liszta s\u0142ycha\u0107 by\u0142o, [&hellip;]<\/p>\n","protected":false},"author":8,"featured_media":0,"parent":0,"menu_order":0,"comment_status":"closed","ping_status":"closed","template":"","meta":{"footnotes":""},"class_list":["post-1026","page","type-page","status-publish","hentry"],"_links":{"self":[{"href":"https:\/\/beethoven.org.pl\/recenzje\/wp-json\/wp\/v2\/pages\/1026","targetHints":{"allow":["GET"]}}],"collection":[{"href":"https:\/\/beethoven.org.pl\/recenzje\/wp-json\/wp\/v2\/pages"}],"about":[{"href":"https:\/\/beethoven.org.pl\/recenzje\/wp-json\/wp\/v2\/types\/page"}],"author":[{"embeddable":true,"href":"https:\/\/beethoven.org.pl\/recenzje\/wp-json\/wp\/v2\/users\/8"}],"replies":[{"embeddable":true,"href":"https:\/\/beethoven.org.pl\/recenzje\/wp-json\/wp\/v2\/comments?post=1026"}],"version-history":[{"count":2,"href":"https:\/\/beethoven.org.pl\/recenzje\/wp-json\/wp\/v2\/pages\/1026\/revisions"}],"predecessor-version":[{"id":1028,"href":"https:\/\/beethoven.org.pl\/recenzje\/wp-json\/wp\/v2\/pages\/1026\/revisions\/1028"}],"wp:attachment":[{"href":"https:\/\/beethoven.org.pl\/recenzje\/wp-json\/wp\/v2\/media?parent=1026"}],"curies":[{"name":"wp","href":"https:\/\/api.w.org\/{rel}","templated":true}]}}