{"id":1017,"date":"2022-04-08T14:18:27","date_gmt":"2022-04-08T12:18:27","guid":{"rendered":"http:\/\/beethoven.org.pl\/recenzje\/?page_id=1017"},"modified":"2022-04-08T14:18:27","modified_gmt":"2022-04-08T12:18:27","slug":"beethoven-i-mahler-z-seulu","status":"publish","type":"page","link":"https:\/\/beethoven.org.pl\/recenzje\/beethoven-i-mahler-z-seulu\/","title":{"rendered":"Beethoven i Mahler z Seulu"},"content":{"rendered":"<p><\/p>\n<p class=\"p2\">Pi\u0105ty dzie\u0144 festiwalu mia\u0142 kszta\u0142t do\u015b\u0107 nietypowy. Wprawdzie do koncert\u00f3w przyzwyczai\u0142a nas pandemia, jednak koncert na Wielkanocnym Festiwalu emitowany z Seulu to wci\u0105\u017c co\u015b nietypowego. W Lotte Concert Hall dla warszawskiej i seulskiej publiczno\u015bci wyst\u0105pi\u0142a Korea National University of Arts Symphony Orchestra pod dyrekcj\u0105 Chiyonga Chunga, solist\u0105 wieczoru by\u0142 wybitny po\u0142udniowokorea\u0144ski pianista Minsoo Sohn.<span class=\"Apple-converted-space\">\u00a0<\/span><\/p>\n<p class=\"p2\">Na pocz\u0105tek zabrzmia\u0142o \u201eAdagietto\u201d z V Symfonii Gustava Mahlera. W wykonaniu Korea National University of Arts Symphony Orchestra zabrzmia\u0142o ono bardzo \u015bwie\u017co w moich uszach. Chiyong Chung, uznany po\u0142udniowokorea\u0144ski dyrygent, wychowanego salzburskiego Mozarteum, dyrygent wsp\u00f3\u0142pracuj\u0105cy z europejskimi i ameryka\u0144skimi orkiestrami i operami, poprowadzi\u0142 ten utw\u00f3r bardzo wolno, rozci\u0105gaj\u0105c fraz\u0119 a\u017c do jakiego\u015b stanu niewa\u017cko\u015bci i niesko\u0144czono\u015bci. To by\u0142 bardzo szeroki \u0142uk, czasem wzbieraj\u0105cy bardziej nami\u0119tn\u0105 emocj\u0105, po\u015bredni\u0105 kulminacj\u0105, ale powracaj\u0105cy do delikatnego piano. Bardzo to by\u0142o \u0142adne. Na d\u0142u\u017csz\u0105 met\u0119 wydawa\u0142o si\u0119 jednak to wykonanie troch\u0119 zbyt statycznie. Muzyka wydawa\u0142a si\u0119 nie p\u0142yn\u0105\u0107 do przodu (to nie jest wada, tylko inne podej\u015bcie) poniewa\u017c muzycy ws\u0142uchiwali si\u0119 i celebrowali ka\u017cde wsp\u00f3\u0142brzmienie, ka\u017cdy akord.<span class=\"Apple-converted-space\">\u00a0<\/span><\/p>\n<p class=\"p2\">Nast\u0119pnie zabrzmia\u0142 IV Koncert fortepianowy G-dur op. 58 Ludwiga van Beethovena w wykonaniu Minsoo Sohna. To znakomity pianista urodzony w Seulu, Amerykanin z wyboru, laureat wielki znakomitych konkurs\u00f3w pianistycznych, m. in. Honens, Busoniego, Rubinsteina, Kr\u00f3lowej El\u017cbiety, Santander. Przedstawi\u0142 bardzo muzykaln\u0105 i sp\u00f3jn\u0105 interpretacj\u0119 IV Koncertu, eksponuj\u0105c\u0105 jego \u015bpiewn\u0105 urod\u0119, ale te\u017c g\u0142\u0119bsze, bardziej dramatyczne tony. Wspaniale zabrzmia\u0142a w jego wykonaniu kadencja fortepianu w pierwszej cz\u0119\u015bci utworu, cz\u0119\u015b\u0107 druga mia\u0142a i\u015bcie rapsodyczny i zarazem refleksyjny charakter \u2013 fortepian brzmia\u0142 momentami jak harfa, na kt\u00f3rej akompaniowa\u0142 sobie pianista-poeta; akordy zawisa\u0142y w powietrzu niczym pytania. To by\u0142a bardzo humanistyczna interpretacja.<\/p>\n<p class=\"p2\">Koncert zako\u0144czy\u0142o wykonanie VI Symfonii F-dur \u201ePastoralnej\u201d op. 68 Beethovena, w kt\u00f3rej Korea National University of Arts Symphony Orchestra pokaza\u0142a sw\u0105 maestri\u0119 w umiej\u0119tno\u015bci zespo\u0142owego grania, ale te\u017c unikatowe s\u0142yszenie tego utworu, tak bardzo ju\u017c obci\u0105\u017conego tradycj\u0105 wykonawcz\u0105. Symfonia brzmia\u0142a bardziej pastelowo ni\u017c dosadnie i w swojej ilustracyjno\u015bci oddaj\u0105cej zjawiska przyrody przypomina\u0142a raczej delikatny, rysowany cienkim pi\u00f3rkiem fresk ni\u017c olejny obraz z widokiem wierzby, rzeczki i innych atrybut\u00f3w \u015brodkowoeuropejskiej przyrody.<\/p>\n<p class=\"p2\">Najbardziej podoba\u0142a mi si\u0119 cz\u0119\u015b\u0107 druga symfonii (\u201eAndante molto mosso\u201d) \u2013 Korea\u0144czycy \u015bwietnie uchwycili liryczny charakter tej cz\u0119\u015bci utworu, pi\u0119kno melodii i instrumentalnego \u015bwiergotu ptak\u00f3w (Beethoven sam przyznawa\u0142, \u017ce kuku\u0142ki, przepi\u00f3rki i s\u0142owiki dopomog\u0142y mu w napisaniu tej cz\u0119\u015bci, a by\u0142 przecie\u017c wielbicielem przyrody i spacer\u00f3w po wiejskiej okolicy).<span class=\"Apple-converted-space\">\u00a0<\/span><\/p>\n<p><strong>Anna S. D\u0119bowska<\/strong><\/p>\n<p><em>Czwartek, 7 kwietnia, godz. 19:30, online na kanale YouTube Stowarzyszenia im. Ludwiga van Beethovena<\/em><\/p>","protected":false},"excerpt":{"rendered":"<p>Pi\u0105ty dzie\u0144 festiwalu mia\u0142 kszta\u0142t do\u015b\u0107 nietypowy. Wprawdzie do koncert\u00f3w przyzwyczai\u0142a nas pandemia, jednak koncert na Wielkanocnym Festiwalu emitowany z Seulu to wci\u0105\u017c co\u015b nietypowego. W Lotte Concert Hall dla warszawskiej i seulskiej publiczno\u015bci wyst\u0105pi\u0142a Korea National University of Arts Symphony Orchestra pod dyrekcj\u0105 Chiyonga Chunga, solist\u0105 wieczoru by\u0142 wybitny po\u0142udniowokorea\u0144ski pianista Minsoo Sohn.\u00a0 Na [&hellip;]<\/p>\n","protected":false},"author":8,"featured_media":0,"parent":0,"menu_order":0,"comment_status":"closed","ping_status":"closed","template":"","meta":{"footnotes":""},"class_list":["post-1017","page","type-page","status-publish","hentry"],"_links":{"self":[{"href":"https:\/\/beethoven.org.pl\/recenzje\/wp-json\/wp\/v2\/pages\/1017","targetHints":{"allow":["GET"]}}],"collection":[{"href":"https:\/\/beethoven.org.pl\/recenzje\/wp-json\/wp\/v2\/pages"}],"about":[{"href":"https:\/\/beethoven.org.pl\/recenzje\/wp-json\/wp\/v2\/types\/page"}],"author":[{"embeddable":true,"href":"https:\/\/beethoven.org.pl\/recenzje\/wp-json\/wp\/v2\/users\/8"}],"replies":[{"embeddable":true,"href":"https:\/\/beethoven.org.pl\/recenzje\/wp-json\/wp\/v2\/comments?post=1017"}],"version-history":[{"count":1,"href":"https:\/\/beethoven.org.pl\/recenzje\/wp-json\/wp\/v2\/pages\/1017\/revisions"}],"predecessor-version":[{"id":1018,"href":"https:\/\/beethoven.org.pl\/recenzje\/wp-json\/wp\/v2\/pages\/1017\/revisions\/1018"}],"wp:attachment":[{"href":"https:\/\/beethoven.org.pl\/recenzje\/wp-json\/wp\/v2\/media?parent=1017"}],"curies":[{"name":"wp","href":"https:\/\/api.w.org\/{rel}","templated":true}]}}