{"id":101,"date":"2014-04-09T16:10:22","date_gmt":"2014-04-09T14:10:22","guid":{"rendered":"http:\/\/dev.yoho.pl\/beethoven\/recenzje\/?page_id=101"},"modified":"2016-12-02T16:23:25","modified_gmt":"2016-12-02T15:23:25","slug":"zloty-kwartet-9-04-2014","status":"publish","type":"page","link":"https:\/\/beethoven.org.pl\/recenzje\/zloty-kwartet-9-04-2014\/","title":{"rendered":"Z\u0142oty kwartet &#8211; 9.04.2014"},"content":{"rendered":"<p>- \u017badne z nas nie wiedzia\u0142o jak potoczy si\u0119 przysz\u0142o\u015b\u0107 zespo\u0142u. Gn\u0119bi\u0142y nas nie tylko te najbardziej typowe pytania: \u201eczy osi\u0105gniemy sukces?\u201d, \u201eczy uda nam si\u0119 zaistnie\u0107 na hiszpa\u0144skim, europejskim, a mo\u017ce i \u015bwiatowym rynku?\u201d, ale tak\u017ce te najbardziej przyziemne: \u201eczy b\u0119dziemy w stanie op\u0142aci\u0107 rachunki?\u201d, \u201eczy wystarczy pieni\u0119dzy do ko\u0144ca miesi\u0105ca?\u201d. Tak\u0105 szko\u0142\u0119 \u017cycia przechodzi wi\u0119kszo\u015b\u0107 m\u0142odych zespo\u0142\u00f3w, zw\u0142aszcza kwartet\u00f3w smyczkowych, bo w pierwszych latach istnienia musz\u0105 przede wszystkim \u0107wiczy\u0107 &#8211; godzinami, dniami, miesi\u0105cami&#8230; Wsp\u00f3lne pr\u00f3by, praca nad brzmieniem, zgraniem, zrozumieniem to podstawowe zadania. Tyle, \u017ce za tak\u0105 prac\u0119 nikt nie p\u0142aci. My jednak podj\u0119li\u015bmy ryzyko. (\u2026) I dzi\u015b nie musimy si\u0119 martwi\u0107 o przysz\u0142o\u015b\u0107. Podejmujemy rozmaite wyzwania artystyczne, ka\u017cdy z nas ma tak\u017ce swobod\u0119 w doborze niezale\u017cnych od kwartetu przedsi\u0119wzi\u0119\u0107 muzycznych, czujemy si\u0119 wolni. Przede wszystkim za\u015b jeste\u015bmy dobrymi i oddanymi przyjaci\u00f3\u0142mi \u2013 zdradzi\u0142 w jednym z ostatnich wywiad\u00f3w Jonathan Brown, altowiolista Cuarteto Casals. Ta w\u0142a\u015bnie bliska, trwaj\u0105ca ju\u017c od 17 lat wi\u0119\u017a ma \u2013 jak si\u0119 zdaje &#8211; kluczowe znaczenie w przypadku hiszpa\u0144skiego zespo\u0142u. Bo to ju\u017c nie tyle wzajemne zrozumienie, telepatyczne porozumienie czy przeczuwanie intencji muzycznych partner\u00f3w. To raczej muzyka absolutna, wychodz\u0105ca z jednego \u017ar\u00f3d\u0142a d\u017awi\u0119ku, jakim jest ta czw\u00f3rka wspania\u0142ych muzyk\u00f3w.<br \/>\nMo\u017cna si\u0119 by\u0142o o tym przekona\u0107 ju\u017c podczas otwieraj\u0105cego \u015brodowy koncert Kwartetu smyczkowego C-dur \u201eDysonansowego\u201d KV 465 Wolfganga Amadeusa Mozarta, zagranego z lekko\u015bci\u0105, powabem, a przy tym z d\u017awi\u0119kow\u0105 doskona\u0142o\u015bci\u0105 i precyzj\u0105. Tych, kt\u00f3rzy nie zerkn\u0119li wcze\u015bniej do programu zaskoczy\u0107 mog\u0142a kolejna pozycja programu. Tu\u017c po klasycznym i b\u0105d\u017a co b\u0105d\u017a lekkim Mozarcie arty\u015bci si\u0119gn\u0119li bowiem po I Kwartet smyczkowy \u201eM\u00e9tamorphoses nocturnes\u201d Gy\u00f6rgy Ligetiego. Utw\u00f3r pochodzi z wczesnego okresu tw\u00f3rczo\u015bci w\u0119gierskiego kompozytora, ale ju\u017c zdradza jego zami\u0142owanie do awangardowych, sonorystycznych do\u015bwiadcze\u0144. Prze\u017cyciem wi\u0119c by\u0142o nie tylko s\u0142uchanie tej muzyki, kt\u00f3r\u0105 Cuarteto Casals wykona\u0142 z pietyzmem i wielkim zaanga\u017cowaniem, kt\u00f3ra \u2013 pe\u0142na dynamicznych tar\u0107, szalonej motoryki i ostrych dysonans\u00f3w \u2013 mocno \u015brubowa\u0142a emocje ku kulminacji. R\u00f3wnie niezwyk\u0142ym by\u0142o obserwowanie z jak\u0105 lekko\u015bci\u0105 i bez wi\u0119kszych ceregieli zesp\u00f3\u0142 przeskakuje z klasycznego, stosunkowo \u0142atwego przecie\u017c repertuaru na najwy\u017cszy poziom muzycznej ekspresji. Tak jakby Mozart by\u0142 tylko przygrywk\u0105, niewinnym preludium, pr\u00f3b\u0105 s\u0142u\u017c\u0105c\u0105 do wzajemnego rozegrania, nastrojenia, a Ligeti w\u0142a\u015bciwym wy\u015bcigiem o najwy\u017csz\u0105 stawk\u0119.<br \/>\nChwila wytchnienia, ale te\u017c r\u00f3wnie\u017c wspaniale zagranej muzyki nast\u0105pi\u0142a w drugiej cz\u0119\u015bci koncertu, w kt\u00f3rej Cuarteto Casals zaprezentowa\u0142 Kwartet smyczkowy c-moll op. 51 nr 1 Johannesa Brahmsa. By\u0142oby banalnym powiedzie\u0107, \u017ce arty\u015bci zn\u00f3w zachwycili muzycznym zaanga\u017cowaniem, wirtuozeri\u0105, doskona\u0142ym i dynamicznym brzmieniem. Ale tak w\u0142a\u015bnie by\u0142o. Ka\u017cdy instrument, ka\u017cda fraza, ka\u017cdy dialog czy wsp\u00f3lne budowanie napi\u0119\u0107 l\u015bni\u0142y tu niczym najwy\u017cszej pr\u00f3by z\u0142oto. Ale to przecie\u017c zdaje si\u0119 oczywiste (cho\u0107 nie zdarza si\u0119 zawsze), kiedy mamy do czynienia z najprawdziwszymi mistrzami.<br \/>\nChwil\u0119 p\u00f3\u017aniej w koncertowej sali Filharmonii Narodowej czeka\u0142o nas jeszcze jedno wydarzenie &#8211; \u201eMissa solemnis\u201d D-dur op. 123 Ludwiga van Beethovena.<br \/>\n\u201eJedno z dzie\u0142 p\u00f3\u017anych, wraz z ostatnimi sonatami, ostatnimi kwartetami i Dziewi\u0105t\u0105 Symfoni\u0105 wsp\u00f3\u0142tworz\u0105ce \u00f3w zadziwiaj\u0105cy fina\u0142, jakim zosta\u0142a zwie\u0144czona ta tw\u00f3rczo\u015b\u0107. (\u2026) dzie\u0142o nie mieszcz\u0105ce si\u0119 w ramach liturgii, cho\u0107by najbardziej solennej. Sta\u0142o si\u0119 ponad zwyk\u0142\u0105 miar\u0119 osobiste. Osip Mandelsztam znalaz\u0142 w niej esencj\u0119 \u00abkatolickiej rado\u015bci Beethovena\u00bb. Zdaniem Witolda Hulewicza Msza solenna jest \u00abmodlitw\u0105, jakiej nie znano i jak\u0105 przedtem nie modli\u0142 si\u0119 nikt\u00bb\u201d &#8211; podkre\u015bla w katalogu programowym profesor Mieczys\u0142aw Tomaszewski.<br \/>\nProwadzona przez francuskiego dyrygenta J\u00e9r\u00e9mie Rhorera Orkiestra Filharmonii Pozna\u0144skiej od pierwszych chwil da\u0142a do zrozumienia, \u017ce b\u0119dzie to wykonanie monumentalne, przyt\u0142aczaj\u0105ce wr\u0119cz ogromem brzmienia. Zreszt\u0105 pozna\u0144scy muzycy doskonale si\u0119 sprawdzili w tej roli. Emocje wzbudzi\u0142 te\u017c fenomenalny ch\u00f3r z Bratys\u0142awy (wielki bohater tego wieczoru). Znakomicie do tego wykonania Mszy Beethovena dobrano r\u00f3wnie\u017c solist\u00f3w. G\u0142osem perli\u015bcie czystym, o niezwykle dono\u015bnej sile urzeka\u0142a m\u0142oda ukrai\u0144ska sopranistka Olena Tokar, \u015bwietnie wypad\u0142a dysponuj\u0105ca g\u0142osem o znacznie ciemniejszej, cho\u0107 r\u00f3wnie ciekawej barwie Agnieszka Rehlis (mezzosopran), w dramatycznym Agnus Dei kapitalny popis kunsztu wokalnego da\u0142 ponadto bas Johannes Weisser.<br \/>\nW pami\u0119ci z tego wieczoru zapadnie jeszcze jedna, r\u00f3wnie pi\u0119kna chwila &#8211; partia solowa pierwszych skrzypcie w Sanctus, wykonana przez koncertmistrzyni\u0119 pozna\u0144skiej orkiestry, kt\u00f3r\u0105 festiwalowa publiczno\u015b\u0107 nagrodzi\u0142a gor\u0105cymi brawami.<br \/>\nTomasz Handzlik<\/p>","protected":false},"excerpt":{"rendered":"<p>&#8211; \u017badne z nas nie wiedzia\u0142o jak potoczy si\u0119 przysz\u0142o\u015b\u0107 zespo\u0142u. Gn\u0119bi\u0142y nas nie tylko te najbardziej typowe pytania: \u201eczy osi\u0105gniemy sukces?\u201d, \u201eczy uda nam si\u0119 zaistnie\u0107 na hiszpa\u0144skim, europejskim, a mo\u017ce i \u015bwiatowym rynku?\u201d, ale tak\u017ce te najbardziej przyziemne: \u201eczy b\u0119dziemy w stanie op\u0142aci\u0107 rachunki?\u201d, \u201eczy wystarczy pieni\u0119dzy do ko\u0144ca miesi\u0105ca?\u201d. Tak\u0105 szko\u0142\u0119 \u017cycia [&hellip;]<\/p>\n","protected":false},"author":2,"featured_media":0,"parent":0,"menu_order":0,"comment_status":"closed","ping_status":"closed","template":"","meta":{"footnotes":""},"class_list":["post-101","page","type-page","status-publish","hentry"],"_links":{"self":[{"href":"https:\/\/beethoven.org.pl\/recenzje\/wp-json\/wp\/v2\/pages\/101","targetHints":{"allow":["GET"]}}],"collection":[{"href":"https:\/\/beethoven.org.pl\/recenzje\/wp-json\/wp\/v2\/pages"}],"about":[{"href":"https:\/\/beethoven.org.pl\/recenzje\/wp-json\/wp\/v2\/types\/page"}],"author":[{"embeddable":true,"href":"https:\/\/beethoven.org.pl\/recenzje\/wp-json\/wp\/v2\/users\/2"}],"replies":[{"embeddable":true,"href":"https:\/\/beethoven.org.pl\/recenzje\/wp-json\/wp\/v2\/comments?post=101"}],"version-history":[{"count":1,"href":"https:\/\/beethoven.org.pl\/recenzje\/wp-json\/wp\/v2\/pages\/101\/revisions"}],"predecessor-version":[{"id":102,"href":"https:\/\/beethoven.org.pl\/recenzje\/wp-json\/wp\/v2\/pages\/101\/revisions\/102"}],"wp:attachment":[{"href":"https:\/\/beethoven.org.pl\/recenzje\/wp-json\/wp\/v2\/media?parent=101"}],"curies":[{"name":"wp","href":"https:\/\/api.w.org\/{rel}","templated":true}]}}