{"id":300,"date":"2016-09-30T15:27:34","date_gmt":"2016-09-30T13:27:34","guid":{"rendered":"http:\/\/dev.yoho.pl\/beethoven\/artysci\/?page_id=300"},"modified":"2021-08-11T12:26:58","modified_gmt":"2021-08-11T10:26:58","slug":"alexander-humala","status":"publish","type":"page","link":"https:\/\/beethoven.org.pl\/artysci\/alexander-humala\/","title":{"rendered":"Alexander Humala"},"content":{"rendered":"<p><\/p>\n<p style=\"margin-left: -0.75pt;text-align: center\">Muzyk o ogromnej wra\u017cliwo\u015bci, kt\u00f3ry \u0142\u0105czy osadzenie w rosyjskiej tradycji muzycznej ze znajomo\u015bci\u0105 muzyki i kultury europejskiej.<\/p>\n<p><strong><img loading=\"lazy\" decoding=\"async\" class=\"alignnone wp-image-2398 size-full\" src=\"http:\/\/beethoven.org.pl\/artysci\/wp-content\/uploads\/sites\/2\/2021\/08\/ALEXANDER_HUMALA_credit_-bartek-barczyk-1.jpg\" alt=\"\" width=\"4035\" height=\"2690\" srcset=\"https:\/\/beethoven.org.pl\/artysci\/wp-content\/uploads\/sites\/2\/2021\/08\/ALEXANDER_HUMALA_credit_-bartek-barczyk-1.jpg 4035w, https:\/\/beethoven.org.pl\/artysci\/wp-content\/uploads\/sites\/2\/2021\/08\/ALEXANDER_HUMALA_credit_-bartek-barczyk-1-300x200.jpg 300w, https:\/\/beethoven.org.pl\/artysci\/wp-content\/uploads\/sites\/2\/2021\/08\/ALEXANDER_HUMALA_credit_-bartek-barczyk-1-768x512.jpg 768w, https:\/\/beethoven.org.pl\/artysci\/wp-content\/uploads\/sites\/2\/2021\/08\/ALEXANDER_HUMALA_credit_-bartek-barczyk-1-1024x683.jpg 1024w\" sizes=\"auto, (max-width: 4035px) 100vw, 4035px\" \/>Alexander HUMALA\u00a0<\/strong>\u2013 studiowa\u0142 dyrygentur\u0119 ch\u00f3raln\u0105 \u00a0\u00a0\u00a0\u00a0\u00a0\u00a0\u00a0\u00a0\u00a0\u00a0\u00a0\u00a0\u00a0\u00a0w Bia\u0142oruskiej Pa\u0144stwowej Akademii Muzycznej w Mi\u0144sku i dyrygentur\u0119 symfoniczn\u0105 w Konserwatorium \u00a0\u00a0\u00a0\u00a0\u00a0\u00a0\u00a0\u00a0\u00a0\u00a0\u00a0\u00a0\u00a0\u00a0\u00a0\u00a0\u00a0\u00a0\u00a0\u00a0\u00a0\u00a0\u00a0\u00a0\u00a0\u00a0\u00a0\u00a0\u00a0\u00a0w Rotterdamie. Wiedz\u0119 pog\u0142\u0119bia\u0142 na kursach mistrzowskich pod kierunkiem takich nauczycieli, jak Collin Metters, Jurij Simonow, Jorma Panula. W 2010 roku otrzyma\u0142 presti\u017cowe stypendium Huygensa. W ramach programu stypendialnego L. Kirklanda studiowa\u0142 ponadto zarz\u0105dzanie kultur\u0105 na Uniwersytecie Jagiello\u0144skim \u00a0\u00a0\u00a0\u00a0\u00a0\u00a0\u00a0\u00a0\u00a0\u00a0\u00a0\u00a0\u00a0\u00a0\u00a0\u00a0\u00a0\u00a0\u00a0\u00a0\u00a0\u00a0\u00a0\u00a0\u00a0\u00a0\u00a0\u00a0\u00a0\u00a0\u00a0w Krakowie (2019\u20132020).<\/p>\n<p>Zadebiutowa\u0142 w 2003 roku z orkiestr\u0105 kameraln\u0105 Bia\u0142oruskiej Akademii Muzycznej. W tym samym roku wyst\u0105pi\u0142 z Orkiestr\u0105 Symfoniczn\u0105 M\u0142oda Bia\u0142oru\u015b, po czym odnotowa\u0142 debiut mi\u0119dzynarodowy z Litewsk\u0105 Pa\u0144stwow\u0105 Orkiestr\u0105 Symfoniczn\u0105 i zosta\u0142 zaproszony do wyst\u0119p\u00f3w go\u015bcinnych z w\u0142osk\u0105 Orchestra Giovanile della Saccisica.<\/p>\n<p style=\"text-align: left\">W latach 2009 i 2012 w ramach programu stypendialnego \u201eGaude Polonia\u201d odby\u0142 sta\u017ce dyrygenckie w Operze Wroc\u0142awskiej i Filharmonii Narodowej w Warszawie, 2014\u20132016 by\u0142 asystentem dyrygenta w Narodowej Orkiestrze Polskiego Radia w Katowicach, 2013\u20132019 g\u0142\u00f3wnym dyrygentem bia\u0142oruskiego zespo\u0142u Capella Sonorus. Od roku 2017 do 2021 dyrygent Rosyjskiej Narodowej Orkiestry Filharmonicznej.<\/p>\n<p style=\"text-align: left\">Wsp\u00f3\u0142pracowa\u0142 m.in. z Orkiestr\u0105 Filharmonii Narodowej w Warszawie, Filharmonii Ba\u0142tyckiej i \u0141\u00f3dzkiej, Orkiestr\u0105 Symfoniczna z Hajfy, Moskiewsk\u0105 Pa\u0144stwow\u0105 Orkiestr\u0105 Filharmoni\u0105, Bia\u0142orusk\u0105 Narodow\u0105 Orkiestr\u0105 Symfoniczn\u0105, Litewsk\u0105 Narodow\u0105 Filharmoniczn\u0105 oraz orkiestrami z filharmonii w Saratowie i Samarze. W sezonie 2013\/2014 by\u0142 asystentem Martyna Brabbinsa przy wystawieniu opery <em>Dog\u2019s Heart <\/em>Alexandra Raskatova w Operze w Lyonie.<\/p>\n<p style=\"text-align: left\">Wyst\u0119powa\u0142 podczas Festiwalu w Lucernie (2012, z Orkiestr\u0105 Festiwalow\u0105 Akademii w Lucernie pod kierunkiem P\u00e9tera E\u00f6tv\u00f6sa), Letniego Festiwalu w P\u00e4rnu (2011), gdzie by\u0142 uczniem Neeme J\u00e4rviego\u00a0\u00a0\u00a0\u00a0\u00a0\u00a0\u00a0\u00a0\u00a0\u00a0\u00a0\u00a0\u00a0 \u00a0i Paavo J\u00e4rviego, St Magnus International Festival na Orkadach (2011), gdzie pracowa\u0142 z takimi zespo\u0142ami, jak Scottish Chamber Orchestra i London Sinfonietta. W 2014 roku by\u0142 asystentem Lorina Maazela na Castleton Festival. W 2007 roku, jako dyrektor muzyczny Mi\u0144skiej Orkiestry Festiwalowej, sam zorganizowa\u0142 kilka festiwali, m.in. muzyki barokowej, po\u015bwi\u0119cony A. Vivaldiemu, oraz muzyki wsp\u00f3\u0142czesnej, dedykowany m\u0142odym kompozytorom bia\u0142oruskim i europejskim. W 2013 roku by\u0142 g\u0142\u00f3wnym dyrygentem jednego z najbardziej presti\u017cowych festiwali muzycznych Bia\u0142orusi \u2013 Magutny Boza (B\u00f3g Wszechmog\u0105cy) w Mohylewie.<\/p>\n<p style=\"text-align: left\">Wyst\u0119powa\u0142\u00a0 z wieloma wybitnymi solistami, takimi jak Boris Berezowsky, Genevi\u00e8ve Strosser, Marco Blaauw, Szymon Nehring i inni. Dyrygowa\u0142 podczas koncert\u00f3w z udzia\u0142em \u015bwiatowej rangi solist\u00f3w jazzowych, jak m.in. Chick Corea, Brandford Marsalis, Arturo Sandoval czy Jamie Cullum.<\/p>\n<p style=\"text-align: left\">Laureat I nagrody na Mi\u0119dzynarodowym Konkursie Dyrygenckim im. J. Vitola w Rydze w 2009 roku, gdzie wyst\u0105pi\u0142 z \u0141otewsk\u0105 Pa\u0144stwow\u0105 Akademick\u0105 Orkiestr\u0105 Symfoniczn\u0105 oraz \u0141otewskim Ch\u00f3rem Narodowym i Ch\u00f3rem Radiowym. Podczas Mi\u0119dzynarodowego Turnieju Dyrygentury Ch\u00f3ralnej\u00a0\u00a0\u00a0\u00a0\u00a0\u00a0\u00a0\u00a0\u00a0\u00a0\u00a0\u00a0\u00a0\u00a0\u00a0\u00a0\u00a0\u00a0 \u00a0<em>W stron\u0119 polifonii<\/em> w 2011 roku we Wroc\u0142awiu, opr\u00f3cz I nagrody zdoby\u0142 wszystkie nagrody dodatkowe (nagrod\u0119 publiczno\u015bci, nagrody specjalne ambasad w\u0142oskiej i niemieckiej, nagrod\u0119 specjaln\u0105 \u00a0\u00a0\u00a0\u00a0\u00a0\u00a0\u00a0\u00a0\u00a0\u00a0\u00a0\u00a0\u00a0\u00a0\u00a0\u00a0\u00a0\u00a0\u00a0\u00a0\u00a0\u00a0\u00a0\u00a0\u00a0\u00a0\u00a0\u00a0\u00a0\u00a0\u00a0\u00a0\u00a0\u00a0\u00a0\u00a0za najlepsz\u0105 interpretacj\u0119 polskiej muzyki). W 2013 roku zosta\u0142 finalist\u0105 Konkursu dla M\u0142odych Dyrygent\u00f3w w Sankt Petersburgu.\u00a0 Otrzyma\u0142 r\u00f3\u017cne nagrody pa\u0144stwowe Bia\u0142orusi, Polski, Holandii.<\/p>\n<p style=\"text-align: left\">Od sezonu 2021\/2022 pe\u0142ni funkcj\u0119 Dyrektora Artystycznego Filharmonii Krakowskiej im. K. Szymanowskiego.<br \/>\n<em><br \/>\nFot. Bartek Barczyk<\/em><\/p>\n<p><\/p>","protected":false},"excerpt":{"rendered":"<p>Muzyk o ogromnej wra\u017cliwo\u015bci, kt\u00f3ry \u0142\u0105czy osadzenie w rosyjskiej tradycji muzycznej ze znajomo\u015bci\u0105 muzyki i kultury europejskiej. Alexander HUMALA\u00a0\u2013 studiowa\u0142 dyrygentur\u0119 ch\u00f3raln\u0105 \u00a0\u00a0\u00a0\u00a0\u00a0\u00a0\u00a0\u00a0\u00a0\u00a0\u00a0\u00a0\u00a0\u00a0w Bia\u0142oruskiej Pa\u0144stwowej Akademii Muzycznej w Mi\u0144sku i dyrygentur\u0119 symfoniczn\u0105 w Konserwatorium \u00a0\u00a0\u00a0\u00a0\u00a0\u00a0\u00a0\u00a0\u00a0\u00a0\u00a0\u00a0\u00a0\u00a0\u00a0\u00a0\u00a0\u00a0\u00a0\u00a0\u00a0\u00a0\u00a0\u00a0\u00a0\u00a0\u00a0\u00a0\u00a0\u00a0w Rotterdamie. Wiedz\u0119 pog\u0142\u0119bia\u0142 na kursach mistrzowskich pod kierunkiem takich nauczycieli, jak Collin Metters, Jurij Simonow, Jorma Panula. W 2010 roku [&hellip;]<\/p>\n","protected":false},"author":2,"featured_media":0,"parent":0,"menu_order":180,"comment_status":"closed","ping_status":"closed","template":"template-artist.php","meta":{"footnotes":""},"categories":[10],"class_list":["post-300","page","type-page","status-publish","hentry","category-dyrygenci"],"_links":{"self":[{"href":"https:\/\/beethoven.org.pl\/artysci\/wp-json\/wp\/v2\/pages\/300","targetHints":{"allow":["GET"]}}],"collection":[{"href":"https:\/\/beethoven.org.pl\/artysci\/wp-json\/wp\/v2\/pages"}],"about":[{"href":"https:\/\/beethoven.org.pl\/artysci\/wp-json\/wp\/v2\/types\/page"}],"author":[{"embeddable":true,"href":"https:\/\/beethoven.org.pl\/artysci\/wp-json\/wp\/v2\/users\/2"}],"replies":[{"embeddable":true,"href":"https:\/\/beethoven.org.pl\/artysci\/wp-json\/wp\/v2\/comments?post=300"}],"version-history":[{"count":15,"href":"https:\/\/beethoven.org.pl\/artysci\/wp-json\/wp\/v2\/pages\/300\/revisions"}],"predecessor-version":[{"id":2400,"href":"https:\/\/beethoven.org.pl\/artysci\/wp-json\/wp\/v2\/pages\/300\/revisions\/2400"}],"wp:attachment":[{"href":"https:\/\/beethoven.org.pl\/artysci\/wp-json\/wp\/v2\/media?parent=300"}],"wp:term":[{"taxonomy":"category","embeddable":true,"href":"https:\/\/beethoven.org.pl\/artysci\/wp-json\/wp\/v2\/categories?post=300"}],"curies":[{"name":"wp","href":"https:\/\/api.w.org\/{rel}","templated":true}]}}