{"id":2432,"date":"2022-07-19T12:35:33","date_gmt":"2022-07-19T10:35:33","guid":{"rendered":"http:\/\/beethoven.org.pl\/artysci\/?page_id=2432"},"modified":"2023-06-15T10:38:51","modified_gmt":"2023-06-15T08:38:51","slug":"karolina-sikora-mezzosopran","status":"publish","type":"page","link":"https:\/\/beethoven.org.pl\/artysci\/karolina-sikora-mezzosopran\/","title":{"rendered":"Karolina Sikora"},"content":{"rendered":"<p><\/p>\n<h3 style=\"text-align: center\">Artystka wielokrotnie nagradzana, wyst\u0119puj\u0105ca na scenach polskich i zagranicznych. Wybitny mezzosporan<\/h3>\n<p><img loading=\"lazy\" decoding=\"async\" class=\"size-medium wp-image-2433 aligncenter\" src=\"http:\/\/beethoven.org.pl\/artysci\/wp-content\/uploads\/sites\/2\/2022\/07\/Karolina-Sikora-1-224x300.jpg\" alt=\"\" width=\"224\" height=\"300\" srcset=\"https:\/\/beethoven.org.pl\/artysci\/wp-content\/uploads\/sites\/2\/2022\/07\/Karolina-Sikora-1-224x300.jpg 224w, https:\/\/beethoven.org.pl\/artysci\/wp-content\/uploads\/sites\/2\/2022\/07\/Karolina-Sikora-1-768x1031.jpg 768w, https:\/\/beethoven.org.pl\/artysci\/wp-content\/uploads\/sites\/2\/2022\/07\/Karolina-Sikora-1-763x1024.jpg 763w\" sizes=\"auto, (max-width: 224px) 100vw, 224px\" \/><\/p>\n<p>&nbsp;<\/p>\n<p>Absolwentka Akademii Muzycznej im. St. Moniuszki w Gda\u0144sku (klasa prof. Ryszarda Minkiewicza) oraz Hochschule f\u00fcr Musik und Theater w Hamburgu (klasa prof. Renate Behle). Wielokrotna Stypendystka Ministra Kultury i Dziedzictwa Narodowego oraz presti\u017cowego programu stypendialnego DAAD w Niemczech.<\/p>\n<p>&nbsp;<\/p>\n<p>Laureatka <em>IV Konkursu Wokalnego im. Ludomira R\u00f3\u017cyckiego<\/em> w Gliwicach (I Nagroda), <em>VI Konkursu Wokalnego dla M\u0142odych \u015apiewak\u00f3w Operowych im. Rimskiego-Korsakowa<\/em> w St. Petersburgu (III Nagroda), <em>XXIII Konkursu Operetkowego R. Stolza<\/em> w Hamburgu (II Nagroda). W 2006 r. zosta\u0142a przyj\u0119ta do Studia Operowego przy Teatrze Maryjskim<\/p>\n<p>w Sankt Petersburgu.<\/p>\n<p>&nbsp;<\/p>\n<p>Na scenie operowej debiutowa\u0142a w r. 2009 rol\u0105 <em>Jasia <\/em>w \u201e<em>Jasiu i Ma\u0142gosi\u201d <\/em>Humperdincka w Staatstheater L\u00fcneburg. Nast\u0119pnie wyst\u0119powa\u0142a w Theater Forum w Hamburgu \u00a0\u00a0\u00a0\u00a0\u00a0\u00a0\u00a0\u00a0w \u201e<em>Dialogach Karmelitanek\u201d<\/em> Poulenca (<em>M\u00e8re Marie<\/em>) oraz w produkcji scenicznej \u201e<em>Pasji wg \u015bw. Jana\u201d<\/em>\u00a0 J.S. Bacha w re\u017cyserii Roberta Wilsona w Operze w Kiel.<\/p>\n<p>&nbsp;<\/p>\n<p>Od wrze\u015bnia 2009 r. zwi\u0105zana z Oper\u0105 Ba\u0142tyck\u0105 w Gda\u0144sku. Wyst\u0119puje m.in. w spektaklach: \u201e<em>Ariadna na Naxos<\/em>\u201d R. Straussa (<em>Kompozytor<\/em>), \u201e<em>Czarodziejski Flet\u201d<\/em> Mozarta (<em>III Dama<\/em>), \u201e<em>Eugeniusz Oniegin\u201d <\/em>Czajkowskiego (<em>Olga<\/em>),\u00a0 \u201e<em>Carmen\u201d<\/em> Bizeta, \u201e<em>Ubu Rex\u201d<\/em> Pendereckiego (<em>Matka Ubu<\/em>), \u201e<em>Cos\u00ec fan tutte\u201d<\/em> Mozarta (<em>Dorabella<\/em>), \u201e<em>Straszny dw\u00f3r\u201d<\/em> Moniuszki (<em>Jadwiga<\/em>), \u201e<em>Czarna maska\u201d<\/em> Pendereckiego (<em>Rosa Sacchi<\/em>), \u201e<em>Rycersko\u015b\u0107 wie\u015bniacza\u201d<\/em> Mascagniego (<em>Santuzza<\/em>), \u201e<em>Traviata\u201d <\/em>Verdiego (<em>Flora Bervoix), \u201eNabucco\u201d<\/em> Verdiego (<em>Fenena<\/em>), \u201e<em>Madama Butterfly\u201d <\/em>Pucciniego (<em>Suzuki), \u201eAida\u201d <\/em>Verdiego (<em>Amneris<\/em>).<\/p>\n<p>&nbsp;<\/p>\n<p>Od 2014 roku wyst\u0119puje w Teatrze Wielkim \u2013 Operze Narodowej w Warszawie (<em>Olga<\/em> w \u201e<em>Onieginie\u201d <\/em>Czajkowskiego, <em>Maddalena<\/em> w \u201e<em>Rigoletto\u201d<\/em> Verdiego, w \u201e<em>Czarodziejskim flecie\u201d<\/em> Mozarta jako <em>III Dama<\/em>, <em>Genevi\u00e9ve <\/em>w \u201e<em>Peleas i Melizanda<\/em>\u201d Debussy\u2019ego w koprodukcji z francuskim festiwalem w Aix-en-Provence).<\/p>\n<p>&nbsp;<\/p>\n<p>Wsp\u00f3\u0142pracowa\u0142a r\u00f3wnie\u017c z Oper\u0105 na Zamku w Szczecinie (\u201e<em>Dokr\u0119canie \u015bruby\u201d<\/em> Brittena jako <em>Miss Jessel<\/em>) oraz z Oper\u0105 Krakowsk\u0105 w spektaklu \u201e<em>Anna Bolena\u201d<\/em> Donizettiego (jako <em>Jane Seymour<\/em>).<\/p>\n<p>&nbsp;<\/p>\n<p>Od 2017 roku wsp\u00f3\u0142pracuje z Komische Oper Berlin wyst\u0119puj\u0105c w produkcjach operowych Barriego Kosky\u2019ego podczas tourn\u00e9e m.in. w Pary\u017cu (Opera Comique), Moskwie (Teatr Bolszoj \u2013 New Stage), Japonii, Chin, na Tajwanie.<\/p>\n<p>&nbsp;<\/p>\n<p>Wyst\u0119powa\u0142a na wielu festiwalach i \u015bwiatowych scenach koncertowych w szerokim repertuarze oratoryjno-kantatowym oraz kameralnym, wykonuj\u0105c dzie\u0142a baroku po muzyk\u0119 wsp\u00f3\u0142czesn\u0105: m.in. festiwal <em>La Folle Journ\u00e9e au Mozarteum Brasileiro<\/em> (S\u00e3o Paulo,Brazylia), Hagia Ireni Istanbul Festival (Turcja), Granada Festival (Hiszpania), Rheingau Musik Festival),<em>The Henry Crown Hall<\/em> (Izrael), <em>H\u00e4ndel-Festspiele <\/em>(Niemcy)<em>,<\/em> <em>XLVIII Stagione Concertistica<\/em> w Politeama Garibaldi w Palermo (W\u0142ochy), <em>Mikkeli Music Festival <\/em>(Finlandia), <em>Festiwal \u201eEmanacje<\/em>\u201d w Krakowie, <em>Festiwal Muzyki Polskiej<\/em> we Lwowie, <em>Festival Casals<\/em> San Juan (Portoryko), <em>Yuri Bashmet Festival<\/em> w Mi\u0144sku (Bia\u0142oru\u015b), <em>Festiwal Praska Wiosna<\/em> (Czechy).<\/p>\n<p>Regularnie wsp\u00f3\u0142pracuje z polskimi filharmoniami (Filharmonia Narodowa w Warszawie, Filharmonia \u0141\u00f3dzka im. A. Rubinsteina, Filharmonia Krakowska im. \u00a0\u00a0\u00a0\u00a0\u00a0\u00a0\u00a0\u00a0\u00a0\u00a0\u00a0\u00a0\u00a0\u00a0\u00a0\u00a0\u00a0K. Szymanowskiego, Filharmonia Szczeci\u0144ska im. M. Kar\u0142owicza, Filharmonia Pomorska w Bydgoszczy, NOSPR w Katowicach).<\/p>\n<p>&nbsp;<\/p>\n<p>Za wybitne osi\u0105gni\u0119cia artystyczne zdoby\u0142a Nagrod\u0119 Miasta Gda\u0144ska dla M\u0142odych Tw\u00f3rc\u00f3w w Dziedzinie Kultury, Nagrod\u0119 Teatraln\u0105 Miasta Gda\u0144ska oraz Teatraln\u0105 Nagrod\u0119 Muzyczn\u0105 im. Jana Kiepury dla Najlepszej \u015apiewaczki za rol\u0119 <em>Matki Ubu<\/em> w \u201e<em>Ubu Rex<\/em>\u201d K. Pendereckiego w re\u017cyserii J. Wi\u015bniewskiego.<\/p>\n<p>&nbsp;<\/p>\n<p>Wsp\u00f3\u0142pracowa\u0142a z wieloma wybitnymi dyrygentami, takimi jak: Christoph Eschenbach, Jacek Kaspszyk, Jerzy Maksymiuk, Lawrence Foster, Andr\u00e9s Orozco-Estrada, Thomas Hengelbrock, Krzysztof Penderecki, Lothar Koenigs, \u0141ukasz Borowicz, Tadeusz Koz\u0142owski, Andriy Yurkevych, George Tchitchinadze, Pawe\u0142 Przytocki, Wojciech Michniewski, Friedrich Haider, J\u00f6rg-Peter Weigle, Carlo Montanaro, Patrick Fournillier.<\/p>\n<p>Wyst\u0119powa\u0142a w spektaklach wybitnych re\u017cyser\u00f3w, takich jak: Marek Weiss, Janusz Wi\u015bniewski, Mariusz Treli\u0144ski, Barrie Kosky, Magdalena \u0141azarkiewicz, Gilberto Deflo, Katie Mitchell.<\/p>\n<p>&nbsp;<\/p>\n<p>Karolina Sikora nale\u017cy do grona solist\u00f3w, kt\u00f3rzy \u015bci\u015ble wsp\u00f3\u0142pracowali z \u015bp. Profesorem Krzysztofem Pendereckim. Wielokrotnie uczestniczy\u0142a w koncertach prowadzonych przez samego kompozytora w kraju i za granic\u0105, wykonuj\u0105c jego utwory: Credo, Siedem Bram Jerozolimy, Te Deum. Propagowanie dzie\u0142 K. Pendereckiego w Polsce jak i na ca\u0142ym \u015bwiecie pozostanie nadal istotn\u0105 cz\u0119\u015bci\u0105 w przysz\u0142ej dzia\u0142alno\u015bci koncertowej artystki.<\/p>","protected":false},"excerpt":{"rendered":"<p>Artystka wielokrotnie nagradzana, wyst\u0119puj\u0105ca na scenach polskich i zagranicznych. Wybitny mezzosporan &nbsp; Absolwentka Akademii Muzycznej im. St. Moniuszki w Gda\u0144sku (klasa prof. Ryszarda Minkiewicza) oraz Hochschule f\u00fcr Musik und Theater w Hamburgu (klasa prof. Renate Behle). Wielokrotna Stypendystka Ministra Kultury i Dziedzictwa Narodowego oraz presti\u017cowego programu stypendialnego DAAD w Niemczech. &nbsp; Laureatka IV Konkursu Wokalnego [&hellip;]<\/p>\n","protected":false},"author":2,"featured_media":0,"parent":0,"menu_order":277,"comment_status":"closed","ping_status":"closed","template":"template-artist.php","meta":{"footnotes":""},"categories":[16],"class_list":["post-2432","page","type-page","status-publish","hentry","category-artysci-dziela-krzysztofa-pendereckiego"],"_links":{"self":[{"href":"https:\/\/beethoven.org.pl\/artysci\/wp-json\/wp\/v2\/pages\/2432","targetHints":{"allow":["GET"]}}],"collection":[{"href":"https:\/\/beethoven.org.pl\/artysci\/wp-json\/wp\/v2\/pages"}],"about":[{"href":"https:\/\/beethoven.org.pl\/artysci\/wp-json\/wp\/v2\/types\/page"}],"author":[{"embeddable":true,"href":"https:\/\/beethoven.org.pl\/artysci\/wp-json\/wp\/v2\/users\/2"}],"replies":[{"embeddable":true,"href":"https:\/\/beethoven.org.pl\/artysci\/wp-json\/wp\/v2\/comments?post=2432"}],"version-history":[{"count":5,"href":"https:\/\/beethoven.org.pl\/artysci\/wp-json\/wp\/v2\/pages\/2432\/revisions"}],"predecessor-version":[{"id":2496,"href":"https:\/\/beethoven.org.pl\/artysci\/wp-json\/wp\/v2\/pages\/2432\/revisions\/2496"}],"wp:attachment":[{"href":"https:\/\/beethoven.org.pl\/artysci\/wp-json\/wp\/v2\/media?parent=2432"}],"wp:term":[{"taxonomy":"category","embeddable":true,"href":"https:\/\/beethoven.org.pl\/artysci\/wp-json\/wp\/v2\/categories?post=2432"}],"curies":[{"name":"wp","href":"https:\/\/api.w.org\/{rel}","templated":true}]}}