{"id":2360,"date":"2021-04-23T10:30:57","date_gmt":"2021-04-23T08:30:57","guid":{"rendered":"http:\/\/beethoven.org.pl\/artysci\/?page_id=2360"},"modified":"2025-09-29T12:53:48","modified_gmt":"2025-09-29T10:53:48","slug":"tymoteusz-bies","status":"publish","type":"page","link":"https:\/\/beethoven.org.pl\/artysci\/tymoteusz-bies\/","title":{"rendered":"Tymoteusz Bies"},"content":{"rendered":"<p><\/p>\n<h3 style=\"text-align: center\">Wszechstronny, doceniany w Polsce i na \u015bwiecie pianista, kompozytor i producent muzyczny.<\/h3>\n<p><img loading=\"lazy\" decoding=\"async\" class=\"wp-image-2490 size-full\" src=\"http:\/\/beethoven.org.pl\/artysci\/wp-content\/uploads\/sites\/2\/2023\/05\/WOJCIECH-GRZ\u0118DZI\u0143SKI-3.jpg\" alt=\"\" width=\"5584\" height=\"8368\" srcset=\"https:\/\/beethoven.org.pl\/artysci\/wp-content\/uploads\/sites\/2\/2023\/05\/WOJCIECH-GRZ\u0118DZI\u0143SKI-3.jpg 5584w, https:\/\/beethoven.org.pl\/artysci\/wp-content\/uploads\/sites\/2\/2023\/05\/WOJCIECH-GRZ\u0118DZI\u0143SKI-3-200x300.jpg 200w, https:\/\/beethoven.org.pl\/artysci\/wp-content\/uploads\/sites\/2\/2023\/05\/WOJCIECH-GRZ\u0118DZI\u0143SKI-3-768x1151.jpg 768w, https:\/\/beethoven.org.pl\/artysci\/wp-content\/uploads\/sites\/2\/2023\/05\/WOJCIECH-GRZ\u0118DZI\u0143SKI-3-683x1024.jpg 683w\" sizes=\"auto, (max-width: 5584px) 100vw, 5584px\" \/><\/p>\n<p><span style=\"font-weight: 400\">Urodzi\u0142 sie\u0328 i mieszka w Miko\u0142owie.\u00a0<\/span><span style=\"font-weight: 400\">Jest laureatem ponad trzydziestu nagro\u0301d w ogo\u0301lnopolskich i mie\u0328dzynarodowych konkursach i festiwalach muzycznych, mie\u0328dzy innymi w Ogo\u0301lnopolskim Konkursie Pianistycznym im. F. Chopina (2013, 2017), Friuli Venezia Giulia International Piano Competition (I Nagroda oraz szereg nagro\u0301d specjalnych, 2018) oraz Mie\u0328dzynarodowym Konkursie Muzycznym im. K. Szymanowskiego (I Nagroda oraz Nagroda Specjalna, 2018). Jest laureatem programu stypendialnego M\u0142oda Polska, stypendium Krystiana Zimermana, stypendium Fundacji Piotra Klera oraz Stypendium Ministra Kultury i Dziedzictwa Narodowego.\u00a0<\/span><\/p>\n<p><span style=\"font-weight: 400\">Prowadzi aktywna\u0328 dzia\u0142alnos\u0301c\u0301 koncertowa\u0328, wyste\u0328puja\u0328c z recitalami w kraju i za granica\u0328 &#8211; mie\u0328dzy innymi w Austrii, Francji, Kanadzie, Litwie, Niemczech, Rosji, S\u0142owacji, S\u0142owenii, Szwecji, W\u0142oszech i Zjednoczonych Emiratach Arabskich. Gos\u0301ci\u0142 mie\u0328dzy innymi na Festiwalu Chopinowskim w Dusznikach-Zdroju, Festiwalu Chopin i Jego Europa, Festiwalu Pianistyki Polskiej w S\u0142upsku, czy Wielkanocnym Festiwalu Ludwiga van Beethovena. Koncertowa\u0142 u boku wie\u0328kszos\u0301ci polskich zespo\u0142o\u0301w filharmonicznych, a takz\u0307e Polskiej Orkiestry Radiowej, Sinfonii Varsovii, Sinfonii Iuventus im. J. Semkowa oraz Narodowej Orkiestry Symfonicznej Polskiego Radia, wspo\u0301\u0142pracuja\u0328c mie\u0328dzy innymi z\u00a0 Lionelem Bringuierem, Juozasem Domarkasem,\u00a0 Lawrencem Fosterem, czy\u00a0 Domingo Hindoyanem.\u00a0<\/span><\/p>\n<p><span style=\"font-weight: 400\">Dokona\u0142 szeregu nagran\u0301 archiwalnych dla Polskiego Radia, wykonuja\u0328c mie\u0328dzy innymi dzie\u0142a K. Szymanowskiego i W. Lutos\u0142awskiego. Wyda\u0142 trzy albumy studyjne zawieraja\u0328ce dzie\u0142a fortepianowe, kameralne i symfoniczne F. Chopina, W. A. Mozarta, F. Schuberta, K. Szymanowskiego, M. Weinberga, F. Poulenca, C. Debussy\u2019ego i K. Pendereckiego: <\/span><i><span style=\"font-weight: 400\">Mozart, Chopin: Tymoteusz Bies <\/span><\/i><span style=\"font-weight: 400\">(2017, Fundacja Piotra Klera), <\/span><i><span style=\"font-weight: 400\">Backwards: Chopin, Schubert, Szymanowski <\/span><\/i><span style=\"font-weight: 400\">(2020, KNS Classical), <\/span><i><span style=\"font-weight: 400\">Cieplin\u0301ski\/Bies: Irrberge <\/span><\/i><span style=\"font-weight: 400\">(2022, DUX). Obecnie trwaja\u0328 prace nad najnowszym albumem pianisty, kto\u0301ry be\u0328dzie zawiera\u0142 Wariacje Goldbergowskie J. S. Bacha i ukaz\u0307e sie\u0328 w 2023 roku.\u00a0<\/span><\/p>\n<p><span style=\"font-weight: 400\">W sezonie artystycznym 2020\/2021 oraz 2021\/2022 pe\u0142ni\u0142 funkcje\u0328 artysty-rezydenta Narodowej Orkiestry Symfonicznej Polskiego Radia w Katowicach.\u00a0<\/span><\/p>\n<p><span style=\"font-weight: 400\">Tymoteusz Bies aktywnie udziela sie\u0328 na polu produkcji muzycznej oraz kompozycji muzyki filmowej, wspo\u0301\u0142pracuja\u0328c od kilku lat z polskim rez\u0307yserem i operatorem filmowym Adamem Sikora\u0328, mie\u0328dzy innymi przy <\/span><i><span style=\"font-weight: 400\">Powrocie Giganta <\/span><\/i><span style=\"font-weight: 400\">(2016), <\/span><i><span style=\"font-weight: 400\">Autsajderze <\/span><\/i><span style=\"font-weight: 400\">(2018) czy <\/span><i><span style=\"font-weight: 400\">Wolfelsgrund <\/span><\/i><span style=\"font-weight: 400\">(2022). Jako producent muzyczny wspo\u0301\u0142pracuje mie\u0328dzy innymi z Tomaszem Janiszewskim (Magiera\u0328); ostatni efekt koprodukcji muzyko\u0301w otrzyma\u0142 status z\u0142otej p\u0142yty (Magiera &#8211; <\/span><i><span style=\"font-weight: 400\">feat.<\/span><\/i><span style=\"font-weight: 400\">)\u00a0<\/span><\/p>\n<p><span style=\"font-weight: 400\">W 2021 roku wzia\u0328\u0142 udzia\u0142 w produkcji filmu <\/span><i><span style=\"font-weight: 400\">Chleb i so\u0301l <\/span><\/i><span style=\"font-weight: 400\">(rez\u0307. Damian Kocur, Polska, 2022) jako odtwo\u0301rca g\u0142o\u0301wnej roli oraz wykonawca wykorzystanych w filmie utworo\u0301w fortepianowych; film otrzyma\u0142 Nagrode\u0328 Specjalna\u0328 Jury Mie\u0328dzynarodowego Festiwalu Filmowego w Wenecji oraz szereg nagro\u0301d na festiwalach filmowych w Gdyni, Cottbus, Antalyi, Kairze i Gijon.\u00a0<\/span><\/p>\n<p>Tymoteusz Bies jest reprezentowany przez Stowarzyszenie Ludwiga van Beethovena.<\/p>","protected":false},"excerpt":{"rendered":"<p>Wszechstronny, doceniany w Polsce i na \u015bwiecie pianista, kompozytor i producent muzyczny. Urodzi\u0142 sie\u0328 i mieszka w Miko\u0142owie.\u00a0Jest laureatem ponad trzydziestu nagro\u0301d w ogo\u0301lnopolskich i mie\u0328dzynarodowych konkursach i festiwalach muzycznych, mie\u0328dzy innymi w Ogo\u0301lnopolskim Konkursie Pianistycznym im. F. Chopina (2013, 2017), Friuli Venezia Giulia International Piano Competition (I Nagroda oraz szereg nagro\u0301d specjalnych, 2018) oraz [&hellip;]<\/p>\n","protected":false},"author":2,"featured_media":0,"parent":0,"menu_order":10,"comment_status":"closed","ping_status":"closed","template":"template-artist.php","meta":{"footnotes":""},"categories":[5],"class_list":["post-2360","page","type-page","status-publish","hentry","category-pianisci"],"_links":{"self":[{"href":"https:\/\/beethoven.org.pl\/artysci\/wp-json\/wp\/v2\/pages\/2360","targetHints":{"allow":["GET"]}}],"collection":[{"href":"https:\/\/beethoven.org.pl\/artysci\/wp-json\/wp\/v2\/pages"}],"about":[{"href":"https:\/\/beethoven.org.pl\/artysci\/wp-json\/wp\/v2\/types\/page"}],"author":[{"embeddable":true,"href":"https:\/\/beethoven.org.pl\/artysci\/wp-json\/wp\/v2\/users\/2"}],"replies":[{"embeddable":true,"href":"https:\/\/beethoven.org.pl\/artysci\/wp-json\/wp\/v2\/comments?post=2360"}],"version-history":[{"count":5,"href":"https:\/\/beethoven.org.pl\/artysci\/wp-json\/wp\/v2\/pages\/2360\/revisions"}],"predecessor-version":[{"id":2492,"href":"https:\/\/beethoven.org.pl\/artysci\/wp-json\/wp\/v2\/pages\/2360\/revisions\/2492"}],"wp:attachment":[{"href":"https:\/\/beethoven.org.pl\/artysci\/wp-json\/wp\/v2\/media?parent=2360"}],"wp:term":[{"taxonomy":"category","embeddable":true,"href":"https:\/\/beethoven.org.pl\/artysci\/wp-json\/wp\/v2\/categories?post=2360"}],"curies":[{"name":"wp","href":"https:\/\/api.w.org\/{rel}","templated":true}]}}