{"id":1543,"date":"2017-04-11T09:55:55","date_gmt":"2017-04-11T07:55:55","guid":{"rendered":"http:\/\/beethoven.org.pl\/artysci\/?page_id=1543"},"modified":"2017-04-11T10:55:48","modified_gmt":"2017-04-11T08:55:48","slug":"zespol-spiewakow-miasta-katowice-camerata-silesia","status":"publish","type":"page","link":"https:\/\/beethoven.org.pl\/artysci\/zespol-spiewakow-miasta-katowice-camerata-silesia\/","title":{"rendered":"Zesp\u00f3\u0142 \u015apiewak\u00f3w Miasta Katowice \u201eCamerata Silesia\u201d"},"content":{"rendered":"<p>Czo\u0142owa w Polsce kameralna grupa \u015bpiewacza, znana ze znakomitych interpretacji muzyki dawnej i najnowszej, utworzona w roku 1990 przez Ann\u0119 Szostak.<\/p>\n<p>Zesp\u00f3\u0142 oficjalnie reprezentuj\u0105cy miasto Katowice daje corocznie wiele koncert\u00f3w w Polsce i poza granicami kraju, w o\u015brodkach o najwy\u017cszym presti\u017cu artystycznym. Cyklicznie koncertuje w siedzibie NOSPR w Katowicach. Uznanie \u015bwiatowej krytyki muzycznej przynosi zespo\u0142owi tak\u017ce udzia\u0142 w renomowanych festiwalach: Warszawska Jesie\u0144, Wielkanocny Festiwal Ludwiga van Beethovena, Festiwal Prawykona\u0144 \u201ePolska Muzyka Najnowsza\u201d, \u201eChopin i jego Europa\u201d, Wratislavia Cantans, Sommerfestspiele w Bregencji czy ISCM World Music Days.<\/p>\n<p>Festiwalowe prezentacje Cameraty Silesii wzbudzaj\u0105 zainteresowanie wielu wsp\u00f3\u0142czesnych kompozytor\u00f3w, kt\u00f3rzy ch\u0119tnie dedykuj\u0105 swoje kompozycje katowickiemu zespo\u0142owi, powierzaj\u0105c mu ich prawykonania. Poziom pracy zespo\u0142u na niwie mi\u0119dzynarodowej doceni\u0142 Krzysztof Penderecki, pod kt\u00f3rego dyrekcj\u0105 Camerata Silesia wielokrotnie wyst\u0119powa\u0142a w monumentalnych dzie\u0142ach: <em>Pasji \u0141ukaszowej<\/em>, <em>Polskim Requiem <\/em>i <em>Siedmiu Bramach Jerozolimy<\/em>, m.in. w M\u00fcnster, Krakowie i Hamburgu; natomiast podczas \u201eWarszawskiej Jesieni\u201d uczestniczy\u0142a w wysoko ocenionym wykonaniu jego <em>Canticum Canticorum<\/em>.<\/p>\n<p>Camerata Silesia wsp\u00f3\u0142pracowa\u0142a z artystami tego formatu, co Emma Kirkby, Barbara Schlick, <em>Jos\u00e9 Carreras<\/em><em>, <\/em>Leszek Mo\u017cd\u017cer, Tomasz Sta\u0144ko, Paco Pe\u00f1a, czy London Baroque Ensemble.<\/p>\n<p>Na dorobek nagraniowy zespo\u0142u sk\u0142ada si\u0119 poka\u017ana liczba kilkudziesi\u0119ciu p\u0142yt, rejestracje radiowe i\u00a0telewizyjne, a tak\u017ce koncerty transmitowane live dla Europejskiej Unii Nadawc\u00f3w. Na uwag\u0119 zas\u0142uguj\u0105 wydane p\u0142yty: <em>Requiem <\/em>Andrzeja Siewi\u0144skiego, <em>K.\u00a0Baculewski \u2013 Choral Works,<\/em> <em>Camerata Silesia sings Kilar<\/em>, <em>Jasnog\u00f3rska muzyka dawna <\/em>t. 54 \u2013 <em>Ciemne Jutrznie<\/em> oraz <em>Camerata Silesia sings Szyma\u0144ski<\/em>.<\/p>","protected":false},"excerpt":{"rendered":"<p>Czo\u0142owa w Polsce kameralna grupa \u015bpiewacza, znana ze znakomitych interpretacji muzyki dawnej i najnowszej, utworzona w roku 1990 przez Ann\u0119 Szostak. Zesp\u00f3\u0142 oficjalnie reprezentuj\u0105cy miasto Katowice daje corocznie wiele koncert\u00f3w w Polsce i poza granicami kraju, w o\u015brodkach o najwy\u017cszym presti\u017cu artystycznym. Cyklicznie koncertuje w siedzibie NOSPR w Katowicach. Uznanie \u015bwiatowej krytyki muzycznej przynosi zespo\u0142owi [&hellip;]<\/p>\n","protected":false},"author":6,"featured_media":0,"parent":0,"menu_order":95,"comment_status":"closed","ping_status":"closed","template":"template-artist.php","meta":{"footnotes":""},"categories":[],"class_list":["post-1543","page","type-page","status-publish","hentry"],"_links":{"self":[{"href":"https:\/\/beethoven.org.pl\/artysci\/wp-json\/wp\/v2\/pages\/1543","targetHints":{"allow":["GET"]}}],"collection":[{"href":"https:\/\/beethoven.org.pl\/artysci\/wp-json\/wp\/v2\/pages"}],"about":[{"href":"https:\/\/beethoven.org.pl\/artysci\/wp-json\/wp\/v2\/types\/page"}],"author":[{"embeddable":true,"href":"https:\/\/beethoven.org.pl\/artysci\/wp-json\/wp\/v2\/users\/6"}],"replies":[{"embeddable":true,"href":"https:\/\/beethoven.org.pl\/artysci\/wp-json\/wp\/v2\/comments?post=1543"}],"version-history":[{"count":1,"href":"https:\/\/beethoven.org.pl\/artysci\/wp-json\/wp\/v2\/pages\/1543\/revisions"}],"predecessor-version":[{"id":1545,"href":"https:\/\/beethoven.org.pl\/artysci\/wp-json\/wp\/v2\/pages\/1543\/revisions\/1545"}],"wp:attachment":[{"href":"https:\/\/beethoven.org.pl\/artysci\/wp-json\/wp\/v2\/media?parent=1543"}],"wp:term":[{"taxonomy":"category","embeddable":true,"href":"https:\/\/beethoven.org.pl\/artysci\/wp-json\/wp\/v2\/categories?post=1543"}],"curies":[{"name":"wp","href":"https:\/\/api.w.org\/{rel}","templated":true}]}}