{"id":1490,"date":"2017-04-10T15:34:48","date_gmt":"2017-04-10T13:34:48","guid":{"rendered":"http:\/\/beethoven.org.pl\/artysci\/?page_id=1490"},"modified":"2017-04-11T10:53:28","modified_gmt":"2017-04-11T08:53:28","slug":"sinfonietta-cracovia-2","status":"publish","type":"page","link":"https:\/\/beethoven.org.pl\/artysci\/sinfonietta-cracovia-2\/","title":{"rendered":"Sinfonietta Cracovia"},"content":{"rendered":"<p><strong>Sinfonietta Cracovia <\/strong>to zesp\u00f3\u0142 z najwy\u017cszej p\u00f3\u0142ki, charakteryzuj\u0105cy si\u0119 precyzj\u0105 i\u00a0elastyczno\u015bci\u0105 orkiestry kameralnej r\u00f3wnie\u017c w symfonicznym sk\u0142adzie. Pocz\u0105tki dziej\u00f3w Sinfonietty Cracovii wi\u0105\u017c\u0105 si\u0119 \u015bci\u015ble z\u00a0powstaniem zespo\u0142u \u201eM\u0142odzi Kamerali\u015bci Krakowscy\u201d. Wysokie umiej\u0119tno\u015bci, zaanga\u017cowanie muzyk\u00f3w i \u015bwie\u017co\u015b\u0107 interpretacji przy \u017cyczliwym wsparciu Pa\u0144stwa El\u017cbiety i Krzysztofa Pendereckich zaowocowa\u0142y w 1994 roku nadaniem zespo\u0142owi statusu orkiestry miejskiej oraz nowej nazwy \u2013 Orkiestra Sto\u0142ecznego Kr\u00f3lewskiego Miasta Krakowa Sinfonietta Cracovia \u2013 pod kt\u00f3r\u0105 funkcjonuje on do dzisiaj.<\/p>\n<p>Na przestrzeni lat Sinfonietta wsp\u00f3\u0142pracowa\u0142a z plejad\u0105 najwybitniejszych artyst\u00f3w z ca\u0142ego \u015bwiata, w\u015br\u00f3d kt\u00f3rych znale\u017ali si\u0119 Krzysztof Penderecki, Antoni Wit, Jerzy Maksymiuk, Lorin Maazel, Valery Gergiev, Rafael Payare, G\u00e1bor Boldoczki, Rudolf Buchbinder, Ilya Gringolts, Richard Galliano, Mischa Maisky, Xavier de Maistre, Maxim Vengerov, Tabea Zimmermann, Grigorij \u017byslin i inni.<\/p>\n<p>Przez 20 lat oblicze orkiestry kszta\u0142towa\u0142 znakomity skrzypek, altowiolista i pedagog Robert Kabara. Pod jego kierunkiem Sinfonietta Cracovia wypracowa\u0142a sw\u00f3j indywidualny styl, osi\u0105gn\u0119\u0142a szereg sukces\u00f3w oraz dokona\u0142a wielu nagra\u0144. W latach 2001-2009 jej pierwszym dyrygentem go\u015bcinnym by\u0142 John Axelrod. W lipcu 2014 roku kolejny rozdzia\u0142 w historii zespo\u0142u zacz\u0105\u0142 pisa\u0107 ceniony dyrygent, muzyk Filharmonii Wiede\u0144skiej i animator \u017cycia kulturalnego Jurek Dyba\u0142. Dzi\u0119ki staraniom nowego dyrektora orkiestra zaanga\u017cowa\u0142a si\u0119 w\u00a0wiele nowatorskich przedsi\u0119wzi\u0119\u0107, stopniowo wyrastaj\u0105c na jeden z najbardziej dynamicznych europejskich zespo\u0142\u00f3w, szczeg\u00f3lnie ceniony za mistrzowskie wykonania muzyki wsp\u00f3\u0142czesnej.<\/p>\n<p>Jednym z najwa\u017cniejszych osi\u0105gni\u0119\u0107 Sinfonietty Cracovii w ostatnim czasie jest dokonanie polskiej premiery nowego <em>Koncertu na tr\u0105bk\u0119<\/em> Krzysztofa Pendereckiego w serii \u015bwiatowych prawykona\u0144 z udzia\u0142em G\u00e1bora Boldoczkiego oraz nagranie we wsp\u00f3\u0142pracy z w\u0119gierskim tr\u0119baczem p\u0142yty <em>Oriental Trumpet Concertos<\/em> (Sony Classical) pod dyrekcj\u0105 Jurka Dyba\u0142a.<\/p>","protected":false},"excerpt":{"rendered":"<p>Sinfonietta Cracovia to zesp\u00f3\u0142 z najwy\u017cszej p\u00f3\u0142ki, charakteryzuj\u0105cy si\u0119 precyzj\u0105 i\u00a0elastyczno\u015bci\u0105 orkiestry kameralnej r\u00f3wnie\u017c w symfonicznym sk\u0142adzie. Pocz\u0105tki dziej\u00f3w Sinfonietty Cracovii wi\u0105\u017c\u0105 si\u0119 \u015bci\u015ble z\u00a0powstaniem zespo\u0142u \u201eM\u0142odzi Kamerali\u015bci Krakowscy\u201d. Wysokie umiej\u0119tno\u015bci, zaanga\u017cowanie muzyk\u00f3w i \u015bwie\u017co\u015b\u0107 interpretacji przy \u017cyczliwym wsparciu Pa\u0144stwa El\u017cbiety i Krzysztofa Pendereckich zaowocowa\u0142y w 1994 roku nadaniem zespo\u0142owi statusu orkiestry miejskiej oraz nowej [&hellip;]<\/p>\n","protected":false},"author":6,"featured_media":0,"parent":0,"menu_order":110,"comment_status":"closed","ping_status":"closed","template":"template-artist.php","meta":{"footnotes":""},"categories":[],"class_list":["post-1490","page","type-page","status-publish","hentry"],"_links":{"self":[{"href":"https:\/\/beethoven.org.pl\/artysci\/wp-json\/wp\/v2\/pages\/1490","targetHints":{"allow":["GET"]}}],"collection":[{"href":"https:\/\/beethoven.org.pl\/artysci\/wp-json\/wp\/v2\/pages"}],"about":[{"href":"https:\/\/beethoven.org.pl\/artysci\/wp-json\/wp\/v2\/types\/page"}],"author":[{"embeddable":true,"href":"https:\/\/beethoven.org.pl\/artysci\/wp-json\/wp\/v2\/users\/6"}],"replies":[{"embeddable":true,"href":"https:\/\/beethoven.org.pl\/artysci\/wp-json\/wp\/v2\/comments?post=1490"}],"version-history":[{"count":1,"href":"https:\/\/beethoven.org.pl\/artysci\/wp-json\/wp\/v2\/pages\/1490\/revisions"}],"predecessor-version":[{"id":1492,"href":"https:\/\/beethoven.org.pl\/artysci\/wp-json\/wp\/v2\/pages\/1490\/revisions\/1492"}],"wp:attachment":[{"href":"https:\/\/beethoven.org.pl\/artysci\/wp-json\/wp\/v2\/media?parent=1490"}],"wp:term":[{"taxonomy":"category","embeddable":true,"href":"https:\/\/beethoven.org.pl\/artysci\/wp-json\/wp\/v2\/categories?post=1490"}],"curies":[{"name":"wp","href":"https:\/\/api.w.org\/{rel}","templated":true}]}}