{"id":1473,"date":"2017-04-10T14:58:57","date_gmt":"2017-04-10T12:58:57","guid":{"rendered":"http:\/\/beethoven.org.pl\/artysci\/?page_id=1473"},"modified":"2017-04-11T10:37:56","modified_gmt":"2017-04-11T08:37:56","slug":"polska-orkiestra-sinfonia-iuventus-2","status":"publish","type":"page","link":"https:\/\/beethoven.org.pl\/artysci\/polska-orkiestra-sinfonia-iuventus-2\/","title":{"rendered":"Polska Orkiestra Sinfonia Iuventus"},"content":{"rendered":"<p><strong>Polska Orkiestra Sinfonia Iuventus <\/strong>zosta\u0142a utworzona z inicjatywy Maestro Jerzego Semkowa na mocy rozporz\u0105dzenia Ministra Kultury i Dziedzictwa Narodowego z dnia 1 pa\u017adziernika 2007 r. W sk\u0142ad Orkiestry wchodz\u0105 najzdolniejsi absolwenci i studenci wy\u017cszych uczelni muzycznych, kt\u00f3rzy nie uko\u0144czyli 30 roku \u017cycia.<\/p>\n<p>Dzia\u0142alno\u015b\u0107 artystyczn\u0105 Orkiestra rozpocz\u0119\u0142a w czerwcu 2008 r. Od tego czasu wyst\u0119powa\u0142a na wielu festiwalach w Polsce i na \u015bwiecie. Wsp\u00f3\u0142pracowa\u0142a ze znakomitymi dyrygentami, takimi jak: J. Axelrod, K. Bumann, Ch. Dutoit, J. M. Flor\u00eancio, G. Chmura, K. Kord, J. Krenz, G. Nowak, J. Maksymiuk, K. Penderecki, R. Payare, J. Salwarowski, T. Struga\u0142a, G. Tchitchinadze, A. Wit, T. Wojciechowski, M. Vengerov oraz solistami, w\u015br\u00f3d kt\u00f3rych s\u0105 m.in.: Y. Avdeeva, A. Rahman El Bacha, A. Baeva, F. R. Duch\u00e2ble, L. Geniu\u0161as, K. Jab\u0142o\u0144ski, J. Jakowicz, A. Kniazev, A. Korobeinikov, B. Koziak, I. Monighetti, J. Olejniczak, P. Paleczny, J. Rapp\u00e9, J. Stanienda, A. Szymczewska i T. Szebanowa.<\/p>\n<p>Od pocz\u0105tku dzia\u0142alno\u015bci Orkiestra zrealizowa\u0142a szereg nagra\u0144 p\u0142ytowych, radiowych i telewizyjnych dla m.in. dla Universal Music, CD Accord, DUX, Polskiego Radia S. A., Albany Records i TVP Kultura. Szczeg\u00f3lne miejsce w dyskografii zespo\u0142u zajmuj\u0105 dwie p\u0142yty z repertuarem F. Schuberta i P. Czajkowskiego, zarejestrowane pod batut\u0105 Maestro Semkowa. Wsp\u00f3\u0142praca dyrygencka z Krzysztofem Pendereckim zaowocowa\u0142a wydaniem kompletu jego Symfonii (2002). Wydawnictwo zosta\u0142o uhonorowane nagrod\u0105 International Classical Music Award (2014).<\/p>\n<p>Od kwietnia 2009 r. Sinfonia Iuventus jest cz\u0142onkiem Europejskiej Federacji Narodowych Orkiestr M\u0142odzie\u017cowych (EFNYO).<\/p>\n<p>W listopadzie 2013 r. Krzysztof Penderecki obj\u0105\u0142 Orkiestr\u0119 Honorowym Patronatem Artystycznym.<\/p>\n<p>Od wrze\u015bnia 2015 r. dyrektorem Orkiestry jest Anna Ko\u015bcielna.<\/p>","protected":false},"excerpt":{"rendered":"<p>Polska Orkiestra Sinfonia Iuventus zosta\u0142a utworzona z inicjatywy Maestro Jerzego Semkowa na mocy rozporz\u0105dzenia Ministra Kultury i Dziedzictwa Narodowego z dnia 1 pa\u017adziernika 2007 r. W sk\u0142ad Orkiestry wchodz\u0105 najzdolniejsi absolwenci i studenci wy\u017cszych uczelni muzycznych, kt\u00f3rzy nie uko\u0144czyli 30 roku \u017cycia. Dzia\u0142alno\u015b\u0107 artystyczn\u0105 Orkiestra rozpocz\u0119\u0142a w czerwcu 2008 r. Od tego czasu wyst\u0119powa\u0142a na [&hellip;]<\/p>\n","protected":false},"author":6,"featured_media":0,"parent":0,"menu_order":116,"comment_status":"closed","ping_status":"closed","template":"template-artist.php","meta":{"footnotes":""},"categories":[],"class_list":["post-1473","page","type-page","status-publish","hentry"],"_links":{"self":[{"href":"https:\/\/beethoven.org.pl\/artysci\/wp-json\/wp\/v2\/pages\/1473","targetHints":{"allow":["GET"]}}],"collection":[{"href":"https:\/\/beethoven.org.pl\/artysci\/wp-json\/wp\/v2\/pages"}],"about":[{"href":"https:\/\/beethoven.org.pl\/artysci\/wp-json\/wp\/v2\/types\/page"}],"author":[{"embeddable":true,"href":"https:\/\/beethoven.org.pl\/artysci\/wp-json\/wp\/v2\/users\/6"}],"replies":[{"embeddable":true,"href":"https:\/\/beethoven.org.pl\/artysci\/wp-json\/wp\/v2\/comments?post=1473"}],"version-history":[{"count":1,"href":"https:\/\/beethoven.org.pl\/artysci\/wp-json\/wp\/v2\/pages\/1473\/revisions"}],"predecessor-version":[{"id":1475,"href":"https:\/\/beethoven.org.pl\/artysci\/wp-json\/wp\/v2\/pages\/1473\/revisions\/1475"}],"wp:attachment":[{"href":"https:\/\/beethoven.org.pl\/artysci\/wp-json\/wp\/v2\/media?parent=1473"}],"wp:term":[{"taxonomy":"category","embeddable":true,"href":"https:\/\/beethoven.org.pl\/artysci\/wp-json\/wp\/v2\/categories?post=1473"}],"curies":[{"name":"wp","href":"https:\/\/api.w.org\/{rel}","templated":true}]}}