{"id":1454,"date":"2017-04-10T13:30:35","date_gmt":"2017-04-10T11:30:35","guid":{"rendered":"http:\/\/beethoven.org.pl\/artysci\/?page_id=1454"},"modified":"2017-04-11T10:37:06","modified_gmt":"2017-04-11T08:37:06","slug":"tamas-palfalvi","status":"publish","type":"page","link":"https:\/\/beethoven.org.pl\/artysci\/tamas-palfalvi\/","title":{"rendered":"Tam\u00e1s P\u00e1lfalvi"},"content":{"rendered":"<p><strong>Tam\u00e1s P\u00e1lfalvi<\/strong>. \u201eZapieraj\u0105ca dech w piersiach bieg\u0142o\u015b\u0107, chwilami przypominaj\u0105ca wr\u0119cz akrobatyk\u0119, sprawia, \u017ce Tam\u00e1s P\u00e1lfalvi wyznacza nowe standardy gry na tr\u0105bce. Jeszcze bardziej uderzaj\u0105ce s\u0105 jednak prawdziwie prze\u0142omowe programy koncert\u00f3w wirtuoza\u201d \u2013 MDR Figaro, pa\u017adziernik 2015.<\/p>\n<p>Prezentuj\u0105cy wyj\u0105tkowe umiej\u0119tno\u015bci techniczne 25-letni W\u0119gier Tam\u00e1s P\u00e1lfalvi wyr\u00f3\u017cnia si\u0119 w\u015br\u00f3d wsp\u00f3\u0142czesnych tr\u0119baczy tak\u017ce dzi\u0119ki wizjonerskiemu i innowacyjnemu podej\u015bciu do muzyki. Jego ogromna wirtuozeria, niezwyk\u0142a osobowo\u015b\u0107 sceniczna i wyj\u0105tkowe zrozumienie muzyki przynios\u0142y mu I miejsce podczas Fanny Mendelssohn F\u00f6rderpreis \u2013 niemieckiego konkursu, kt\u00f3rego celem jest nie tylko nagradzanie zdolno\u015bci wykonawczych m\u0142odych muzyk\u00f3w, ale tak\u017ce ich umiej\u0119tno\u015bci koncepcyjnych i kreatywno\u015bci. Artysta zdoby\u0142 tak\u017ce WEMAG Soloist Award podczas Festiwalu w Mecklenburg-Vorpommern.<\/p>\n<p>Jako jedna ze \u201ewschodz\u0105cych gwiazd\u201d sezonu 2017\/18 europejskiej organizacji koncertowej ECHO, wyst\u0105pi w najwa\u017cniejszych salach Europy, takich jak Concertgebouw w Amsterdamie, Filharmonia Luksemburska, Elbphilharmonie w Hamburgu, L\u2019Auditori w Barcelonie, Fundacja Calouste Gulbenkian w Lizbonie, Wigmore Hall w Londynie i Konzerthaus w Dortmundzie.<\/p>\n<p>Sezon 2016\/17 to z kolei wyst\u0119py artysty w centrum KKL w Lucernie, podczas Festiwalu Al Bustan w Libanie, Wielkanocnego Festiwalu im. Ludwiga van Beethovena w Warszawie oraz Rheingau Musik Festival, gdzie zagra z Camerat\u0105 Salzburg.<\/p>\n<p>Jego debiutancka p\u0142yta <em>Agitato<\/em>, nagrana wraz z Orkiestr\u0105 Kameraln\u0105 im. Franza Liszta, wydana nak\u0142adem Berlin Classics we wrze\u015bniu 2015 roku, to kolejny dow\u00f3d wszechstronno\u015bci P\u00e1lfalviego. Dzie\u0142a Vivaldiego, Telemanna i H\u00e4ndla \u0142\u0105cz\u0105 si\u0119 bezproblemowo ze wsp\u00f3\u0142czesnymi dzie\u0142ami Ligetiego, Kagela i Dubrovaya. Album zebra\u0142 doskona\u0142e recenzje na ca\u0142ym \u015bwiecie, by\u0142 m.in. p\u0142yt\u0105 miesi\u0105ca radia bawarskiego i p\u0142yt\u0105 tygodnia p\u00f3\u0142nocnoniemieckiego radia NDR.<\/p>","protected":false},"excerpt":{"rendered":"<p>Tam\u00e1s P\u00e1lfalvi. \u201eZapieraj\u0105ca dech w piersiach bieg\u0142o\u015b\u0107, chwilami przypominaj\u0105ca wr\u0119cz akrobatyk\u0119, sprawia, \u017ce Tam\u00e1s P\u00e1lfalvi wyznacza nowe standardy gry na tr\u0105bce. Jeszcze bardziej uderzaj\u0105ce s\u0105 jednak prawdziwie prze\u0142omowe programy koncert\u00f3w wirtuoza\u201d \u2013 MDR Figaro, pa\u017adziernik 2015. Prezentuj\u0105cy wyj\u0105tkowe umiej\u0119tno\u015bci techniczne 25-letni W\u0119gier Tam\u00e1s P\u00e1lfalvi wyr\u00f3\u017cnia si\u0119 w\u015br\u00f3d wsp\u00f3\u0142czesnych tr\u0119baczy tak\u017ce dzi\u0119ki wizjonerskiemu i innowacyjnemu podej\u015bciu [&hellip;]<\/p>\n","protected":false},"author":6,"featured_media":0,"parent":0,"menu_order":122,"comment_status":"closed","ping_status":"closed","template":"template-artist.php","meta":{"footnotes":""},"categories":[],"class_list":["post-1454","page","type-page","status-publish","hentry"],"_links":{"self":[{"href":"https:\/\/beethoven.org.pl\/artysci\/wp-json\/wp\/v2\/pages\/1454","targetHints":{"allow":["GET"]}}],"collection":[{"href":"https:\/\/beethoven.org.pl\/artysci\/wp-json\/wp\/v2\/pages"}],"about":[{"href":"https:\/\/beethoven.org.pl\/artysci\/wp-json\/wp\/v2\/types\/page"}],"author":[{"embeddable":true,"href":"https:\/\/beethoven.org.pl\/artysci\/wp-json\/wp\/v2\/users\/6"}],"replies":[{"embeddable":true,"href":"https:\/\/beethoven.org.pl\/artysci\/wp-json\/wp\/v2\/comments?post=1454"}],"version-history":[{"count":1,"href":"https:\/\/beethoven.org.pl\/artysci\/wp-json\/wp\/v2\/pages\/1454\/revisions"}],"predecessor-version":[{"id":1456,"href":"https:\/\/beethoven.org.pl\/artysci\/wp-json\/wp\/v2\/pages\/1454\/revisions\/1456"}],"wp:attachment":[{"href":"https:\/\/beethoven.org.pl\/artysci\/wp-json\/wp\/v2\/media?parent=1454"}],"wp:term":[{"taxonomy":"category","embeddable":true,"href":"https:\/\/beethoven.org.pl\/artysci\/wp-json\/wp\/v2\/categories?post=1454"}],"curies":[{"name":"wp","href":"https:\/\/api.w.org\/{rel}","templated":true}]}}