{"id":1436,"date":"2017-04-10T12:59:53","date_gmt":"2017-04-10T10:59:53","guid":{"rendered":"http:\/\/beethoven.org.pl\/artysci\/?page_id=1436"},"modified":"2017-04-11T10:35:17","modified_gmt":"2017-04-11T08:35:17","slug":"narodowa-orkiestra-symfoniczna-polskiego-radia-w-katowicach","status":"publish","type":"page","link":"https:\/\/beethoven.org.pl\/artysci\/narodowa-orkiestra-symfoniczna-polskiego-radia-w-katowicach\/","title":{"rendered":"Narodowa Orkiestra Symfoniczna Polskiego Radia w Katowicach"},"content":{"rendered":"<p>NOSPR pe\u0142ni rol\u0119 ambasadora kulturalnego reprezentuj\u0105cego kraj na mi\u0119dzynarodowej scenie artystycznej. Zesp\u00f3\u0142 wsp\u00f3\u0142pracowa\u0142 z gronem najwi\u0119kszych kompozytor\u00f3w drugiej po\u0142owy XX wieku \u2013 Witoldem Lutos\u0142awskim, Henrykiem Miko\u0142ajem G\u00f3reckim i Krzysztofem Pendereckim \u2013 prezentuj\u0105c pierwsze wykonania ich dzie\u0142.<\/p>\n<p>NOSPR utworzy\u0142 w 1935 roku w Warszawie i prowadzi\u0142 do wybuchu II wojny \u015bwiatowej Grzegorz Fitelberg. W\u00a0roku 1945 orkiestr\u0119 reaktywowa\u0142 w Katowicach Witold Rowicki. W 1947 roku dyrekcj\u0119 artystyczn\u0105 obj\u0105\u0142 ponownie Fitelberg. Po jego \u015bmierci (1953) zespo\u0142em kierowali\u00a0kolejno Jan Krenz, Bohdan Wodiczko, Kazimierz Kord, Tadeusz Struga\u0142a, Jerzy Maksymiuk, Stanis\u0142aw Wis\u0142ocki, Jacek Kaspszyk, Antoni Wit, Gabriel Chmura i ponownie Jacek Kaspszyk. We wrze\u015bniu 2000 roku dyrektorem naczelnym i programowym orkiestry zosta\u0142a Joanna Wnuk-Nazarowa. Pierwszym dyrygentem go\u015bcinnym by\u0142 Stanis\u0142aw Skrowaczewski (1923-2017), dyrygentem honorowym jest Jan Krenz. W sierpniu 2012 roku funkcj\u0119 dyrektora artystycznego i pierwszego dyrygenta obj\u0105\u0142 Alexander Liebreich.<\/p>\n<p>Pr\u00f3cz nagra\u0144 archiwalnych dla Polskiego Radia orkiestra zrealizowa\u0142a ponad 200 p\u0142yt CD dla wielu renomowanych wytw\u00f3rni (m.in. Decca, EMI, Philips, Chandos, Naxos). Za dokonania fonograficzne zesp\u00f3\u0142 wyr\u00f3\u017cniony zosta\u0142 licznymi nagrodami, m.in. Diapason d\u2019Or i Grand Prix du Disque de la Nouvelle Acad\u00e9mie du Disque, Cannes Classical Award, MIDEM Classical Award.<\/p>\n<p>Orkiestra wyst\u0119powa\u0142a niemal we wszystkich krajach Europy, w obu Amerykach, a tak\u017ce w Japonii, Hongkongu, Chinach, Australii, Nowej Zelandii, Korei, na Tajwanie i w krajach Zatoki Perskiej.<\/p>\n<p>W ostatnich latach NOSPR zrealizowa\u0142a spektakularne projekty: <em>Maraton tw\u00f3rczo\u015bci G\u00f3reckiego<\/em>, <em>Poci\u0105g do muzyki Kilara<\/em>, <em>Muzyczna podr\u00f3\u017c morska<\/em>, Festiwal G\u00d3RECKI*PENDERECKI \u2013 w 75. rocznic\u0119 urodzin. Od 2005 roku NOSPR jest organizatorem biennale \u2013 <strong>Festiwalu Prawykona\u0144 \u2013 <em>Polska Muzyka Najnowsza.<\/em> <\/strong><\/p>\n<p><strong>1 pa\u017adziernika 2014 roku NOSPR zainaugurowa\u0142a sezon w nowej siedzibie. Autorem projektu budynku jest Konior Studio z Katowic, a koncepcj\u0119 akustyczn\u0105 sali opracowa\u0142a firma Nagata Acoustics. W sezonie 2015\/16 orkiestra obchodzi\u0142a jubileusz 80-lecia swojego istnienia.<\/strong><\/p>","protected":false},"excerpt":{"rendered":"<p>NOSPR pe\u0142ni rol\u0119 ambasadora kulturalnego reprezentuj\u0105cego kraj na mi\u0119dzynarodowej scenie artystycznej. Zesp\u00f3\u0142 wsp\u00f3\u0142pracowa\u0142 z gronem najwi\u0119kszych kompozytor\u00f3w drugiej po\u0142owy XX wieku \u2013 Witoldem Lutos\u0142awskim, Henrykiem Miko\u0142ajem G\u00f3reckim i Krzysztofem Pendereckim \u2013 prezentuj\u0105c pierwsze wykonania ich dzie\u0142. NOSPR utworzy\u0142 w 1935 roku w Warszawie i prowadzi\u0142 do wybuchu II wojny \u015bwiatowej Grzegorz Fitelberg. W\u00a0roku 1945 orkiestr\u0119 [&hellip;]<\/p>\n","protected":false},"author":6,"featured_media":0,"parent":0,"menu_order":128,"comment_status":"closed","ping_status":"closed","template":"template-artist.php","meta":{"footnotes":""},"categories":[],"class_list":["post-1436","page","type-page","status-publish","hentry"],"_links":{"self":[{"href":"https:\/\/beethoven.org.pl\/artysci\/wp-json\/wp\/v2\/pages\/1436","targetHints":{"allow":["GET"]}}],"collection":[{"href":"https:\/\/beethoven.org.pl\/artysci\/wp-json\/wp\/v2\/pages"}],"about":[{"href":"https:\/\/beethoven.org.pl\/artysci\/wp-json\/wp\/v2\/types\/page"}],"author":[{"embeddable":true,"href":"https:\/\/beethoven.org.pl\/artysci\/wp-json\/wp\/v2\/users\/6"}],"replies":[{"embeddable":true,"href":"https:\/\/beethoven.org.pl\/artysci\/wp-json\/wp\/v2\/comments?post=1436"}],"version-history":[{"count":1,"href":"https:\/\/beethoven.org.pl\/artysci\/wp-json\/wp\/v2\/pages\/1436\/revisions"}],"predecessor-version":[{"id":1438,"href":"https:\/\/beethoven.org.pl\/artysci\/wp-json\/wp\/v2\/pages\/1436\/revisions\/1438"}],"wp:attachment":[{"href":"https:\/\/beethoven.org.pl\/artysci\/wp-json\/wp\/v2\/media?parent=1436"}],"wp:term":[{"taxonomy":"category","embeddable":true,"href":"https:\/\/beethoven.org.pl\/artysci\/wp-json\/wp\/v2\/categories?post=1436"}],"curies":[{"name":"wp","href":"https:\/\/api.w.org\/{rel}","templated":true}]}}