{"id":1376,"date":"2017-04-10T11:35:49","date_gmt":"2017-04-10T09:35:49","guid":{"rendered":"http:\/\/beethoven.org.pl\/artysci\/?page_id=1376"},"modified":"2017-04-11T10:24:47","modified_gmt":"2017-04-11T08:24:47","slug":"eric-downs","status":"publish","type":"page","link":"https:\/\/beethoven.org.pl\/artysci\/eric-downs\/","title":{"rendered":"Eric Downs."},"content":{"rendered":"<p><strong>Eric Downs<\/strong>. S\u0142awiony przez \u201eBoston Globe\u201d za \u201caksamitny, elegancki g\u0142os o ciemnej barwie\u201d, bas-baryton Eric Downs zbiera wyrazy uznania zar\u00f3wno na scenie operowej, jak i koncertowej. Ostatni sezon rozpocz\u0105\u0142 od wykonania partii Leporella, w entuzjastycznie przyj\u0119tym przez krytyk\u00f3w <em>Don Giovannim<\/em>, produkcji nowojorskiej Venture Opera. Z zespo\u0142em tym pojawi\u0142 si\u0119 ponownie, tym razem jako Zuniga w <em>Carmen<\/em>. W\u00a0sezonie 2014\/2015 zadebiutowa\u0142 w repertuarze koncertowym z Greensboro Symphony, podczas transmitowanego wykonania <em>Stworzenia<\/em> <em>\u015bwiata<\/em> Haydna. Powr\u00f3ci\u0142 tak\u017ce do Townsend Opera, gdzie wykona\u0142 parti\u0119 Angelottiego\/<em>Tosca<\/em>, a nast\u0119pnie do Opera on the Avalon, jako Jigger Craigin\/<em>Karuzela<\/em>. W tym sezonie, w\u00a0ramach ponownej wsp\u00f3\u0142pracy z Townsend Opera, wciela si\u0119 w rol\u0119 Doca Gibbsa w <em>Our Town <\/em>Neda Rorema.<\/p>\n<p>Do innych wa\u017cnych wydarze\u0144 ostatniego sezonu nale\u017c\u0105: partia Kru\u0161iny\/<em>Sprzedana narzeczona<\/em> z Boston Midsummer Opera, Spodka\/<em>Sen nocy letniej <\/em>z Opera on the Avalon, go\u015bcinny wyst\u0119p jako Javert\/<em>N\u0119dznicy <\/em>z\u00a0Pepperdine University, gdzie Downs by\u0142 artyst\u0105-rezydentem, a tak\u017ce rola Basilia\/<em>Cyrulik sewilski <\/em>i Mustafy\/<em>W\u0142oszka w Algierze <\/em>w Boston Midsummer Opera.<\/p>\n<p>Aktywny tak\u017ce za granic\u0105, Downs wyst\u0105pi\u0142 podczas Wielkanocnego Festiwalu im. Ludwiga van Beethovena w <em>Marii Padilli <\/em>Donizettiego oraz z Orkiestr\u0105 Symfoniczn\u0105 Mediolanu (laVerdi), gdzie wcieli\u0142 si\u0119 w role charakterystyczne w takich spektaklach, jak m.in. <em>Gianni Schicchi, Kiss Me Kate, Trouble in Tahiti<\/em> i <em>Sen Nocy Letniej<\/em>.<\/p>\n<p>Prowadzi tak\u017ce aktywn\u0105 dzia\u0142alno\u015b\u0107 jako solista: niedawno mo\u017cna go by\u0142o us\u0142ysze\u0107 w <em>Paukenmesse<\/em> Haydna w\u00a0Carnegie Hall, <em>Mesjaszu<\/em> H\u00e4ndla w Katedrze Narodowej w Waszyngtonie oraz podczas gali Victora Herberta z Little Orchestra Society of New York w Centrum Lincolna.<\/p>\n<p>Obecnie mieszka w Nowym Jorku. Tytu\u0142 magistra i dyplom artysty otrzyma\u0142 w Yale School of Music.<\/p>","protected":false},"excerpt":{"rendered":"<p>Eric Downs. S\u0142awiony przez \u201eBoston Globe\u201d za \u201caksamitny, elegancki g\u0142os o ciemnej barwie\u201d, bas-baryton Eric Downs zbiera wyrazy uznania zar\u00f3wno na scenie operowej, jak i koncertowej. Ostatni sezon rozpocz\u0105\u0142 od wykonania partii Leporella, w entuzjastycznie przyj\u0119tym przez krytyk\u00f3w Don Giovannim, produkcji nowojorskiej Venture Opera. Z zespo\u0142em tym pojawi\u0142 si\u0119 ponownie, tym razem jako Zuniga w [&hellip;]<\/p>\n","protected":false},"author":6,"featured_media":0,"parent":0,"menu_order":147,"comment_status":"closed","ping_status":"closed","template":"template-artist.php","meta":{"footnotes":""},"categories":[],"class_list":["post-1376","page","type-page","status-publish","hentry"],"_links":{"self":[{"href":"https:\/\/beethoven.org.pl\/artysci\/wp-json\/wp\/v2\/pages\/1376","targetHints":{"allow":["GET"]}}],"collection":[{"href":"https:\/\/beethoven.org.pl\/artysci\/wp-json\/wp\/v2\/pages"}],"about":[{"href":"https:\/\/beethoven.org.pl\/artysci\/wp-json\/wp\/v2\/types\/page"}],"author":[{"embeddable":true,"href":"https:\/\/beethoven.org.pl\/artysci\/wp-json\/wp\/v2\/users\/6"}],"replies":[{"embeddable":true,"href":"https:\/\/beethoven.org.pl\/artysci\/wp-json\/wp\/v2\/comments?post=1376"}],"version-history":[{"count":2,"href":"https:\/\/beethoven.org.pl\/artysci\/wp-json\/wp\/v2\/pages\/1376\/revisions"}],"predecessor-version":[{"id":1379,"href":"https:\/\/beethoven.org.pl\/artysci\/wp-json\/wp\/v2\/pages\/1376\/revisions\/1379"}],"wp:attachment":[{"href":"https:\/\/beethoven.org.pl\/artysci\/wp-json\/wp\/v2\/media?parent=1376"}],"wp:term":[{"taxonomy":"category","embeddable":true,"href":"https:\/\/beethoven.org.pl\/artysci\/wp-json\/wp\/v2\/categories?post=1376"}],"curies":[{"name":"wp","href":"https:\/\/api.w.org\/{rel}","templated":true}]}}